{"id":29061,"date":"2026-03-06T11:07:53","date_gmt":"2026-03-06T10:07:53","guid":{"rendered":"https:\/\/medicusgaia.com\/?page_id=29061"},"modified":"2026-07-30T11:09:04","modified_gmt":"2026-07-30T09:09:04","slug":"malalties-autoimmunes","status":"publish","type":"page","link":"https:\/\/medicusgaia.com\/ca\/malalties-autoimmunes\/","title":{"rendered":"Malalties autoimmunes"},"content":{"rendered":"<p>[et_pb_section fb_built=\u00bb1&#8243; disabled_on=\u00bboff|off|off\u00bb admin_label=\u00bbHeader\u00bb _builder_version=\u00bb4.27.4&#8243; background_image=\u00bbhttps:\/\/medicusgaia.com\/wp-content\/uploads\/2026\/02\/autoninmunes.png\u00bb max_width_last_edited=\u00bboff|desktop\u00bb module_alignment=\u00bbcenter\u00bb custom_padding=\u00bb6vw||0||false|false\u00bb locked=\u00bboff\u00bb global_colors_info=\u00bb{}\u00bb][et_pb_row _builder_version=\u00bb4.16&#8243; global_colors_info=\u00bb{}\u00bb][et_pb_column type=\u00bb4_4&#8243; _builder_version=\u00bb4.16&#8243; custom_padding=\u00bb|||\u00bb global_colors_info=\u00bb{}\u00bb custom_padding__hover=\u00bb|||\u00bb][dsm_typing_effect typing_effect=\u00bbMalalties autoimmunes\u00bb typing_loop=\u00bboff\u00bb typing_speed=\u00bb30ms\u00bb typing_cursor_color=\u00bb#CFD510&#8243; _builder_version=\u00bb4.27.4&#8243; _module_preset=\u00bbdefault\u00bb header_font=\u00bb|600|||||||\u00bb header_text_color=\u00bb#FFFFFF\u00bb header_font_size=\u00bb48px\u00bb header_font_size_tablet=\u00bb72px\u00bb header_font_size_phone=\u00bb45px\u00bb header_font_size_last_edited=\u00bbon|phone\u00bb global_colors_info=\u00bb{}\u00bb][\/dsm_typing_effect][\/et_pb_column][\/et_pb_row][\/et_pb_section][et_pb_section fb_built=\u00bb1&#8243; custom_padding_last_edited=\u00bbon|phone\u00bb _builder_version=\u00bb4.19.5&#8243; _module_preset=\u00bbdefault\u00bb background_color=\u00bb#f7faf9&#8243; min_height=\u00bb1565.2px\u00bb custom_margin=\u00bb||||false|false\u00bb custom_margin_tablet=\u00bb||||false|false\u00bb custom_margin_phone=\u00bb0px|0px|0px|0px|false|false\u00bb custom_margin_last_edited=\u00bbon|phone\u00bb custom_padding=\u00bb10px|0px|1px|0px|false|false\u00bb custom_padding_tablet=\u00bb10px|0px|50px|0px|false|false\u00bb custom_padding_phone=\u00bb||50px||false|false\u00bb global_colors_info=\u00bb{}\u00bb][et_pb_row custom_padding_last_edited=\u00bbon|phone\u00bb disabled_on=\u00bbon|on|off\u00bb _builder_version=\u00bb4.19.5&#8243; _module_preset=\u00bbdefault\u00bb background_color=\u00bb#f7faf9&#8243; custom_margin=\u00bb0px||||false|false\u00bb custom_padding=\u00bb50px|50px|50px|50px|false|false\u00bb custom_padding_tablet=\u00bb50px|50px|50px|50px|false|false\u00bb custom_padding_phone=\u00bb10px|10px|10px|10px|false|false\u00bb global_colors_info=\u00bb{}\u00bb][et_pb_column type=\u00bb4_4&#8243; _builder_version=\u00bb4.19.5&#8243; _module_preset=\u00bbdefault\u00bb global_colors_info=\u00bb{}\u00bb][et_pb_text _builder_version=\u00bb4.27.4&#8243; _module_preset=\u00bbdefault\u00bb hover_enabled=\u00bb0&#8243; global_colors_info=\u00bb{}\u00bb sticky_enabled=\u00bb0&#8243;]<\/p>\n<h5><b>Tens una malaltia autoimmune i et sents perdut o incompr\u00e8s?<\/b><\/h5>\n<p><span style=\"font-weight: 400;\">Potser has passat per diferents metges, an\u00e0lisis i diagn\u00f2stics. I encara que t&#8217;han posat nom al que tens, sents que ning\u00fa no ha ent\u00e8s realment com et trobes o com afecta la malaltia a la teva vida di\u00e0ria. <\/span><\/p>\n<p><span style=\"font-weight: 400;\">En el Institut de Salut i Medicina Integrativa Medicus Gaia trabajamos con un enfoque cl\u00ednico integrador y riguroso, orientado a comprender los distintos factores que pueden influir en la evoluci\u00f3n de cada paciente. Nuestro objetivo es acompa\u00f1arte de forma personalizada y complementaria al seguimiento m\u00e9dico habitual. <\/span><\/p>\n<p>[\/et_pb_text][\/et_pb_column][\/et_pb_row][et_pb_row column_structure=\u00bb3_5,2_5&#8243; _builder_version=\u00bb4.27.4&#8243; _module_preset=\u00bbdefault\u00bb custom_margin=\u00bb|auto|-1px|auto||\u00bb custom_padding=\u00bb||2px|||\u00bb global_colors_info=\u00bb{}\u00bb][et_pb_column type=\u00bb3_5&#8243; _builder_version=\u00bb4.19.5&#8243; _module_preset=\u00bbdefault\u00bb global_colors_info=\u00bb{}\u00bb][et_pb_text disabled_on=\u00bbon|on|off\u00bb _builder_version=\u00bb4.27.4&#8243; _module_preset=\u00bbdefault\u00bb header_4_line_height=\u00bb1.6em\u00bb hover_enabled=\u00bb0&#8243; global_colors_info=\u00bb{}\u00bb sticky_enabled=\u00bb0&#8243;]<\/p>\n<h5><b>Qu\u00e8 s\u00f3n les malalties autoimmunes i com les tractem a la nostra cl\u00ednica?<\/b><\/h5>\n<p><span style=\"font-weight: 400;\">Les malalties autoimmunes s\u00f3n processos complexos en qu\u00e8 el sistema immunitari participa en processos de desregulaci\u00f3 en determinats teixits o \u00f2rgans del cos.<\/span><\/p>\n<p><span style=\"font-weight: 400;\">Actualment se sap que hi intervenen m\u00faltiples factors, com ara predisposici\u00f3 gen\u00e8tica, factors ambientals, infeccions, estr\u00e8s fisiol\u00f2gic i alteracions de l&#8217;entorn intestinal o metab\u00f2lic.<\/span><\/p>\n<p><span style=\"font-weight: 400;\">Quan aquest proc\u00e9s es mant\u00e9 en el temps, poden apar\u00e8ixer s\u00edmptomes diversos segons la zona afectada: inflamaci\u00f3 persistent, fatiga, dolor, alteracions digestives, problemes articulars o altres manifestacions.<\/span><\/p>\n<h5><b>Un enfocament integratiu i personalitzat<\/b><\/h5>\n<p><span style=\"font-weight: 400;\">Les malalties autoimmunes requereixen un abordatge individualitzat i coordinat amb el seguiment m\u00e8dic especialitzat.<\/span><\/p>\n<p><span style=\"font-weight: 400;\">Des d&#8217;una perspectiva integrativa, estudiem diferents factors relacionats amb l&#8217;estil de vida, l&#8217;estat nutricional, l&#8217;estr\u00e8s fisiol\u00f2gic, el descans, el sistema digestiu i altres elements que poden influir en el benestar general i la qualitat de vida del pacient.<\/span><\/p>\n<p><span style=\"font-weight: 400;\">El nostre objectiu \u00e9s afavorir l&#8217;equilibri general de l&#8217;organisme i millorar l&#8217;adaptaci\u00f3 global de la persona.<\/span><\/p>\n<p>[\/et_pb_text][\/et_pb_column][et_pb_column type=\u00bb2_5&#8243; _builder_version=\u00bb4.19.5&#8243; _module_preset=\u00bbdefault\u00bb global_colors_info=\u00bb{}\u00bb][et_pb_image src=\u00bbhttps:\/\/medicusgaia.com\/wp-content\/uploads\/2026\/04\/Recepcion-Jes-1.png\u00bb title_text=\u00bbRecepcio\u0301 \u00bb _builder_version=\u00bb4.27.4&#8243; _module_preset=\u00bbdefault\u00bb global_colors_info=\u00bb{}\u00bb][\/et_pb_image][\/et_pb_column][\/et_pb_row][et_pb_row _builder_version=\u00bb4.27.4&#8243; _module_preset=\u00bbdefault\u00bb custom_padding=\u00bb0px||25px|||\u00bb global_colors_info=\u00bb{}\u00bb][et_pb_column type=\u00bb4_4&#8243; _builder_version=\u00bb4.27.4&#8243; _module_preset=\u00bbdefault\u00bb global_colors_info=\u00bb{}\u00bb][et_pb_text _builder_version=\u00bb4.27.4&#8243; _module_preset=\u00bbdefault\u00bb hover_enabled=\u00bb0&#8243; global_colors_info=\u00bb{}\u00bb sticky_enabled=\u00bb0&#8243;]<\/p>\n<h5><\/h5>\n<h5><b>Entendre per poder ajudar<\/b><\/h5>\n<p><span style=\"font-weight: 400;\">Cada pacient t\u00e9 una hist\u00f2ria cl\u00ednica, un context i una evoluci\u00f3 diferent.<\/span><\/p>\n<p><span style=\"font-weight: 400;\">Per aix\u00f2, la nostra feina consisteix a comprendre els diferents factors que poden estar influint en cada cas i dissenyar una estrat\u00e8gia terap\u00e8utica personalitzada, coordinada i adaptada a les necessitats reals de la persona.<\/span><\/p>\n<p>[\/et_pb_text][\/et_pb_column][\/et_pb_row][et_pb_row _builder_version=\u00bb4.27.4&#8243; _module_preset=\u00bbdefault\u00bb custom_padding=\u00bb7px||0px|||\u00bb global_colors_info=\u00bb{}\u00bb][et_pb_column type=\u00bb4_4&#8243; _builder_version=\u00bb4.27.4&#8243; _module_preset=\u00bbdefault\u00bb global_colors_info=\u00bb{}\u00bb][et_pb_text _builder_version=\u00bb4.27.4&#8243; _module_preset=\u00bbdefault\u00bb custom_margin=\u00bb||-1px|||\u00bb hover_enabled=\u00bb0&#8243; global_colors_info=\u00bb{}\u00bb sticky_enabled=\u00bb0&#8243;]<\/p>\n<h5><b>Quines malalties tractem?<\/b><\/h5>\n<p><span style=\"font-weight: 400;\">El nostre abordatge \u00e9s transversal: no tenim nom\u00e9s en compte l&#8217;etiqueta diagn\u00f2stica, sin\u00f3 el proc\u00e9s global de cada persona.<\/span><\/p>\n<p><span style=\"font-weight: 400;\">Com en qualsevol intervenci\u00f3 sanit\u00e0ria, cal una valoraci\u00f3 individualitzada per professionals de la salut per determinar la indicaci\u00f3 i definir el pla m\u00e9s adequat.<\/span><\/p>\n<p>[\/et_pb_text][\/et_pb_column][\/et_pb_row][et_pb_row column_structure=\u00bb1_2,1_2&#8243; make_equal=\u00bbon\u00bb _builder_version=\u00bb4.27.0&#8243; _module_preset=\u00bbdefault\u00bb locked=\u00bboff\u00bb global_colors_info=\u00bb{}\u00bb][et_pb_column type=\u00bb1_2&#8243; _builder_version=\u00bb4.27.0&#8243; _module_preset=\u00bbdefault\u00bb custom_css_main_element=\u00bb display: flex;|| flex-direction: column;|| justify-content: center;\u00bb global_colors_info=\u00bb{}\u00bb][et_pb_blurb use_icon=\u00bbon\u00bb font_icon=\u00bb&#x35;||divi||400&#8243; icon_color=\u00bb#CFD510&#8243; icon_placement=\u00bbleft\u00bb image_icon_width=\u00bb24px\u00bb _builder_version=\u00bb4.27.4&#8243; header_font=\u00bb|700||on|||||\u00bb header_font_size=\u00bb12px\u00bb header_letter_spacing=\u00bb2px\u00bb header_line_height=\u00bb1.8em\u00bb body_font=\u00bb||||||||\u00bb body_line_height=\u00bb1.8em\u00bb custom_margin=\u00bb||7px|||\u00bb animation_style=\u00bbslide\u00bb animation_direction=\u00bbleft\u00bb animation_intensity_slide=\u00bb3%\u00bb global_colors_info=\u00bb{}\u00bb body_text_color__hover_enabled=\u00bbon|hover\u00bb body_text_color__hover=\u00bb#00756A\u00bb]<\/p>\n<p>Malaltia de Crohn<\/p>\n<p>[\/et_pb_blurb][et_pb_blurb use_icon=\u00bbon\u00bb font_icon=\u00bb&#x35;||divi||400&#8243; icon_color=\u00bb#CFD510&#8243; icon_placement=\u00bbleft\u00bb image_icon_width=\u00bb24px\u00bb _builder_version=\u00bb4.27.4&#8243; header_font=\u00bb|700||on|||||\u00bb header_font_size=\u00bb12px\u00bb header_letter_spacing=\u00bb2px\u00bb header_line_height=\u00bb1.8em\u00bb body_font=\u00bb||||||||\u00bb body_line_height=\u00bb1.8em\u00bb custom_margin=\u00bb||7px|||\u00bb animation_style=\u00bbslide\u00bb animation_direction=\u00bbleft\u00bb animation_intensity_slide=\u00bb3%\u00bb global_colors_info=\u00bb{}\u00bb body_text_color__hover_enabled=\u00bbon|hover\u00bb body_text_color__hover=\u00bb#00756A\u00bb]<\/p>\n<p>Colitis ulcerosa<\/p>\n<p>[\/et_pb_blurb][et_pb_blurb use_icon=\u00bbon\u00bb font_icon=\u00bb&#x35;||divi||400&#8243; icon_color=\u00bb#CFD510&#8243; icon_placement=\u00bbleft\u00bb image_icon_width=\u00bb24px\u00bb _builder_version=\u00bb4.27.4&#8243; header_font=\u00bb|700||on|||||\u00bb header_font_size=\u00bb12px\u00bb header_letter_spacing=\u00bb2px\u00bb header_line_height=\u00bb1.8em\u00bb body_font=\u00bb||||||||\u00bb body_line_height=\u00bb1.8em\u00bb custom_margin=\u00bb||7px|||\u00bb animation_style=\u00bbslide\u00bb animation_direction=\u00bbleft\u00bb animation_intensity_slide=\u00bb3%\u00bb global_colors_info=\u00bb{}\u00bb body_text_color__hover_enabled=\u00bbon|hover\u00bb body_text_color__hover=\u00bb#00756A\u00bb]<\/p>\n<p>S\u00edndrome de l&#8217;intest\u00ed irritable<\/p>\n<p>[\/et_pb_blurb][et_pb_blurb use_icon=\u00bbon\u00bb font_icon=\u00bb&#x35;||divi||400&#8243; icon_color=\u00bb#CFD510&#8243; icon_placement=\u00bbleft\u00bb image_icon_width=\u00bb24px\u00bb _builder_version=\u00bb4.27.4&#8243; header_font=\u00bb|700||on|||||\u00bb header_font_size=\u00bb12px\u00bb header_letter_spacing=\u00bb2px\u00bb header_line_height=\u00bb1.8em\u00bb body_font=\u00bb||||||||\u00bb body_line_height=\u00bb1.8em\u00bb custom_margin=\u00bb||7px|||\u00bb animation_style=\u00bbslide\u00bb animation_direction=\u00bbleft\u00bb animation_intensity_slide=\u00bb3%\u00bb global_colors_info=\u00bb{}\u00bb body_text_color__hover_enabled=\u00bbon|hover\u00bb body_text_color__hover=\u00bb#00756A\u00bb]<\/p>\n<p>Celiaquia<\/p>\n<p>[\/et_pb_blurb][et_pb_blurb use_icon=\u00bbon\u00bb font_icon=\u00bb&#x35;||divi||400&#8243; icon_color=\u00bb#CFD510&#8243; icon_placement=\u00bbleft\u00bb image_icon_width=\u00bb24px\u00bb _builder_version=\u00bb4.27.4&#8243; header_font=\u00bb|700||on|||||\u00bb header_font_size=\u00bb12px\u00bb header_letter_spacing=\u00bb2px\u00bb header_line_height=\u00bb1.8em\u00bb body_font=\u00bb||||||||\u00bb body_line_height=\u00bb1.8em\u00bb custom_margin=\u00bb||7px|||\u00bb animation_style=\u00bbslide\u00bb animation_direction=\u00bbleft\u00bb animation_intensity_slide=\u00bb3%\u00bb global_colors_info=\u00bb{}\u00bb body_text_color__hover_enabled=\u00bbon|hover\u00bb body_text_color__hover=\u00bb#00756A\u00bb]<\/p>\n<p>Tiro\u00efditis de Hashimoto<\/p>\n<p>[\/et_pb_blurb][et_pb_blurb use_icon=\u00bbon\u00bb font_icon=\u00bb&#x35;||divi||400&#8243; icon_color=\u00bb#CFD510&#8243; icon_placement=\u00bbleft\u00bb image_icon_width=\u00bb24px\u00bb _builder_version=\u00bb4.27.4&#8243; header_font=\u00bb|700||on|||||\u00bb header_font_size=\u00bb12px\u00bb header_letter_spacing=\u00bb2px\u00bb header_line_height=\u00bb1.8em\u00bb body_font=\u00bb||||||||\u00bb body_line_height=\u00bb1.8em\u00bb custom_margin=\u00bb||7px|||\u00bb animation_style=\u00bbslide\u00bb animation_direction=\u00bbleft\u00bb animation_intensity_slide=\u00bb3%\u00bb global_colors_info=\u00bb{}\u00bb body_text_color__hover_enabled=\u00bbon|hover\u00bb body_text_color__hover=\u00bb#00756A\u00bb]<\/p>\n<p>Hipertiro\u00efdisme autoimmune<\/p>\n<p>[\/et_pb_blurb][et_pb_blurb use_icon=\u00bbon\u00bb font_icon=\u00bb&#x35;||divi||400&#8243; icon_color=\u00bb#CFD510&#8243; icon_placement=\u00bbleft\u00bb image_icon_width=\u00bb24px\u00bb _builder_version=\u00bb4.27.4&#8243; header_font=\u00bb|700||on|||||\u00bb header_font_size=\u00bb12px\u00bb header_letter_spacing=\u00bb2px\u00bb header_line_height=\u00bb1.8em\u00bb body_font=\u00bb||||||||\u00bb body_line_height=\u00bb1.8em\u00bb custom_margin=\u00bb||7px|||\u00bb animation_style=\u00bbslide\u00bb animation_direction=\u00bbleft\u00bb animation_intensity_slide=\u00bb3%\u00bb global_colors_info=\u00bb{}\u00bb body_text_color__hover_enabled=\u00bbon|hover\u00bb body_text_color__hover=\u00bb#00756A\u00bb]<\/p>\n<p>Esclerosi m\u00faltiple<\/p>\n<p>[\/et_pb_blurb][et_pb_blurb use_icon=\u00bbon\u00bb font_icon=\u00bb&#x35;||divi||400&#8243; icon_color=\u00bb#CFD510&#8243; icon_placement=\u00bbleft\u00bb image_icon_width=\u00bb24px\u00bb _builder_version=\u00bb4.27.4&#8243; header_font=\u00bb|700||on|||||\u00bb header_font_size=\u00bb12px\u00bb header_letter_spacing=\u00bb2px\u00bb header_line_height=\u00bb1.8em\u00bb body_font=\u00bb||||||||\u00bb body_line_height=\u00bb1.8em\u00bb custom_margin=\u00bb||7px|||\u00bb animation_style=\u00bbslide\u00bb animation_direction=\u00bbleft\u00bb animation_intensity_slide=\u00bb3%\u00bb global_colors_info=\u00bb{}\u00bb body_text_color__hover_enabled=\u00bbon|hover\u00bb body_text_color__hover=\u00bb#00756A\u00bb]<\/p>\n<p>Lupus eritemat\u00f3s sist\u00e8mic<\/p>\n<p>[\/et_pb_blurb][\/et_pb_column][et_pb_column type=\u00bb1_2&#8243; _builder_version=\u00bb4.18.0&#8243; _module_preset=\u00bbdefault\u00bb custom_css_main_element=\u00bb display: flex;|| flex-direction: column;|| justify-content: center;\u00bb global_colors_info=\u00bb{}\u00bb][et_pb_blurb use_icon=\u00bbon\u00bb font_icon=\u00bb&#x35;||divi||400&#8243; icon_color=\u00bb#CFD510&#8243; icon_placement=\u00bbleft\u00bb image_icon_width=\u00bb24px\u00bb _builder_version=\u00bb4.27.4&#8243; header_font=\u00bb|700||on|||||\u00bb header_font_size=\u00bb12px\u00bb header_letter_spacing=\u00bb2px\u00bb header_line_height=\u00bb1.8em\u00bb body_font=\u00bb||||||||\u00bb body_line_height=\u00bb1.8em\u00bb custom_margin=\u00bb||7px|||\u00bb animation_style=\u00bbslide\u00bb animation_direction=\u00bbleft\u00bb animation_intensity_slide=\u00bb3%\u00bb global_colors_info=\u00bb{}\u00bb body_text_color__hover_enabled=\u00bbon|hover\u00bb body_text_color__hover=\u00bb#00756A\u00bb]<\/p>\n<p>Artritis reumatoide<\/p>\n<p>[\/et_pb_blurb][et_pb_blurb use_icon=\u00bbon\u00bb font_icon=\u00bb&#x35;||divi||400&#8243; icon_color=\u00bb#CFD510&#8243; icon_placement=\u00bbleft\u00bb image_icon_width=\u00bb24px\u00bb _builder_version=\u00bb4.27.4&#8243; header_font=\u00bb|700||on|||||\u00bb header_font_size=\u00bb12px\u00bb header_letter_spacing=\u00bb2px\u00bb header_line_height=\u00bb1.8em\u00bb body_font=\u00bb||||||||\u00bb body_line_height=\u00bb1.8em\u00bb custom_margin=\u00bb||7px|||\u00bb animation_style=\u00bbslide\u00bb animation_direction=\u00bbleft\u00bb animation_intensity_slide=\u00bb3%\u00bb global_colors_info=\u00bb{}\u00bb body_text_color__hover_enabled=\u00bbon|hover\u00bb body_text_color__hover=\u00bb#00756A\u00bb]<\/p>\n<p>Psoriasi<\/p>\n<p>[\/et_pb_blurb][et_pb_blurb use_icon=\u00bbon\u00bb font_icon=\u00bb&#x35;||divi||400&#8243; icon_color=\u00bb#CFD510&#8243; icon_placement=\u00bbleft\u00bb image_icon_width=\u00bb24px\u00bb _builder_version=\u00bb4.27.4&#8243; header_font=\u00bb|700||on|||||\u00bb header_font_size=\u00bb12px\u00bb header_letter_spacing=\u00bb2px\u00bb header_line_height=\u00bb1.8em\u00bb body_font=\u00bb||||||||\u00bb body_line_height=\u00bb1.8em\u00bb custom_margin=\u00bb||7px|||\u00bb animation_style=\u00bbslide\u00bb animation_direction=\u00bbleft\u00bb animation_intensity_slide=\u00bb3%\u00bb global_colors_info=\u00bb{}\u00bb body_text_color__hover_enabled=\u00bbon|hover\u00bb body_text_color__hover=\u00bb#00756A\u00bb]<\/p>\n<p>Vit\u00edlic<\/p>\n<p>[\/et_pb_blurb][et_pb_blurb use_icon=\u00bbon\u00bb font_icon=\u00bb&#x35;||divi||400&#8243; icon_color=\u00bb#CFD510&#8243; icon_placement=\u00bbleft\u00bb image_icon_width=\u00bb24px\u00bb _builder_version=\u00bb4.27.4&#8243; header_font=\u00bb|700||on|||||\u00bb header_font_size=\u00bb12px\u00bb header_letter_spacing=\u00bb2px\u00bb header_line_height=\u00bb1.8em\u00bb body_font=\u00bb||||||||\u00bb body_line_height=\u00bb1.8em\u00bb custom_margin=\u00bb||7px|||\u00bb animation_style=\u00bbslide\u00bb animation_direction=\u00bbleft\u00bb animation_intensity_slide=\u00bb3%\u00bb global_colors_info=\u00bb{}\u00bb body_text_color__hover_enabled=\u00bbon|hover\u00bb body_text_color__hover=\u00bb#00756A\u00bb]<\/p>\n<p>S\u00edndrome antifosfol\u00edpid<\/p>\n<p>[\/et_pb_blurb][et_pb_blurb use_icon=\u00bbon\u00bb font_icon=\u00bb&#x35;||divi||400&#8243; icon_color=\u00bb#CFD510&#8243; icon_placement=\u00bbleft\u00bb image_icon_width=\u00bb24px\u00bb _builder_version=\u00bb4.27.4&#8243; header_font=\u00bb|700||on|||||\u00bb header_font_size=\u00bb12px\u00bb header_letter_spacing=\u00bb2px\u00bb header_line_height=\u00bb1.8em\u00bb body_font=\u00bb||||||||\u00bb body_line_height=\u00bb1.8em\u00bb custom_margin=\u00bb||7px|||\u00bb animation_style=\u00bbslide\u00bb animation_direction=\u00bbleft\u00bb animation_intensity_slide=\u00bb3%\u00bb global_colors_info=\u00bb{}\u00bb body_text_color__hover_enabled=\u00bbon|hover\u00bb body_text_color__hover=\u00bb#00756A\u00bb]<\/p>\n<p>Malalties autoimmunes hep\u00e0tiques (hepatitis autoimmune, cirrosi biliar prim\u00e0ria)<\/p>\n<p>[\/et_pb_blurb][et_pb_blurb use_icon=\u00bbon\u00bb font_icon=\u00bb&#x35;||divi||400&#8243; icon_color=\u00bb#CFD510&#8243; icon_placement=\u00bbleft\u00bb image_icon_width=\u00bb24px\u00bb _builder_version=\u00bb4.27.4&#8243; header_font=\u00bb|700||on|||||\u00bb header_font_size=\u00bb12px\u00bb header_letter_spacing=\u00bb2px\u00bb header_line_height=\u00bb1.8em\u00bb body_font=\u00bb||||||||\u00bb body_line_height=\u00bb1.8em\u00bb custom_margin=\u00bb||7px|||\u00bb animation_style=\u00bbslide\u00bb animation_direction=\u00bbleft\u00bb animation_intensity_slide=\u00bb3%\u00bb hover_enabled=\u00bb0&#8243; global_colors_info=\u00bb{}\u00bb body_text_color__hover_enabled=\u00bbon|hover\u00bb body_text_color__hover=\u00bb#00756A\u00bb sticky_enabled=\u00bb0&#8243;]<\/p>\n<p>Processos autoimmunes poc definits o sense diagn\u00f2stic clar<\/p>\n<p>[\/et_pb_blurb][\/et_pb_column][\/et_pb_row][et_pb_row _builder_version=\u00bb4.27.4&#8243; _module_preset=\u00bbdefault\u00bb custom_padding=\u00bb0px|||||\u00bb global_colors_info=\u00bb{}\u00bb][et_pb_column type=\u00bb4_4&#8243; _builder_version=\u00bb4.27.4&#8243; _module_preset=\u00bbdefault\u00bb global_colors_info=\u00bb{}\u00bb][et_pb_text _builder_version=\u00bb4.27.4&#8243; _module_preset=\u00bbdefault\u00bb hover_enabled=\u00bb0&#8243; global_colors_info=\u00bb{}\u00bb sticky_enabled=\u00bb0&#8243;]<\/p>\n<p><span style=\"font-weight: 400;\">Tamb\u00e9 atenem casos d&#8217;inflamaci\u00f3 cr\u00f2nica, fatiga persistent, ansietat o dolor persistent que requereixen una valoraci\u00f3 m\u00e8dica integrativa.<\/span><\/p>\n<p><span style=\"font-weight: 400;\">Si no us identifiqueu amb res de l&#8217;anterior, contacteu-nos igualment per valorar el vostre cas de manera individualitzada.<\/span><\/p>\n<p><span style=\"font-weight: 400;\"><\/span><\/p>\n<p><span style=\"font-weight: 400;\"><\/span><\/p>\n<p>[\/et_pb_text][\/et_pb_column][\/et_pb_row][et_pb_row column_structure=\u00bb1_3,2_3&#8243; _builder_version=\u00bb4.27.4&#8243; _module_preset=\u00bbdefault\u00bb min_height=\u00bb545.2px\u00bb custom_margin=\u00bb-35px|auto||auto||\u00bb custom_padding=\u00bb0px||0px|||\u00bb global_colors_info=\u00bb{}\u00bb][et_pb_column type=\u00bb1_3&#8243; _builder_version=\u00bb4.27.4&#8243; _module_preset=\u00bbdefault\u00bb global_colors_info=\u00bb{}\u00bb][et_pb_image src=\u00bbhttps:\/\/medicusgaia.com\/wp-content\/uploads\/2026\/02\/2autoinmunes.png\u00bb title_text=\u00bbMalalties autoimmunes\u00bb _builder_version=\u00bb4.27.4&#8243; _module_preset=\u00bbdefault\u00bb global_colors_info=\u00bb{}\u00bb][\/et_pb_image][et_pb_button button_url=\u00bbhttps:\/\/medicusgaia.com\/ca\/contacte\/\u00bb button_text=\u00bbSol\u00b7licitar m\u00e9s informaci\u00f3\u00bb button_alignment=\u00bbleft\u00bb disabled_on=\u00bboff|off|off\u00bb _builder_version=\u00bb4.27.4&#8243; _module_preset=\u00bbdefault\u00bb custom_button=\u00bbon\u00bb button_text_color=\u00bb#FFFFFF\u00bb button_bg_color=\u00bb#2f8e85&#8243; button_border_width=\u00bb0px\u00bb button_use_icon=\u00bboff\u00bb background_layout=\u00bbdark\u00bb custom_margin=\u00bb21px||21px|||\u00bb global_colors_info=\u00bb{}\u00bb][\/et_pb_button][dsm_icon_list _builder_version=\u00bb4.27.4&#8243; _module_preset=\u00bbdefault\u00bb global_colors_info=\u00bb{}\u00bb][\/dsm_icon_list][\/et_pb_column][et_pb_column type=\u00bb2_3&#8243; _builder_version=\u00bb4.27.4&#8243; _module_preset=\u00bbdefault\u00bb global_colors_info=\u00bb{}\u00bb][et_pb_text _builder_version=\u00bb4.27.4&#8243; _module_preset=\u00bbdefault\u00bb custom_margin=\u00bb||-1px|||\u00bb hover_enabled=\u00bb0&#8243; global_colors_info=\u00bb{}\u00bb sticky_enabled=\u00bb0&#8243;]<\/p>\n<h5>Com et podem ajudar?<br \/>Els nostres tractaments i serveis<\/h5>\n<p><span style=\"font-weight: 400;\">El nostre abordatge integratiu combina diferents eines m\u00e8diques i ter\u00e0pies complement\u00e0ries utilitzades dins un abordatge integratiu i adaptades a cada cas.<\/span><\/p>\n<p><span style=\"font-weight: 400;\">Aquests s\u00f3n alguns dels tractaments que utilitzem en casos de malalties autoimmunes:<\/span><\/p>\n<p><b>PNI CL\u00cdNICA (PSICONEUROIMMUNOLOGIA)<\/b><\/p>\n<p><span style=\"font-weight: 400;\">\u00c9s el marc cl\u00ednic que guia el nostre abordatge. Ens permet estudiar la interacci\u00f3 entre cos, sistema nervi\u00f3s, sistema immunitari, h\u00e0bits i entorn per dissenyar plans personalitzats orientats al benestar i la qualitat de vida. <\/span><\/p>\n<p><b>OZONOTER\u00c0PIA M\u00c8DICA<\/b><\/p>\n<p><span style=\"font-weight: 400;\">L&#8217;ozonoter\u00e0pia m\u00e8dica s&#8217;utilitza en alguns casos com a ter\u00e0pia complement\u00e0ria dins un abordatge integratiu. S&#8217;utilitza dins d&#8217;alguns abordatges integratius orientats al suport de processos inflamatoris i oxidatius  <\/span><\/p>\n<p><b>NEUROMODULACI\u00d3 NO INVASIVA NESA\u00ae<\/b><\/p>\n<p><span style=\"font-weight: 400;\">Apliquem aquesta tecnologia amb l&#8217;objectiu de donar suport a l&#8217;equilibri del sistema nervi\u00f3s aut\u00f2nom.<\/span><\/p>\n<p><span style=\"font-weight: 400;\">Es pot utilitzar com a suport complementari en persones amb fatiga, alteracions del son, ansietat, dolor persistent o altres s\u00edmptomes relacionats amb malalties cr\u00f2niques.<\/span><\/p>\n<p><span style=\"font-weight: 400;\"><\/span><\/p>\n<p><span style=\"font-weight: 400;\"><\/span><\/p>\n<p>[\/et_pb_text][\/et_pb_column][\/et_pb_row][et_pb_row column_structure=\u00bb1_2,1_2&#8243; _builder_version=\u00bb4.27.4&#8243; _module_preset=\u00bbdefault\u00bb custom_margin=\u00bb9px|auto||auto||\u00bb custom_padding=\u00bb0px|||||\u00bb global_colors_info=\u00bb{}\u00bb][et_pb_column type=\u00bb1_2&#8243; _builder_version=\u00bb4.27.4&#8243; _module_preset=\u00bbdefault\u00bb global_colors_info=\u00bb{}\u00bb][et_pb_text _builder_version=\u00bb4.27.4&#8243; _module_preset=\u00bbdefault\u00bb hover_enabled=\u00bb0&#8243; global_colors_info=\u00bb{}\u00bb sticky_enabled=\u00bb0&#8243;]<\/p>\n<p><b>TRACTAMENT D&#8217;HIPOXIA-HIPEROXIA INTERMITENT<\/b><\/p>\n<p><span style=\"font-weight: 400;\">Aquest tractament est\u00e0 orientat a donar suport a mecanismes d&#8217;adaptaci\u00f3 cel\u00b7lular i funci\u00f3 metab\u00f2lica mitjan\u00e7ant l&#8217;alternan\u00e7a controlada d&#8217;oxigen.<\/span><\/p>\n<p><span style=\"font-weight: 400;\">Podeu formar part de programes dirigits a persones amb fatiga f\u00edsica o mental, baixa toler\u00e0ncia a l&#8217;esfor\u00e7 o processos cr\u00f2nics, sempre sota supervisi\u00f3 professional.<\/span><\/p>\n<p><b>MEDICINA D&#8217;ESTIL DE VIDA PERSONALITZADA<\/b><\/p>\n<p><span style=\"font-weight: 400;\">L&#8217;estil de vida influeix directament sobre m\u00faltiples sistemes de l&#8217;organisme.<\/span><\/p>\n<p><span style=\"font-weight: 400;\">Treballem h\u00e0bits relacionats amb alimentaci\u00f3, descans, exercici f\u00edsic, regulaci\u00f3 de l&#8217;estr\u00e8s i salut emocional amb l&#8217;objectiu d&#8217;afavorir m\u00e9s estabilitat i benestar general.<\/span><\/p>\n<p><b>MEDICINA ORTOMOLECULAR<\/b><\/p>\n<p><span style=\"font-weight: 400;\">Valorem possibles d\u00e8ficits nutricionals i fem servir suplementaci\u00f3 personalitzada quan est\u00e0 indicada.<\/span><\/p>\n<p><span style=\"font-weight: 400;\">Els tractaments s&#8217;ajusten sempre prioritzant la seguretat, la supervisi\u00f3 m\u00e8dica i la valoraci\u00f3 individualitzada.<\/span><\/p>\n<p>[\/et_pb_text][\/et_pb_column][et_pb_column type=\u00bb1_2&#8243; _builder_version=\u00bb4.27.4&#8243; _module_preset=\u00bbdefault\u00bb global_colors_info=\u00bb{}\u00bb][et_pb_text _builder_version=\u00bb4.27.4&#8243; _module_preset=\u00bbdefault\u00bb hover_enabled=\u00bb0&#8243; global_colors_info=\u00bb{}\u00bb sticky_enabled=\u00bb0&#8243;]<\/p>\n<p><b>TER\u00c0PIA EMOCIONAL I TREBALL AMB TRAUMA<\/b><\/p>\n<p><span style=\"font-weight: 400;\">L&#8217;impacte emocional i l&#8217;estr\u00e8s sostingut poden influir en la qualitat de vida i l&#8217;adaptaci\u00f3 a malalties cr\u00f2niques.<\/span><\/p>\n<p><span style=\"font-weight: 400;\">Per aix\u00f2 podem integrar eines d&#8217;acompanyament emocional i ter\u00e0pies psicol\u00f2giques complement\u00e0ries dins del pla individualitzat.<\/span><\/p>\n<p><b>FITOTER\u00c0PIA, COMPLEMENTS ALIMENTOSOS I TER\u00c0PIES COMPLEMENT\u00c0RIES<\/b><\/p>\n<p><span style=\"font-weight: 400;\">Utilitzem plantes medicinals, complements alimentaris i altres ter\u00e0pies complement\u00e0ries com a suport dins un enfocament integratiu, sempre valorant l&#8217;evid\u00e8ncia disponible, la seguretat i la compatibilitat amb altres tractaments m\u00e8dics.<\/span><\/p>\n<p>&nbsp;<\/p>\n<p><span style=\"font-weight: 400;\">Cada persona \u00e9s \u00fanica i, per aix\u00f2, els tractaments tamb\u00e9 ho s\u00f3n. T&#8217;acompanyem des de l&#8217;escolta, el coneixement cl\u00ednic i una estrat\u00e8gia terap\u00e8utica adaptada a la teva hist\u00f2ria i necessitats reals. <\/span><\/p>\n<p>[\/et_pb_text][\/et_pb_column][\/et_pb_row][et_pb_row _builder_version=\u00bb4.27.4&#8243; _module_preset=\u00bbdefault\u00bb global_colors_info=\u00bb{}\u00bb][et_pb_column type=\u00bb4_4&#8243; _builder_version=\u00bb4.27.4&#8243; _module_preset=\u00bbdefault\u00bb global_colors_info=\u00bb{}\u00bb][et_pb_text _builder_version=\u00bb4.27.4&#8243; _module_preset=\u00bbdefault\u00bb custom_margin=\u00bb||0px|||\u00bb global_colors_info=\u00bb{}\u00bb]<\/p>\n<h5>Preguntes freq\u00fcents<\/h5>\n<p>[\/et_pb_text][et_pb_accordion _builder_version=\u00bb4.27.4&#8243; _module_preset=\u00bbdefault\u00bb hover_enabled=\u00bb0&#8243; global_colors_info=\u00bb{}\u00bb sticky_enabled=\u00bb0&#8243;][et_pb_accordion_item title=\u00bb1. He anat a molts metges i em diuen coses diferents. Estic molt perduda. Amb vosaltres ser\u00e0 diferent?  \u00bb open=\u00bbon\u00bb _builder_version=\u00bb4.27.4&#8243; _module_preset=\u00bbdefault\u00bb hover_enabled=\u00bb0&#8243; global_colors_info=\u00bb{}\u00bb toggle_level=\u00bbh6&#8243; closed_toggle_font_size=\u00bb16px\u00bb sticky_enabled=\u00bb0&#8243;]<\/p>\n<p><span style=\"font-weight: 400;\">Sabem que conviure amb una malaltia autoimmune pot generar incertesa i sensaci\u00f3 d&#8217;incomprensi\u00f3. A la nostra cl\u00ednica realitzem una valoraci\u00f3 detallada i individualitzada de cada cas, tenint en compte la hist\u00f2ria cl\u00ednica, els s\u00edmptomes, els h\u00e0bits de vida i altres factors que poden influir en el benestar general de la persona. <\/span><\/p>\n<p><span style=\"font-weight: 400;\">El nostre enfocament integratiu cerca comprendre el context complet del pacient i treballar de forma complement\u00e0ria al seguiment m\u00e8dic habitual.<\/span><\/p>\n<p>[\/et_pb_accordion_item][et_pb_accordion_item title=\u00bb2. M&apos;han dit que la meva autoimmune \u00e9s de per vida i que no hi ha res a fer. Podeu ajudar-me igualment? \u00bb _builder_version=\u00bb4.27.4&#8243; _module_preset=\u00bbdefault\u00bb hover_enabled=\u00bb0&#8243; global_colors_info=\u00bb{}\u00bb toggle_level=\u00bbh6&#8243; closed_toggle_font_size=\u00bb16px\u00bb open=\u00bboff\u00bb sticky_enabled=\u00bb0&#8243;]<\/p>\n<p><span style=\"font-weight: 400;\">Cada malaltia autoimmune i cada pacient evolucionen de manera diferent. Tot i que moltes d&#8217;aquestes patologies s\u00f3n cr\u00f2niques, hi ha estrat\u00e8gies m\u00e8diques i d&#8217;estil de vida que poden ajudar a millorar la qualitat de vida, el control de s\u00edmptomes i el benestar general. <\/span><\/p>\n<p><span style=\"font-weight: 400;\">La nostra feina consisteix a acompanyar el pacient de forma individualitzada, identificant factors que puguin estar influint en el seu estat de salut i proposant un abordatge integratiu complementari al tractament m\u00e8dic convencional.<\/span><\/p>\n<p>[\/et_pb_accordion_item][et_pb_accordion_item title=\u00bb3. Com \u00e9s una visita a la vostra cl\u00ednica i per qu\u00e8 \u00e9s diferent dels metges que ja he vist?\u00bb _builder_version=\u00bb4.27.4&#8243; _module_preset=\u00bbdefault\u00bb hover_enabled=\u00bb0&#8243; global_colors_info=\u00bb{}\u00bb toggle_level=\u00bbh6&#8243; closed_toggle_font_size=\u00bb16px\u00bb open=\u00bboff\u00bb sticky_enabled=\u00bb0&#8243;]<\/p>\n<p><span style=\"font-weight: 400;\">La primera visita cl\u00ednica t\u00e9 una durada aproximada d&#8217;una hora i est\u00e0 orientada a fer una valoraci\u00f3 \u00e0mplia i individualitzada del pacient.<\/span><\/p>\n<p><span style=\"font-weight: 400;\">Durant la consulta revisem antecedents m\u00e8dics, proves diagn\u00f2stiques, h\u00e0bits de vida, s\u00edmptomes, alimentaci\u00f3, descans, antecedents infecciosos, estat digestiu i altres factors que poden influir en la salut i la qualitat de vida.<\/span><\/p>\n<p><span style=\"font-weight: 400;\">El nostre objectiu \u00e9s comprendre el context global de cada persona i dissenyar un abordatge adaptat a les vostres necessitats, sempre des d&#8217;un enfocament integratiu i complementari al seguiment m\u00e8dic habitual.<\/span><\/p>\n<p>[\/et_pb_accordion_item][et_pb_accordion_item title=\u00bb4. Puc combinar els vostres tractaments amb la medicaci\u00f3 o controls m\u00e8dics que ja segueixo?\u00bb _builder_version=\u00bb4.27.4&#8243; _module_preset=\u00bbdefault\u00bb hover_enabled=\u00bb0&#8243; global_colors_info=\u00bb{}\u00bb toggle_level=\u00bbh6&#8243; closed_toggle_font_size=\u00bb16px\u00bb open=\u00bboff\u00bb sticky_enabled=\u00bb0&#8243;]<\/p>\n<p><span style=\"font-weight: 400;\">S\u00ed. El nostre enfocament \u00e9s integratiu i complementari. <\/span><\/p>\n<p><span style=\"font-weight: 400;\">Treballem amb persones que segueixen tractaments farmacol\u00f2gics, controls hospitalaris o visites amb altres especialistes. Totes les intervencions es valoren de forma individualitzada per assegurar-ne la compatibilitat amb el tractament m\u00e8dic indicat pels professionals responsables del pacient. <\/span><\/p>\n<p>[\/et_pb_accordion_item][et_pb_accordion_item title=\u00bb5. Tracteu tamb\u00e9 malalties poc comunes o sense diagn\u00f2stic clar?\u00bb _builder_version=\u00bb4.27.4&#8243; _module_preset=\u00bbdefault\u00bb hover_enabled=\u00bb0&#8243; global_colors_info=\u00bb{}\u00bb toggle_level=\u00bbh6&#8243; closed_toggle_font_size=\u00bb16px\u00bb open=\u00bboff\u00bb sticky_enabled=\u00bb0&#8243;]<\/p>\n<p><span style=\"font-weight: 400;\">S\u00ed. Atenem persones amb s\u00edmptomes persistents, processos complexos o diagn\u00f2stics encara no definits. <\/span><\/p>\n<p><span style=\"font-weight: 400;\">En aquests casos fem una valoraci\u00f3 cl\u00ednica integrativa orientada a comprendre l&#8217;estat general de la persona i identificar factors que puguin estar influint en el benestar i la qualitat de vida, sempre dins de les nostres compet\u00e8ncies i complementant el seguiment m\u00e8dic convencional.<\/span><\/p>\n<p>[\/et_pb_accordion_item][et_pb_accordion_item title=\u00bb6. Quant puc trigar a sentir-me millor?\u00bb _builder_version=\u00bb4.27.4&#8243; _module_preset=\u00bbdefault\u00bb hover_enabled=\u00bb0&#8243; global_colors_info=\u00bb{}\u00bb toggle_level=\u00bbh6&#8243; closed_toggle_font_size=\u00bb16px\u00bb open=\u00bboff\u00bb sticky_enabled=\u00bb0&#8243;]<\/p>\n<p><span style=\"font-weight: 400;\">L&#8217;evoluci\u00f3 dep\u00e8n de molts factors, com ara el tipus de patologia, el temps d&#8217;evoluci\u00f3, l&#8217;estat general de salut i l&#8217;adher\u00e8ncia al tractament proposat.<\/span><\/p>\n<p><span style=\"font-weight: 400;\">Cada persona respon de manera diferent, per la qual cosa no \u00e9s possible garantir resultats concrets ni establir temps exactes de millora. El nostre comprom\u00eds \u00e9s oferir un seguiment individualitzat i adaptar-ne l&#8217;abordatge segons l&#8217;evoluci\u00f3 de cada pacient. <\/span><\/p>\n<p>[\/et_pb_accordion_item][et_pb_accordion_item title=\u00bb7. Qui m&apos;atendr\u00e0 al centre?\u00bb _builder_version=\u00bb4.27.4&#8243; _module_preset=\u00bbdefault\u00bb hover_enabled=\u00bb0&#8243; global_colors_info=\u00bb{}\u00bb toggle_level=\u00bbh6&#8243; closed_toggle_font_size=\u00bb16px\u00bb open=\u00bboff\u00bb sticky_enabled=\u00bb0&#8243;]<\/p>\n<p><span style=\"font-weight: 400;\">El nostre equip est\u00e0 format per professionals sanitaris titulats, entre els quals hi ha metges, personal d&#8217;infermeria i professionals sanitaris i de l&#8217;\u00e0mbit psicol\u00f2gic.<\/span><\/p>\n<p><span style=\"font-weight: 400;\">Treballem de manera coordinada per oferir una atenci\u00f3 integral i personalitzada segons les necessitats de cada pacient.<\/span><\/p>\n<p>[\/et_pb_accordion_item][et_pb_accordion_item title=\u00bb8. Treballeu tamb\u00e9 amb nens o adolescents amb malalties autoimmunes?\u00bb _builder_version=\u00bb4.27.4&#8243; _module_preset=\u00bbdefault\u00bb hover_enabled=\u00bb0&#8243; global_colors_info=\u00bb{}\u00bb toggle_level=\u00bbh6&#8243; closed_toggle_font_size=\u00bb16px\u00bb open=\u00bboff\u00bb sticky_enabled=\u00bb0&#8243;]<\/p>\n<p><span style=\"font-weight: 400;\">S\u00ed, atenem pacients de diferents edats, incloent-hi nens i adolescents.<\/span><\/p>\n<p><span style=\"font-weight: 400;\">L&#8217;abordatge s&#8217;adapta sempre a l&#8217;etapa vital, al context familiar i a les necessitats espec\u00edfiques de cada cas, fent pr\u00e8viament una valoraci\u00f3 individualitzada.<\/span><\/p>\n<p>[\/et_pb_accordion_item][\/et_pb_accordion][\/et_pb_column][\/et_pb_row][et_pb_row _builder_version=\u00bb4.18.0&#8243; _module_preset=\u00bbdefault\u00bb global_colors_info=\u00bb{}\u00bb][et_pb_column type=\u00bb4_4&#8243; _builder_version=\u00bb4.18.0&#8243; _module_preset=\u00bbdefault\u00bb global_colors_info=\u00bb{}\u00bb][et_pb_text _builder_version=\u00bb4.27.4&#8243; _module_preset=\u00bbdefault\u00bb header_4_line_height=\u00bb1.6em\u00bb hover_enabled=\u00bb0&#8243; global_colors_info=\u00bb{}\u00bb sticky_enabled=\u00bb0&#8243;]<\/p>\n<h4 style=\"text-align: center;\">Horaris i Atenci\u00f3<\/h4>\n<p style=\"text-align: center;\"><span style=\"font-weight: 400;\">El nostre comprom\u00eds \u00e9s oferir un servei de qualitat amb un tracte hum\u00e0 i proper. Per aix\u00f2, a l&#8217;<strong>Institut de Salut i Medicina Integrativa Medicus Gaia<\/strong>, ens adaptem a les teves necessitats. La nostra consulta \u00e9s oberta des de les 8:00 fins a les 20:00 h de dilluns a dijous i els divendres fins a les 17:00 h.  <\/span><\/p>\n<p>[\/et_pb_text][et_pb_code disabled_on=\u00bbon|on|off\u00bb _builder_version=\u00bb4.27.0&#8243; _module_preset=\u00bbdefault\u00bb global_colors_info=\u00bb{}\u00bb]<pee style=\"text-align: center;\"><strong><img decoding=\"async\" width=\"36px\" height=\"36px\" style=\"margin-right:16px;vertical-align:middle;\" src=\"\/wp-content\/uploads\/calendario.svg\" alt=\"Icona Calendari\"><span style=\"color: #43988f;\">Dilluns a dijous: 8:00 a 20:00 h. | Divendres: 8:00 a 17:00 h. <\/span><\/strong><\/pee>[\/et_pb_code][et_pb_code disabled_on=\u00bboff|off|on\u00bb _builder_version=\u00bb4.19.5&#8243; _module_preset=\u00bbdefault\u00bb global_colors_info=\u00bb{}\u00bb]<\/p>\n<div style=\"text-align: center;display:flex;alig-items:center;\"><pee><img decoding=\"async\" width=\"36px\" height=\"36px\" style=\"margin-right:16px;vertical-align:middle;\" src=\"\/wp-content\/uploads\/calendario.svg\"><\/pee><pee style=\"color: #43988f;\"><strong>Dilluns a dijous: 8:00 a 20:00 h. | Divendres: 8:00 a 17:00 h. <\/strong><\/pee><\/div>\n<p>[\/et_pb_code][\/et_pb_column][\/et_pb_row][\/et_pb_section][et_pb_section fb_built=\u00bb1&#8243; fullwidth=\u00bbon\u00bb _builder_version=\u00bb4.18.0&#8243; _module_preset=\u00bbdefault\u00bb global_module=\u00bb24625&#8243; saved_tabs=\u00bball\u00bb global_colors_info=\u00bb{}\u00bb][et_pb_fullwidth_slider show_pagination=\u00bboff\u00bb use_bg_overlay=\u00bboff\u00bb use_text_overlay=\u00bboff\u00bb _builder_version=\u00bb4.27.4&#8243; _module_preset=\u00bbdefault\u00bb background_enable_color=\u00bboff\u00bb background_image=\u00bbhttps:\/\/medicusgaia.com\/wp-content\/uploads\/2026\/04\/Reserva-tu-cita-2.png\u00bb custom_padding=\u00bb11vw||11vw||true|false\u00bb header_font_size_tablet=\u00bb47px\u00bb header_font_size_phone=\u00bb40px\u00bb header_font_size_last_edited=\u00bbon|phone\u00bb text_shadow_style=\u00bbpreset3&#8243; text_shadow_color=\u00bbRGBA(255,255,255,0)\u00bb global_colors_info=\u00bb{}\u00bb][et_pb_slide heading=\u00bbReserva la teva cita\u00bb button_text=\u00bbescriu-nos\u00bb button_link=\u00bbmailto:info@medicusgaia.com\u00bb url_new_window=\u00bbon\u00bb _builder_version=\u00bb4.27.4&#8243; _module_preset=\u00bbdefault\u00bb custom_button=\u00bbon\u00bb button_text_color=\u00bb#FFFFFF\u00bb button_bg_color=\u00bb#B365A1&#8243; button_border_width=\u00bb0px\u00bb button_letter_spacing=\u00bb2px\u00bb button_font=\u00bb|700|||||||\u00bb button_icon_color=\u00bb#FFFFFF\u00bb button_alignment=\u00bbcenter\u00bb button_text_2=\u00bbll\u00e1manos\u00bb button_link_2=\u00bbtel:+34932504555&#8243; global_colors_info=\u00bb{}\u00bb sticky_transition=\u00bbon\u00bb][\/et_pb_slide][\/et_pb_fullwidth_slider][\/et_pb_section]<\/p>\n","protected":false},"excerpt":{"rendered":"<p><div class=\"et_pb_module dsm_typing_effect dsm_typing_effect_0 et_pb_bg_layout_light \">\n\t\t\t\t\n\t\t\t\t\n\t\t\t\t\n\t\t\t\t\n\t\t\t\t\n\t\t\t\t\n\t\t\t\t<div class=\"et_pb_module_inner\">\n\t\t\t\t\t<h1 class=\"dsm-typing-effect et_pb_module_header\"><span class=\"dsm-typing-wrapper\"><span class=\"dsm-typing-strings\">Malalties autoimmunes<\/span><span class=\"dsm-typing\" data-dsm-typing-cursor=\"|\" data-dsm-typing-strings=\"Malalties autoimmunes\" data-dsm-typing-speed=30ms data-dsm-typing-backspeed=50ms data-dsm-typing-backdelay=700ms data-dsm-typing-loop=false data-dsm-typing-remove-cursor=off data-dsm-typing-fadeout=false data-dsm-typing-shuffle=false data-dsm-typing-delay=0ms data-dsm-typing-viewport=80% data-dsm-typing-repeat=on><\/span><\/span><\/h1>\n\t\t\t\t<\/div>\n\t\t\t<\/div>Tens una malaltia autoimmune i et sents perdut o incompr\u00e8s? Potser has passat per diferents metges, an\u00e0lisis i diagn\u00f2stics. I encara que t&#8217;han posat nom al que tens, sents que ning\u00fa no ha ent\u00e8s realment com et trobes o com afecta [&hellip;]<\/p>\n","protected":false},"author":5,"featured_media":0,"parent":0,"menu_order":0,"comment_status":"closed","ping_status":"closed","template":"","meta":{"_et_pb_use_builder":"on","_et_pb_old_content":"","_et_gb_content_width":"","footnotes":""},"class_list":["post-29061","page","type-page","status-publish","hentry"],"yoast_head":"<!-- This site is optimized with the Yoast SEO plugin v28.4 - https:\/\/yoast.com\/product\/yoast-seo-wordpress\/ -->\n<title>Malalties autoimmunes: medicina integrativa a Medicus Gaia<\/title>\n<meta name=\"description\" content=\"Malalties autoimmunes a Medicus Gaia amb Psiconeuroimmunologia cl\u00ednica i ter\u00e0pies personalitzades per a equilibri del sistema immune.\" \/>\n<meta name=\"robots\" content=\"index, follow, max-snippet:-1, max-image-preview:large, max-video-preview:-1\" \/>\n<link rel=\"canonical\" href=\"https:\/\/medicusgaia.com\/ca\/malalties-autoimmunes\/\" \/>\n<meta property=\"og:locale\" content=\"ca_ES\" \/>\n<meta property=\"og:type\" content=\"article\" \/>\n<meta property=\"og:title\" content=\"Malalties autoimmunes: medicina integrativa a Medicus Gaia\" \/>\n<meta property=\"og:description\" content=\"Malalties autoimmunes a Medicus Gaia amb Psiconeuroimmunologia cl\u00ednica i ter\u00e0pies personalitzades per a equilibri del sistema immune.\" \/>\n<meta property=\"og:url\" content=\"https:\/\/medicusgaia.com\/ca\/malalties-autoimmunes\/\" \/>\n<meta property=\"og:site_name\" content=\"Medicus Gaia\" \/>\n<meta property=\"article:publisher\" content=\"https:\/\/www.facebook.com\/profile.php?id=100083402287688\" \/>\n<meta property=\"article:modified_time\" content=\"2026-07-30T09:09:04+00:00\" \/>\n<meta name=\"twitter:card\" content=\"summary_large_image\" \/>\n<meta name=\"twitter:label1\" content=\"Temps estimat de lectura\" \/>\n\t<meta name=\"twitter:data1\" content=\"20 minuts\" \/>\n<script type=\"application\/ld+json\" class=\"yoast-schema-graph\">{\"@context\":\"https:\\\/\\\/schema.org\",\"@graph\":[{\"@type\":\"WebPage\",\"@id\":\"https:\\\/\\\/medicusgaia.com\\\/ca\\\/malalties-autoimmunes\\\/\",\"url\":\"https:\\\/\\\/medicusgaia.com\\\/ca\\\/malalties-autoimmunes\\\/\",\"name\":\"Malalties autoimmunes: medicina integrativa a Medicus Gaia\",\"isPartOf\":{\"@id\":\"https:\\\/\\\/medicusgaia.com\\\/ca\\\/#website\"},\"datePublished\":\"2026-03-06T10:07:53+00:00\",\"dateModified\":\"2026-07-30T09:09:04+00:00\",\"description\":\"Malalties autoimmunes a Medicus Gaia amb Psiconeuroimmunologia cl\u00ednica i ter\u00e0pies personalitzades per a equilibri del sistema immune.\",\"inLanguage\":\"ca\",\"potentialAction\":[{\"@type\":\"ReadAction\",\"target\":[\"https:\\\/\\\/medicusgaia.com\\\/ca\\\/malalties-autoimmunes\\\/\"]}]},{\"@type\":\"WebSite\",\"@id\":\"https:\\\/\\\/medicusgaia.com\\\/ca\\\/#website\",\"url\":\"https:\\\/\\\/medicusgaia.com\\\/ca\\\/\",\"name\":\"Medicus Gaia\",\"description\":\"Institut de Salut i Medicina Integrativa\",\"publisher\":{\"@id\":\"https:\\\/\\\/medicusgaia.com\\\/ca\\\/#organization\"},\"potentialAction\":[{\"@type\":\"SearchAction\",\"target\":{\"@type\":\"EntryPoint\",\"urlTemplate\":\"https:\\\/\\\/medicusgaia.com\\\/ca\\\/?s={search_term_string}\"},\"query-input\":{\"@type\":\"PropertyValueSpecification\",\"valueRequired\":true,\"valueName\":\"search_term_string\"}}],\"inLanguage\":\"ca\"},{\"@type\":\"Organization\",\"@id\":\"https:\\\/\\\/medicusgaia.com\\\/ca\\\/#organization\",\"name\":\"Medicus Gaia\",\"url\":\"https:\\\/\\\/medicusgaia.com\\\/ca\\\/\",\"logo\":{\"@type\":\"ImageObject\",\"inLanguage\":\"ca\",\"@id\":\"https:\\\/\\\/medicusgaia.com\\\/ca\\\/#\\\/schema\\\/logo\\\/image\\\/\",\"url\":\"https:\\\/\\\/medicusgaia.com\\\/wp-content\\\/uploads\\\/2024\\\/05\\\/medicus-gaia-institut-de-salut-i-medicina-integrativa-crisitina-pellicer-1.png\",\"contentUrl\":\"https:\\\/\\\/medicusgaia.com\\\/wp-content\\\/uploads\\\/2024\\\/05\\\/medicus-gaia-institut-de-salut-i-medicina-integrativa-crisitina-pellicer-1.png\",\"width\":900,\"height\":346,\"caption\":\"Medicus Gaia\"},\"image\":{\"@id\":\"https:\\\/\\\/medicusgaia.com\\\/ca\\\/#\\\/schema\\\/logo\\\/image\\\/\"},\"sameAs\":[\"https:\\\/\\\/www.facebook.com\\\/profile.php?id=100083402287688\",\"https:\\\/\\\/www.instagram.com\\\/ismi_medicusgaia\\\/\",\"https:\\\/\\\/www.linkedin.com\\\/company\\\/institut-de-salut-i-medicina-integrativa-medicus-gaia\\\/\"]}]}<\/script>\n<!-- \/ Yoast SEO plugin. -->","yoast_head_json":{"title":"Malalties autoimmunes: medicina integrativa a Medicus Gaia","description":"Malalties autoimmunes a Medicus Gaia amb Psiconeuroimmunologia cl\u00ednica i ter\u00e0pies personalitzades per a equilibri del sistema immune.","robots":{"index":"index","follow":"follow","max-snippet":"max-snippet:-1","max-image-preview":"max-image-preview:large","max-video-preview":"max-video-preview:-1"},"canonical":"https:\/\/medicusgaia.com\/ca\/malalties-autoimmunes\/","og_locale":"ca_ES","og_type":"article","og_title":"Malalties autoimmunes: medicina integrativa a Medicus Gaia","og_description":"Malalties autoimmunes a Medicus Gaia amb Psiconeuroimmunologia cl\u00ednica i ter\u00e0pies personalitzades per a equilibri del sistema immune.","og_url":"https:\/\/medicusgaia.com\/ca\/malalties-autoimmunes\/","og_site_name":"Medicus Gaia","article_publisher":"https:\/\/www.facebook.com\/profile.php?id=100083402287688","article_modified_time":"2026-07-30T09:09:04+00:00","twitter_card":"summary_large_image","twitter_misc":{"Temps estimat de lectura":"20 minuts"},"schema":{"@context":"https:\/\/schema.org","@graph":[{"@type":"WebPage","@id":"https:\/\/medicusgaia.com\/ca\/malalties-autoimmunes\/","url":"https:\/\/medicusgaia.com\/ca\/malalties-autoimmunes\/","name":"Malalties autoimmunes: medicina integrativa a Medicus Gaia","isPartOf":{"@id":"https:\/\/medicusgaia.com\/ca\/#website"},"datePublished":"2026-03-06T10:07:53+00:00","dateModified":"2026-07-30T09:09:04+00:00","description":"Malalties autoimmunes a Medicus Gaia amb Psiconeuroimmunologia cl\u00ednica i ter\u00e0pies personalitzades per a equilibri del sistema immune.","inLanguage":"ca","potentialAction":[{"@type":"ReadAction","target":["https:\/\/medicusgaia.com\/ca\/malalties-autoimmunes\/"]}]},{"@type":"WebSite","@id":"https:\/\/medicusgaia.com\/ca\/#website","url":"https:\/\/medicusgaia.com\/ca\/","name":"Medicus Gaia","description":"Institut de Salut i Medicina Integrativa","publisher":{"@id":"https:\/\/medicusgaia.com\/ca\/#organization"},"potentialAction":[{"@type":"SearchAction","target":{"@type":"EntryPoint","urlTemplate":"https:\/\/medicusgaia.com\/ca\/?s={search_term_string}"},"query-input":{"@type":"PropertyValueSpecification","valueRequired":true,"valueName":"search_term_string"}}],"inLanguage":"ca"},{"@type":"Organization","@id":"https:\/\/medicusgaia.com\/ca\/#organization","name":"Medicus Gaia","url":"https:\/\/medicusgaia.com\/ca\/","logo":{"@type":"ImageObject","inLanguage":"ca","@id":"https:\/\/medicusgaia.com\/ca\/#\/schema\/logo\/image\/","url":"https:\/\/medicusgaia.com\/wp-content\/uploads\/2024\/05\/medicus-gaia-institut-de-salut-i-medicina-integrativa-crisitina-pellicer-1.png","contentUrl":"https:\/\/medicusgaia.com\/wp-content\/uploads\/2024\/05\/medicus-gaia-institut-de-salut-i-medicina-integrativa-crisitina-pellicer-1.png","width":900,"height":346,"caption":"Medicus Gaia"},"image":{"@id":"https:\/\/medicusgaia.com\/ca\/#\/schema\/logo\/image\/"},"sameAs":["https:\/\/www.facebook.com\/profile.php?id=100083402287688","https:\/\/www.instagram.com\/ismi_medicusgaia\/","https:\/\/www.linkedin.com\/company\/institut-de-salut-i-medicina-integrativa-medicus-gaia\/"]}]}},"_links":{"self":[{"href":"https:\/\/medicusgaia.com\/ca\/wp-json\/wp\/v2\/pages\/29061","targetHints":{"allow":["GET"]}}],"collection":[{"href":"https:\/\/medicusgaia.com\/ca\/wp-json\/wp\/v2\/pages"}],"about":[{"href":"https:\/\/medicusgaia.com\/ca\/wp-json\/wp\/v2\/types\/page"}],"author":[{"embeddable":true,"href":"https:\/\/medicusgaia.com\/ca\/wp-json\/wp\/v2\/users\/5"}],"replies":[{"embeddable":true,"href":"https:\/\/medicusgaia.com\/ca\/wp-json\/wp\/v2\/comments?post=29061"}],"version-history":[{"count":11,"href":"https:\/\/medicusgaia.com\/ca\/wp-json\/wp\/v2\/pages\/29061\/revisions"}],"predecessor-version":[{"id":29707,"href":"https:\/\/medicusgaia.com\/ca\/wp-json\/wp\/v2\/pages\/29061\/revisions\/29707"}],"wp:attachment":[{"href":"https:\/\/medicusgaia.com\/ca\/wp-json\/wp\/v2\/media?parent=29061"}],"curies":[{"name":"wp","href":"https:\/\/api.w.org\/{rel}","templated":true}]}}