{"id":29025,"date":"2026-03-06T11:08:04","date_gmt":"2026-03-06T10:08:04","guid":{"rendered":"https:\/\/medicusgaia.com\/?page_id=29025"},"modified":"2026-07-30T10:57:49","modified_gmt":"2026-07-30T08:57:49","slug":"covid-persistent","status":"publish","type":"page","link":"https:\/\/medicusgaia.com\/ca\/covid-persistent\/","title":{"rendered":"Covid persistent"},"content":{"rendered":"<p>[et_pb_section fb_built=\u00bb1&#8243; disabled_on=\u00bboff|off|off\u00bb admin_label=\u00bbHeader\u00bb _builder_version=\u00bb4.27.4&#8243; background_image=\u00bbhttps:\/\/medicusgaia.com\/wp-content\/uploads\/2025\/07\/COVID.png\u00bb max_width_last_edited=\u00bboff|desktop\u00bb module_alignment=\u00bbcenter\u00bb custom_padding=\u00bb6vw||0||false|false\u00bb locked=\u00bboff\u00bb global_colors_info=\u00bb{}\u00bb][et_pb_row _builder_version=\u00bb4.16&#8243; global_colors_info=\u00bb{}\u00bb][et_pb_column type=\u00bb4_4&#8243; _builder_version=\u00bb4.16&#8243; custom_padding=\u00bb|||\u00bb global_colors_info=\u00bb{}\u00bb custom_padding__hover=\u00bb|||\u00bb][dsm_typing_effect typing_effect=\u00bbCovid persistent\u00bb typing_loop=\u00bboff\u00bb typing_speed=\u00bb30ms\u00bb typing_cursor_color=\u00bb#CFD510&#8243; _builder_version=\u00bb4.27.4&#8243; _module_preset=\u00bbdefault\u00bb header_font=\u00bb|600|||||||\u00bb header_text_color=\u00bb#FFFFFF\u00bb header_font_size=\u00bb48px\u00bb header_font_size_tablet=\u00bb72px\u00bb header_font_size_phone=\u00bb45px\u00bb header_font_size_last_edited=\u00bbon|phone\u00bb global_colors_info=\u00bb{}\u00bb][\/dsm_typing_effect][\/et_pb_column][\/et_pb_row][\/et_pb_section][et_pb_section fb_built=\u00bb1&#8243; custom_padding_last_edited=\u00bbon|phone\u00bb _builder_version=\u00bb4.19.5&#8243; _module_preset=\u00bbdefault\u00bb background_color=\u00bb#f7faf9&#8243; min_height=\u00bb1565.2px\u00bb custom_margin=\u00bb||||false|false\u00bb custom_margin_tablet=\u00bb||||false|false\u00bb custom_margin_phone=\u00bb0px|0px|0px|0px|false|false\u00bb custom_margin_last_edited=\u00bbon|phone\u00bb custom_padding=\u00bb10px|0px|1px|0px|false|false\u00bb custom_padding_tablet=\u00bb10px|0px|50px|0px|false|false\u00bb custom_padding_phone=\u00bb||50px||false|false\u00bb global_colors_info=\u00bb{}\u00bb][et_pb_row custom_padding_last_edited=\u00bbon|phone\u00bb disabled_on=\u00bbon|on|off\u00bb _builder_version=\u00bb4.19.5&#8243; _module_preset=\u00bbdefault\u00bb background_color=\u00bb#f7faf9&#8243; custom_margin=\u00bb0px||||false|false\u00bb custom_padding=\u00bb50px|50px|50px|50px|false|false\u00bb custom_padding_tablet=\u00bb50px|50px|50px|50px|false|false\u00bb custom_padding_phone=\u00bb10px|10px|10px|10px|false|false\u00bb global_colors_info=\u00bb{}\u00bb][et_pb_column type=\u00bb4_4&#8243; _builder_version=\u00bb4.19.5&#8243; _module_preset=\u00bbdefault\u00bb global_colors_info=\u00bb{}\u00bb][et_pb_text _builder_version=\u00bb4.27.4&#8243; _module_preset=\u00bbdefault\u00bb hover_enabled=\u00bb0&#8243; global_colors_info=\u00bb{}\u00bb sticky_enabled=\u00bb0&#8243;]<\/p>\n<p><span style=\"font-weight: 400;\">Fatiga persistent, sensaci\u00f3 de manca d&#8217;aire, dificultat per concentrar-te&#8230;<\/span><\/p>\n<p><span style=\"font-weight: 400;\">Continues aix\u00ed temps despr\u00e9s d&#8217;haver passat la COVID?<\/span><\/p>\n<p><span style=\"font-weight: 400;\">Si us van indicar que la infecci\u00f3 ja es va resoldre, per\u00f2 tu no has recuperat el teu estat previ, \u00e9s important saber-ho, els s\u00edmptomes que presentes s\u00f3n reals i poden afectar significativament la qualitat de vida. <\/span><\/p>\n<p><span style=\"font-weight: 400;\">La COVID persistent (o s\u00edndrome post-COVID) \u00e9s una condici\u00f3 reconeguda que pot afectar algunes persones despr\u00e9s de la infecci\u00f3 aguda.<\/span><\/p>\n<p><span style=\"font-weight: 400;\">Cansament marcat, dolors musculars, alteracions del son, ansietat, palpitacions, cefalees o problemes de mem\u00f2ria i concentraci\u00f3 s\u00f3n s\u00edmptomes que poden fluctuar en el temps, limitar l&#8217;activitat di\u00e0ria i no sempre reflectir-se clarament en proves diagn\u00f2stiques convencionals.<\/span><\/p>\n<p><span style=\"font-weight: 400;\">En aquests casos, pot ser \u00fatil fer una valoraci\u00f3 m\u00e8dica individualitzada i plantejar un abordatge de suport orientat a afavorir la recuperaci\u00f3 funcional i millorar la qualitat de vida.<\/span><\/p>\n<p>[\/et_pb_text][\/et_pb_column][\/et_pb_row][et_pb_row column_structure=\u00bb3_5,2_5&#8243; _builder_version=\u00bb4.27.4&#8243; _module_preset=\u00bbdefault\u00bb custom_margin=\u00bb|auto|-1px|auto||\u00bb custom_padding=\u00bb||2px|||\u00bb global_colors_info=\u00bb{}\u00bb][et_pb_column type=\u00bb3_5&#8243; _builder_version=\u00bb4.19.5&#8243; _module_preset=\u00bbdefault\u00bb global_colors_info=\u00bb{}\u00bb][et_pb_text disabled_on=\u00bbon|on|off\u00bb _builder_version=\u00bb4.27.4&#8243; _module_preset=\u00bbdefault\u00bb header_4_line_height=\u00bb1.6em\u00bb hover_enabled=\u00bb0&#8243; global_colors_info=\u00bb{}\u00bb sticky_enabled=\u00bb0&#8243;]<\/p>\n<h4><strong>Un abordatge integral de la COVID persistent<\/strong><\/h4>\n<p><span style=\"font-weight: 400;\">A l&#8217;Institut de Salut i Medicina Integrativa Medicus Gaia abordem la COVID persistent des d&#8217;una perspectiva integrativa, combinant diferents intervencions m\u00e8diques complement\u00e0ries segons la situaci\u00f3 de cada persona.<\/span><\/p>\n<p><span style=\"font-weight: 400;\">Entre les opcions que poden formar part de l&#8217;abordatge hi ha:<\/span><\/p>\n<h4><b>Ozonoter\u00e0pia m\u00e8dica<\/b><\/h4>\n<p><span style=\"font-weight: 400;\">L&#8217;<\/span><b><a href=\"https:\/\/medicusgaia.com\/ca\/tractaments\/ozonoterapia\/\">Ozonoter\u00e0pia m\u00e8dica<\/a><\/b><span style=\"font-weight: 400;\"> s&#8217;utilitza en medicina integrativa com a suport a la modulaci\u00f3 de processos inflamatoris, l&#8217;estr\u00e8s oxidatiu i determinats mecanismes de regulaci\u00f3 immunit\u00e0ria. Tamb\u00e9 podeu formar part d&#8217;estrat\u00e8gies orientades al suport de l&#8217;oxigenaci\u00f3 tissular. <\/span><\/p>\n<h4><b>Neuromodulaci\u00f3 No Invasiva NESA\u00ae<\/b><\/h4>\n<p><span style=\"font-weight: 400;\">La<\/span> <a href=\"https:\/\/medicusgaia.com\/ca\/tractaments\/neuromodulacio\/\">Neuromodulaci\u00f3 No Invasiva<\/a><span style=\"font-weight: 400;\"> \u00e9s un tractament no invasiu orientat al sistema nervi\u00f3s aut\u00f2nom, implicat en funcions com ara el somni, la fatiga, la percepci\u00f3 del dolor i la regulaci\u00f3 emocional. El seu objectiu \u00e9s afavorir el reequilibri neurovegetatiu i donar suport a la recuperaci\u00f3 funcional. <\/span><\/p>\n<p><span style=\"font-size: 16px;\"> <\/span><\/p>\n<p>[\/et_pb_text][\/et_pb_column][et_pb_column type=\u00bb2_5&#8243; _builder_version=\u00bb4.19.5&#8243; _module_preset=\u00bbdefault\u00bb global_colors_info=\u00bb{}\u00bb][et_pb_image src=\u00bbhttps:\/\/medicusgaia.com\/wp-content\/uploads\/2025\/07\/COVID.png\u00bb title_text=\u00bbCovid persistent\u00bb _builder_version=\u00bb4.27.4&#8243; _module_preset=\u00bbdefault\u00bb global_colors_info=\u00bb{}\u00bb][\/et_pb_image][\/et_pb_column][\/et_pb_row][et_pb_row _builder_version=\u00bb4.27.4&#8243; _module_preset=\u00bbdefault\u00bb custom_padding=\u00bb0px||51px|||\u00bb global_colors_info=\u00bb{}\u00bb][et_pb_column type=\u00bb4_4&#8243; _builder_version=\u00bb4.27.4&#8243; _module_preset=\u00bbdefault\u00bb global_colors_info=\u00bb{}\u00bb][et_pb_text _builder_version=\u00bb4.27.4&#8243; _module_preset=\u00bbdefault\u00bb hover_enabled=\u00bb0&#8243; global_colors_info=\u00bb{}\u00bb sticky_enabled=\u00bb0&#8243;]<\/p>\n<h4><b>Hip\u00f2xia-Hiper\u00f2xia Intermitent<\/b><\/h4>\n<p><span style=\"font-weight: 400;\">El tractament<\/span> d&#8217;<b><a href=\"https:\/\/medicusgaia.com\/ca\/tractaments\/terapia-hipoxica-i-hiperoxica-intermitent-ihht\/\">hip\u00f2xia-hiperoxia intermitent<\/a><\/b> <span style=\"font-weight: 400;\">consisteix en l&#8217;exposici\u00f3 controlada a diferents concentracions d&#8217;oxigen amb l&#8217;objectiu d&#8217;estimular mecanismes d&#8217;adaptaci\u00f3 cel\u00b7lular i donar suport a processos relacionats amb la funci\u00f3 mitocondrial.<\/span><\/p>\n<p>[\/et_pb_text][\/et_pb_column][\/et_pb_row][et_pb_row column_structure=\u00bb1_3,2_3&#8243; _builder_version=\u00bb4.27.4&#8243; _module_preset=\u00bbdefault\u00bb min_height=\u00bb625.2px\u00bb custom_padding=\u00bb0px||1px|||\u00bb global_colors_info=\u00bb{}\u00bb][et_pb_column type=\u00bb1_3&#8243; _builder_version=\u00bb4.27.4&#8243; _module_preset=\u00bbdefault\u00bb global_colors_info=\u00bb{}\u00bb][et_pb_image src=\u00bbhttps:\/\/medicusgaia.com\/wp-content\/uploads\/2025\/07\/1.png\u00bb title_text=\u00bbRegenera el teu cos des de dins amb tractament d&#039;hip\u00f2xia-hiperoxia intermitent\u00bb _builder_version=\u00bb4.27.4&#8243; _module_preset=\u00bbdefault\u00bb global_colors_info=\u00bb{}\u00bb][\/et_pb_image][et_pb_button button_url=\u00bbhttps:\/\/medicusgaia.com\/ca\/contacte\/\u00bb button_text=\u00bbSol\u00b7licitar m\u00e9s informaci\u00f3\u00bb button_alignment=\u00bbcenter\u00bb disabled_on=\u00bboff|off|off\u00bb _builder_version=\u00bb4.27.4&#8243; _module_preset=\u00bbdefault\u00bb custom_button=\u00bbon\u00bb button_text_color=\u00bb#FFFFFF\u00bb button_bg_color=\u00bb#2f8e85&#8243; button_border_width=\u00bb0px\u00bb button_use_icon=\u00bboff\u00bb background_layout=\u00bbdark\u00bb custom_margin=\u00bb21px||21px|||\u00bb global_colors_info=\u00bb{}\u00bb][\/et_pb_button][\/et_pb_column][et_pb_column type=\u00bb2_3&#8243; _builder_version=\u00bb4.27.4&#8243; _module_preset=\u00bbdefault\u00bb global_colors_info=\u00bb{}\u00bb][et_pb_text _builder_version=\u00bb4.27.4&#8243; _module_preset=\u00bbdefault\u00bb custom_margin=\u00bb||28px|||\u00bb hover_enabled=\u00bb0&#8243; global_colors_info=\u00bb{}\u00bb sticky_enabled=\u00bb0&#8243;]<\/p>\n<h3><strong>Beneficis que es poden observar<\/strong><\/h3>\n<p><span style=\"font-weight: 400;\">L&#8217;evoluci\u00f3 varia segons cada cas, per\u00f2 de manera general algunes persones refereixen:<\/span><\/p>\n<ul>\n<li style=\"font-weight: 400;\" aria-level=\"1\"><span style=\"font-weight: 400;\">Disminuci\u00f3 de la fatiga persistent i la millora de l&#8217;estat general.<\/span><\/li>\n<li style=\"font-weight: 400;\" aria-level=\"1\"><span style=\"font-weight: 400;\">Major claredat mental i millor capacitat de concentraci\u00f3.<\/span><\/li>\n<li style=\"font-weight: 400;\" aria-level=\"1\"><span style=\"font-weight: 400;\">Somni de m\u00e9s qualitat.<\/span><\/li>\n<li style=\"font-weight: 400;\" aria-level=\"1\"><span style=\"font-weight: 400;\">Suport a la regulaci\u00f3 del sistema nervi\u00f3s aut\u00f2nom.<\/span><\/li>\n<li style=\"font-weight: 400;\" aria-level=\"1\"><span style=\"font-weight: 400;\">Millor toler\u00e0ncia a l&#8217;esfor\u00e7 i millora progressiva de la qualitat de vida. <\/span><\/li>\n<\/ul>\n<p><span style=\"font-weight: 400;\">Si ha passat el temps i sents que no t&#8217;acabes de recuperar, una valoraci\u00f3 m\u00e8dica individualitzada pot ajudar-te a explorar opcions d&#8217;acompanyament adequades per al teu cas.<\/span><\/p>\n<p>[\/et_pb_text][\/et_pb_column][\/et_pb_row][et_pb_row _builder_version=\u00bb4.18.0&#8243; _module_preset=\u00bbdefault\u00bb global_colors_info=\u00bb{}\u00bb][et_pb_column type=\u00bb4_4&#8243; _builder_version=\u00bb4.18.0&#8243; _module_preset=\u00bbdefault\u00bb global_colors_info=\u00bb{}\u00bb][et_pb_text _builder_version=\u00bb4.27.4&#8243; _module_preset=\u00bbdefault\u00bb header_4_line_height=\u00bb1.6em\u00bb hover_enabled=\u00bb0&#8243; global_colors_info=\u00bb{}\u00bb sticky_enabled=\u00bb0&#8243;]<\/p>\n<h4 style=\"text-align: center;\">Horaris i Atenci\u00f3<\/h4>\n<p style=\"text-align: center;\"><span style=\"font-weight: 400;\">El nostre comprom\u00eds \u00e9s oferir un servei de qualitat amb un tracte hum\u00e0 i proper. Per aix\u00f2, a l&#8217;<strong>Institut de Salut i Medicina Integrativa Medicus Gaia<\/strong>, ens adaptem a les teves necessitats. La nostra consulta \u00e9s oberta des de les 8:00 fins a les 20:00 h de dilluns a dijous i els divendres fins a les 17:00 h.  <\/span><\/p>\n<p>[\/et_pb_text][et_pb_code disabled_on=\u00bbon|on|off\u00bb _builder_version=\u00bb4.27.0&#8243; _module_preset=\u00bbdefault\u00bb global_colors_info=\u00bb{}\u00bb]<pee style=\"text-align: center;\"><strong><img decoding=\"async\" width=\"36px\" height=\"36px\" style=\"margin-right:16px;vertical-align:middle;\" src=\"\/wp-content\/uploads\/calendario.svg\" alt=\"Icona Calendari\"><span style=\"color: #43988f;\">Dilluns a dijous: 8:00 a 20:00 h. | Divendres: 8:00 a 17:00 h. <\/span><\/strong><\/pee>[\/et_pb_code][et_pb_code disabled_on=\u00bboff|off|on\u00bb _builder_version=\u00bb4.19.5&#8243; _module_preset=\u00bbdefault\u00bb global_colors_info=\u00bb{}\u00bb]<\/p>\n<div style=\"text-align: center;display:flex;alig-items:center;\"><pee><img decoding=\"async\" width=\"36px\" height=\"36px\" style=\"margin-right:16px;vertical-align:middle;\" src=\"\/wp-content\/uploads\/calendario.svg\"><\/pee><pee style=\"color: #43988f;\"><strong>Dilluns a dijous: 8:00 a 20:00 h. | Divendres: 8:00 a 17:00 h. <\/strong><\/pee><\/div>\n<p>[\/et_pb_code][\/et_pb_column][\/et_pb_row][\/et_pb_section][et_pb_section fb_built=\u00bb1&#8243; fullwidth=\u00bbon\u00bb _builder_version=\u00bb4.18.0&#8243; _module_preset=\u00bbdefault\u00bb global_module=\u00bb24625&#8243; saved_tabs=\u00bball\u00bb global_colors_info=\u00bb{}\u00bb][et_pb_fullwidth_slider show_pagination=\u00bboff\u00bb use_bg_overlay=\u00bboff\u00bb use_text_overlay=\u00bboff\u00bb _builder_version=\u00bb4.27.4&#8243; _module_preset=\u00bbdefault\u00bb background_enable_color=\u00bboff\u00bb background_image=\u00bbhttps:\/\/medicusgaia.com\/wp-content\/uploads\/2026\/04\/Reserva-tu-cita-2.png\u00bb custom_padding=\u00bb11vw||11vw||true|false\u00bb header_font_size_tablet=\u00bb47px\u00bb header_font_size_phone=\u00bb40px\u00bb header_font_size_last_edited=\u00bbon|phone\u00bb text_shadow_style=\u00bbpreset3&#8243; text_shadow_color=\u00bbRGBA(255,255,255,0)\u00bb global_colors_info=\u00bb{}\u00bb][et_pb_slide heading=\u00bbReserva la teva cita\u00bb button_text=\u00bbescriu-nos\u00bb button_link=\u00bbmailto:info@medicusgaia.com\u00bb url_new_window=\u00bbon\u00bb _builder_version=\u00bb4.27.4&#8243; _module_preset=\u00bbdefault\u00bb custom_button=\u00bbon\u00bb button_text_color=\u00bb#FFFFFF\u00bb button_bg_color=\u00bb#B365A1&#8243; button_border_width=\u00bb0px\u00bb button_letter_spacing=\u00bb2px\u00bb button_font=\u00bb|700|||||||\u00bb button_icon_color=\u00bb#FFFFFF\u00bb button_alignment=\u00bbcenter\u00bb button_text_2=\u00bbll\u00e1manos\u00bb button_link_2=\u00bbtel:+34932504555&#8243; global_colors_info=\u00bb{}\u00bb sticky_transition=\u00bbon\u00bb][\/et_pb_slide][\/et_pb_fullwidth_slider][\/et_pb_section]<\/p>\n","protected":false},"excerpt":{"rendered":"<p><div class=\"et_pb_module dsm_typing_effect dsm_typing_effect_0 et_pb_bg_layout_light \">\n\t\t\t\t\n\t\t\t\t\n\t\t\t\t\n\t\t\t\t\n\t\t\t\t\n\t\t\t\t\n\t\t\t\t<div class=\"et_pb_module_inner\">\n\t\t\t\t\t<h1 class=\"dsm-typing-effect et_pb_module_header\"><span class=\"dsm-typing-wrapper\"><span class=\"dsm-typing-strings\">Covid persistent<\/span><span class=\"dsm-typing\" data-dsm-typing-cursor=\"|\" data-dsm-typing-strings=\"Covid persistent\" data-dsm-typing-speed=30ms data-dsm-typing-backspeed=50ms data-dsm-typing-backdelay=700ms data-dsm-typing-loop=false data-dsm-typing-remove-cursor=off data-dsm-typing-fadeout=false data-dsm-typing-shuffle=false data-dsm-typing-delay=0ms data-dsm-typing-viewport=80% data-dsm-typing-repeat=on><\/span><\/span><\/h1>\n\t\t\t\t<\/div>\n\t\t\t<\/div>Fatiga persistent, sensaci\u00f3 de manca d&#8217;aire, dificultat per concentrar-te&#8230; Continues aix\u00ed temps despr\u00e9s d&#8217;haver passat la COVID? Si us van indicar que la infecci\u00f3 ja es va resoldre, per\u00f2 tu no has recuperat el teu estat previ, \u00e9s important saber-ho, els [&hellip;]<\/p>\n","protected":false},"author":5,"featured_media":0,"parent":0,"menu_order":0,"comment_status":"closed","ping_status":"closed","template":"","meta":{"_et_pb_use_builder":"on","_et_pb_old_content":"","_et_gb_content_width":"","footnotes":""},"class_list":["post-29025","page","type-page","status-publish","hentry"],"yoast_head":"<!-- This site is optimized with the Yoast SEO plugin v28.4 - https:\/\/yoast.com\/product\/yoast-seo-wordpress\/ -->\n<title>COVID persistent | Tractament integratiu a Medicus Gaia<\/title>\n<meta name=\"description\" content=\"Abordatge integratiu de la COVID persistent a Medicus Gaia amb ozonoter\u00e0pia, neuromodulaci\u00f3 NESA\u00ae i hip\u00f2xia-hiperoxia per a la recuperaci\u00f3.\" \/>\n<meta name=\"robots\" content=\"index, follow, max-snippet:-1, max-image-preview:large, max-video-preview:-1\" \/>\n<link rel=\"canonical\" href=\"https:\/\/medicusgaia.com\/ca\/covid-persistent\/\" \/>\n<meta property=\"og:locale\" content=\"ca_ES\" \/>\n<meta property=\"og:type\" content=\"article\" \/>\n<meta property=\"og:title\" content=\"COVID persistent | Tractament integratiu a Medicus Gaia\" \/>\n<meta property=\"og:description\" content=\"Abordatge integratiu de la COVID persistent a Medicus Gaia amb ozonoter\u00e0pia, neuromodulaci\u00f3 NESA\u00ae i hip\u00f2xia-hiperoxia per a la recuperaci\u00f3.\" \/>\n<meta property=\"og:url\" content=\"https:\/\/medicusgaia.com\/ca\/covid-persistent\/\" \/>\n<meta property=\"og:site_name\" content=\"Medicus Gaia\" \/>\n<meta property=\"article:publisher\" content=\"https:\/\/www.facebook.com\/profile.php?id=100083402287688\" \/>\n<meta property=\"article:modified_time\" content=\"2026-07-30T08:57:49+00:00\" \/>\n<meta name=\"twitter:card\" content=\"summary_large_image\" \/>\n<meta name=\"twitter:label1\" content=\"Temps estimat de lectura\" \/>\n\t<meta name=\"twitter:data1\" content=\"7 minuts\" \/>\n<script type=\"application\/ld+json\" class=\"yoast-schema-graph\">{\"@context\":\"https:\\\/\\\/schema.org\",\"@graph\":[{\"@type\":\"WebPage\",\"@id\":\"https:\\\/\\\/medicusgaia.com\\\/ca\\\/covid-persistent\\\/\",\"url\":\"https:\\\/\\\/medicusgaia.com\\\/ca\\\/covid-persistent\\\/\",\"name\":\"COVID persistent | Tractament integratiu a Medicus Gaia\",\"isPartOf\":{\"@id\":\"https:\\\/\\\/medicusgaia.com\\\/ca\\\/#website\"},\"datePublished\":\"2026-03-06T10:08:04+00:00\",\"dateModified\":\"2026-07-30T08:57:49+00:00\",\"description\":\"Abordatge integratiu de la COVID persistent a Medicus Gaia amb ozonoter\u00e0pia, neuromodulaci\u00f3 NESA\u00ae i hip\u00f2xia-hiperoxia per a la recuperaci\u00f3.\",\"inLanguage\":\"ca\",\"potentialAction\":[{\"@type\":\"ReadAction\",\"target\":[\"https:\\\/\\\/medicusgaia.com\\\/ca\\\/covid-persistent\\\/\"]}]},{\"@type\":\"WebSite\",\"@id\":\"https:\\\/\\\/medicusgaia.com\\\/ca\\\/#website\",\"url\":\"https:\\\/\\\/medicusgaia.com\\\/ca\\\/\",\"name\":\"Medicus Gaia\",\"description\":\"Institut de Salut i Medicina Integrativa\",\"publisher\":{\"@id\":\"https:\\\/\\\/medicusgaia.com\\\/ca\\\/#organization\"},\"potentialAction\":[{\"@type\":\"SearchAction\",\"target\":{\"@type\":\"EntryPoint\",\"urlTemplate\":\"https:\\\/\\\/medicusgaia.com\\\/ca\\\/?s={search_term_string}\"},\"query-input\":{\"@type\":\"PropertyValueSpecification\",\"valueRequired\":true,\"valueName\":\"search_term_string\"}}],\"inLanguage\":\"ca\"},{\"@type\":\"Organization\",\"@id\":\"https:\\\/\\\/medicusgaia.com\\\/ca\\\/#organization\",\"name\":\"Medicus Gaia\",\"url\":\"https:\\\/\\\/medicusgaia.com\\\/ca\\\/\",\"logo\":{\"@type\":\"ImageObject\",\"inLanguage\":\"ca\",\"@id\":\"https:\\\/\\\/medicusgaia.com\\\/ca\\\/#\\\/schema\\\/logo\\\/image\\\/\",\"url\":\"https:\\\/\\\/medicusgaia.com\\\/wp-content\\\/uploads\\\/2024\\\/05\\\/medicus-gaia-institut-de-salut-i-medicina-integrativa-crisitina-pellicer-1.png\",\"contentUrl\":\"https:\\\/\\\/medicusgaia.com\\\/wp-content\\\/uploads\\\/2024\\\/05\\\/medicus-gaia-institut-de-salut-i-medicina-integrativa-crisitina-pellicer-1.png\",\"width\":900,\"height\":346,\"caption\":\"Medicus Gaia\"},\"image\":{\"@id\":\"https:\\\/\\\/medicusgaia.com\\\/ca\\\/#\\\/schema\\\/logo\\\/image\\\/\"},\"sameAs\":[\"https:\\\/\\\/www.facebook.com\\\/profile.php?id=100083402287688\",\"https:\\\/\\\/www.instagram.com\\\/ismi_medicusgaia\\\/\",\"https:\\\/\\\/www.linkedin.com\\\/company\\\/institut-de-salut-i-medicina-integrativa-medicus-gaia\\\/\"]}]}<\/script>\n<!-- \/ Yoast SEO plugin. -->","yoast_head_json":{"title":"COVID persistent | Tractament integratiu a Medicus Gaia","description":"Abordatge integratiu de la COVID persistent a Medicus Gaia amb ozonoter\u00e0pia, neuromodulaci\u00f3 NESA\u00ae i hip\u00f2xia-hiperoxia per a la recuperaci\u00f3.","robots":{"index":"index","follow":"follow","max-snippet":"max-snippet:-1","max-image-preview":"max-image-preview:large","max-video-preview":"max-video-preview:-1"},"canonical":"https:\/\/medicusgaia.com\/ca\/covid-persistent\/","og_locale":"ca_ES","og_type":"article","og_title":"COVID persistent | Tractament integratiu a Medicus Gaia","og_description":"Abordatge integratiu de la COVID persistent a Medicus Gaia amb ozonoter\u00e0pia, neuromodulaci\u00f3 NESA\u00ae i hip\u00f2xia-hiperoxia per a la recuperaci\u00f3.","og_url":"https:\/\/medicusgaia.com\/ca\/covid-persistent\/","og_site_name":"Medicus Gaia","article_publisher":"https:\/\/www.facebook.com\/profile.php?id=100083402287688","article_modified_time":"2026-07-30T08:57:49+00:00","twitter_card":"summary_large_image","twitter_misc":{"Temps estimat de lectura":"7 minuts"},"schema":{"@context":"https:\/\/schema.org","@graph":[{"@type":"WebPage","@id":"https:\/\/medicusgaia.com\/ca\/covid-persistent\/","url":"https:\/\/medicusgaia.com\/ca\/covid-persistent\/","name":"COVID persistent | Tractament integratiu a Medicus Gaia","isPartOf":{"@id":"https:\/\/medicusgaia.com\/ca\/#website"},"datePublished":"2026-03-06T10:08:04+00:00","dateModified":"2026-07-30T08:57:49+00:00","description":"Abordatge integratiu de la COVID persistent a Medicus Gaia amb ozonoter\u00e0pia, neuromodulaci\u00f3 NESA\u00ae i hip\u00f2xia-hiperoxia per a la recuperaci\u00f3.","inLanguage":"ca","potentialAction":[{"@type":"ReadAction","target":["https:\/\/medicusgaia.com\/ca\/covid-persistent\/"]}]},{"@type":"WebSite","@id":"https:\/\/medicusgaia.com\/ca\/#website","url":"https:\/\/medicusgaia.com\/ca\/","name":"Medicus Gaia","description":"Institut de Salut i Medicina Integrativa","publisher":{"@id":"https:\/\/medicusgaia.com\/ca\/#organization"},"potentialAction":[{"@type":"SearchAction","target":{"@type":"EntryPoint","urlTemplate":"https:\/\/medicusgaia.com\/ca\/?s={search_term_string}"},"query-input":{"@type":"PropertyValueSpecification","valueRequired":true,"valueName":"search_term_string"}}],"inLanguage":"ca"},{"@type":"Organization","@id":"https:\/\/medicusgaia.com\/ca\/#organization","name":"Medicus Gaia","url":"https:\/\/medicusgaia.com\/ca\/","logo":{"@type":"ImageObject","inLanguage":"ca","@id":"https:\/\/medicusgaia.com\/ca\/#\/schema\/logo\/image\/","url":"https:\/\/medicusgaia.com\/wp-content\/uploads\/2024\/05\/medicus-gaia-institut-de-salut-i-medicina-integrativa-crisitina-pellicer-1.png","contentUrl":"https:\/\/medicusgaia.com\/wp-content\/uploads\/2024\/05\/medicus-gaia-institut-de-salut-i-medicina-integrativa-crisitina-pellicer-1.png","width":900,"height":346,"caption":"Medicus Gaia"},"image":{"@id":"https:\/\/medicusgaia.com\/ca\/#\/schema\/logo\/image\/"},"sameAs":["https:\/\/www.facebook.com\/profile.php?id=100083402287688","https:\/\/www.instagram.com\/ismi_medicusgaia\/","https:\/\/www.linkedin.com\/company\/institut-de-salut-i-medicina-integrativa-medicus-gaia\/"]}]}},"_links":{"self":[{"href":"https:\/\/medicusgaia.com\/ca\/wp-json\/wp\/v2\/pages\/29025","targetHints":{"allow":["GET"]}}],"collection":[{"href":"https:\/\/medicusgaia.com\/ca\/wp-json\/wp\/v2\/pages"}],"about":[{"href":"https:\/\/medicusgaia.com\/ca\/wp-json\/wp\/v2\/types\/page"}],"author":[{"embeddable":true,"href":"https:\/\/medicusgaia.com\/ca\/wp-json\/wp\/v2\/users\/5"}],"replies":[{"embeddable":true,"href":"https:\/\/medicusgaia.com\/ca\/wp-json\/wp\/v2\/comments?post=29025"}],"version-history":[{"count":7,"href":"https:\/\/medicusgaia.com\/ca\/wp-json\/wp\/v2\/pages\/29025\/revisions"}],"predecessor-version":[{"id":29701,"href":"https:\/\/medicusgaia.com\/ca\/wp-json\/wp\/v2\/pages\/29025\/revisions\/29701"}],"wp:attachment":[{"href":"https:\/\/medicusgaia.com\/ca\/wp-json\/wp\/v2\/media?parent=29025"}],"curies":[{"name":"wp","href":"https:\/\/api.w.org\/{rel}","templated":true}]}}