{"id":28882,"date":"2026-03-06T11:08:21","date_gmt":"2026-03-06T10:08:21","guid":{"rendered":"https:\/\/medicusgaia.com\/?page_id=28882"},"modified":"2026-07-30T10:41:10","modified_gmt":"2026-07-30T08:41:10","slug":"cancer","status":"publish","type":"page","link":"https:\/\/medicusgaia.com\/ca\/cancer\/","title":{"rendered":"C\u00e0ncer"},"content":{"rendered":"<p>[et_pb_section fb_built=\u00bb1&#8243; disabled_on=\u00bboff|off|off\u00bb admin_label=\u00bbHeader\u00bb _builder_version=\u00bb4.27.4&#8243; background_image=\u00bbhttps:\/\/medicusgaia.com\/wp-content\/uploads\/2026\/02\/cancer.png\u00bb max_width_last_edited=\u00bboff|desktop\u00bb module_alignment=\u00bbcenter\u00bb custom_padding=\u00bb6vw||0||false|false\u00bb locked=\u00bboff\u00bb global_colors_info=\u00bb{}\u00bb][et_pb_row _builder_version=\u00bb4.16&#8243; global_colors_info=\u00bb{}\u00bb][et_pb_column type=\u00bb4_4&#8243; _builder_version=\u00bb4.16&#8243; custom_padding=\u00bb|||\u00bb global_colors_info=\u00bb{}\u00bb custom_padding__hover=\u00bb|||\u00bb][dsm_typing_effect typing_effect=\u00bbC\u00e0ncer\u00bb typing_loop=\u00bboff\u00bb typing_speed=\u00bb30ms\u00bb typing_cursor_color=\u00bb#CFD510&#8243; _builder_version=\u00bb4.27.4&#8243; _module_preset=\u00bbdefault\u00bb header_font=\u00bb|600|||||||\u00bb header_text_color=\u00bb#2B2B2B\u00bb header_font_size=\u00bb48px\u00bb header_font_size_tablet=\u00bb72px\u00bb header_font_size_phone=\u00bb45px\u00bb header_font_size_last_edited=\u00bbon|phone\u00bb global_colors_info=\u00bb{}\u00bb][\/dsm_typing_effect][\/et_pb_column][\/et_pb_row][\/et_pb_section][et_pb_section fb_built=\u00bb1&#8243; custom_padding_last_edited=\u00bbon|phone\u00bb _builder_version=\u00bb4.19.5&#8243; _module_preset=\u00bbdefault\u00bb background_color=\u00bb#f7faf9&#8243; min_height=\u00bb1565.2px\u00bb custom_margin=\u00bb||||false|false\u00bb custom_margin_tablet=\u00bb||||false|false\u00bb custom_margin_phone=\u00bb0px|0px|0px|0px|false|false\u00bb custom_margin_last_edited=\u00bbon|phone\u00bb custom_padding=\u00bb10px|0px|1px|0px|false|false\u00bb custom_padding_tablet=\u00bb10px|0px|50px|0px|false|false\u00bb custom_padding_phone=\u00bb||50px||false|false\u00bb global_colors_info=\u00bb{}\u00bb][et_pb_row custom_padding_last_edited=\u00bbon|phone\u00bb disabled_on=\u00bbon|on|off\u00bb _builder_version=\u00bb4.19.5&#8243; _module_preset=\u00bbdefault\u00bb background_color=\u00bb#f7faf9&#8243; custom_margin=\u00bb0px||||false|false\u00bb custom_padding=\u00bb50px|50px|50px|50px|true|false\u00bb custom_padding_tablet=\u00bb50px|50px|50px|50px|false|false\u00bb custom_padding_phone=\u00bb10px|10px|10px|10px|false|false\u00bb global_colors_info=\u00bb{}\u00bb][et_pb_column type=\u00bb4_4&#8243; _builder_version=\u00bb4.19.5&#8243; _module_preset=\u00bbdefault\u00bb global_colors_info=\u00bb{}\u00bb][et_pb_text _builder_version=\u00bb4.27.4&#8243; _module_preset=\u00bbdefault\u00bb hover_enabled=\u00bb0&#8243; global_colors_info=\u00bb{}\u00bb sticky_enabled=\u00bb0&#8243;]<\/p>\n<h3 style=\"text-align: center;\"><b>El nostre enfocament de treball<\/b><\/h3>\n<p style=\"text-align: center;\"><span style=\"font-weight: 400;\">La nostra feina no consisteix a tractar el c\u00e0ncer mitjan\u00e7ant ter\u00e0pies naturals ni a substituir els tractaments oncol\u00f2gics convencionals. El diagn\u00f2stic, tractament i seguiment del c\u00e0ncer han d&#8217;estar sempre dirigits per l&#8217;equip d&#8217;oncologia. <\/span><\/p>\n<p style=\"text-align: center;\"><span style=\"font-weight: 400;\">No som una cl\u00ednica de diagn\u00f2stic ni de seguiment oncol\u00f2gic. La nostra feina no consisteix a avaluar l&#8217;evoluci\u00f3 del tumor, modificar tractaments oncol\u00f2gics ni substituir les indicacions de l&#8217;onc\u00f2leg. <\/span><\/p>\n<p style=\"text-align: center;\"><span style=\"font-weight: 400;\">El nostre paper \u00e9s acompanyar el pacient oncol\u00f2gic de forma complementaria i compatible amb el tractament que indiqui el vostre equip d&#8217;oncologia. \u00c9s a dir, treballem amb el tractament m\u00e8dic, no en lloc d&#8217;ell. <\/span><\/p>\n<p>[\/et_pb_text][\/et_pb_column][\/et_pb_row][et_pb_row _builder_version=\u00bb4.27.4&#8243; _module_preset=\u00bbdefault\u00bb custom_padding=\u00bb0px||2px|||\u00bb global_colors_info=\u00bb{}\u00bb][et_pb_column type=\u00bb4_4&#8243; _builder_version=\u00bb4.19.5&#8243; _module_preset=\u00bbdefault\u00bb global_colors_info=\u00bb{}\u00bb][et_pb_text disabled_on=\u00bbon|on|off\u00bb _builder_version=\u00bb4.27.4&#8243; _module_preset=\u00bbdefault\u00bb header_4_line_height=\u00bb1.6em\u00bb hover_enabled=\u00bb0&#8243; global_colors_info=\u00bb{}\u00bb sticky_enabled=\u00bb0&#8243;]<\/p>\n<h5><b>Valoraci\u00f3 i abordatge des de la medicina integrativa<\/b><\/h5>\n<p><span style=\"font-weight: 400;\">Durant la consulta fem una valoraci\u00f3 detallada del cas. Al llarg d&#8217;aproximadament una hora i mitja explorem diferents aspectes de la hist\u00f2ria cl\u00ednica, els h\u00e0bits i l&#8217;estat general per identificar factors fisiol\u00f2gics i bioqu\u00edmics que poden influir en el benestar i la qualitat de vida durant el proc\u00e9s oncol\u00f2gic. <\/span><\/p>\n<p><span style=\"font-weight: 400;\">Des de la medicina integrativa posem el focus en aspectes com ara la inflamaci\u00f3, l&#8217;estat metab\u00f2lic, la nutrici\u00f3, l&#8217;equilibri del sistema immunitari o l&#8217;impacte de l&#8217;estr\u00e8s fisiol\u00f2gic. El nostre objectiu \u00e9s acompanyar el pacient de forma individualitzada i afavorir una millor adaptaci\u00f3 i toler\u00e0ncia als tractaments m\u00e8dics. <\/span><\/p>\n<p><span style=\"font-weight: 400;\">A partir d&#8217;aquesta valoraci\u00f3 podem proposar diferents intervencions, com ara ajustaments en l&#8217;estil de vida, recomanacions nutricionals, suplementaci\u00f3 espec\u00edfica o determinades ter\u00e0pies realitzades a la cl\u00ednica. <g id=\"gid_1\">Totes aquestes mesures es plantegen sempre assegurant-ne la compatibilitat amb el tractament oncol\u00f2gic indicat per l&#8217;equip m\u00e8dic responsable.<\/g> <\/span><\/p>\n<p><span style=\"font-weight: 400;\">A m\u00e9s, algunes ter\u00e0pies utilitzades en l&#8217;\u00e0mbit de l&#8217;oncologia integrativa es poden utilitzar com a suport complementari dins del tractament m\u00e8dic convencional. Entre elles hi ha, per exemple, la Hipert\u00e8rmia Oncol\u00f2gica Capacitiva, que en determinats contextos pot contribuir, en alguns pacients, a millorar la toler\u00e0ncia o complementar tractaments com la quimioter\u00e0pia o la radioter\u00e0pia, sempre sota valoraci\u00f3 m\u00e8dica individualitzada. <\/span><\/p>\n<h5><b>Acompanyament complementari al tractament oncol\u00f2gic<\/b><\/h5>\n<p><span style=\"font-weight: 400;\">Per aquest motiu, si un pacient decideix no seguir el tractament oncol\u00f2gic indicat pel seu onc\u00f2leg, el nostre enfocament de treball no seria adequat, ja que la nostra tasca est\u00e0 pensada com un acompanyament integratiu dins del proc\u00e9s oncol\u00f2gic, i no com una alternativa terap\u00e8utica.<\/span><\/p>\n<p>[\/et_pb_text][\/et_pb_column][\/et_pb_row][et_pb_row custom_padding_last_edited=\u00bbon|phone\u00bb disabled_on=\u00bbon|on|off\u00bb _builder_version=\u00bb4.19.5&#8243; _module_preset=\u00bbdefault\u00bb background_color=\u00bb#f7faf9&#8243; custom_margin=\u00bb0px||||false|false\u00bb custom_padding=\u00bb50px|50px|50px|50px|false|false\u00bb custom_padding_tablet=\u00bb50px|50px|50px|50px|false|false\u00bb custom_padding_phone=\u00bb10px|10px|10px|10px|false|false\u00bb global_colors_info=\u00bb{}\u00bb][et_pb_column type=\u00bb4_4&#8243; _builder_version=\u00bb4.19.5&#8243; _module_preset=\u00bbdefault\u00bb global_colors_info=\u00bb{}\u00bb][et_pb_text _builder_version=\u00bb4.27.4&#8243; _module_preset=\u00bbdefault\u00bb hover_enabled=\u00bb0&#8243; global_colors_info=\u00bb{}\u00bb sticky_enabled=\u00bb0&#8243;]<\/p>\n<h5 style=\"text-align: center;\"><b>T&#8217;han diagnosticat un c\u00e0ncer i busques un acompanyament integratiu durant el proc\u00e9s?<\/b><\/h5>\n<p style=\"text-align: center;\"><span style=\"font-weight: 400;\">Hi ha alguna cosa important que conv\u00e9 saber: hi ha abordatges de suport que poden complementar el tractament convencional amb l&#8217;objectiu de millorar el benestar i la qualitat de vida, sempre de manera personalitzada i valorant cada cas.<\/span><\/p>\n<p>[\/et_pb_text][\/et_pb_column][\/et_pb_row][et_pb_row _builder_version=\u00bb4.27.4&#8243; _module_preset=\u00bbdefault\u00bb custom_padding=\u00bb||2px|||\u00bb global_colors_info=\u00bb{}\u00bb][et_pb_column type=\u00bb4_4&#8243; _builder_version=\u00bb4.19.5&#8243; _module_preset=\u00bbdefault\u00bb global_colors_info=\u00bb{}\u00bb][et_pb_text disabled_on=\u00bbon|on|off\u00bb _builder_version=\u00bb4.27.4&#8243; _module_preset=\u00bbdefault\u00bb header_4_line_height=\u00bb1.6em\u00bb hover_enabled=\u00bb0&#8243; global_colors_info=\u00bb{}\u00bb sticky_enabled=\u00bb0&#8243;]<\/p>\n<h3>Podem ajudar-te amb <a href=\"https:\/\/medicusgaia.com\/tratamientos\/hipertermia-oncologica-profunda\/\" title=\"Hipert\u00e8rmia Oncol\u00f2gica Profunda\"><strong>Hipert\u00e8rmia Oncol\u00f2gica Capacitiva<\/strong><\/a><\/h3>\n<p><span style=\"font-weight: 400;\">La Hipert\u00e8rmia Oncol\u00f2gica Capacitiva \u00e9s una t\u00e8cnica complement\u00e0ria utilitzada en alguns tumors s\u00f2lids (no s&#8217;utilitza en neopl\u00e0sies hematol\u00f2giques com leuc\u00e8mies, limfomes o mieloma m\u00faltiple). Consisteix a aplicar calor controlada i localitzada mitjan\u00e7ant radiofreq\u00fc\u00e8ncia i camps electromagn\u00e8tics, amb l&#8217;objectiu de generar un augment t\u00e8rmic a la zona tractada. <\/span><\/p>\n<p><span style=\"font-weight: 400;\">Aquest augment de temperatura pot modificar determinades condicions del microambient tumoral i es fa servir com a complement de tractaments convencionals en alguns contextos cl\u00ednics.<\/span><\/p>\n<p><span style=\"font-weight: 400;\">En paral\u00b7lel, el teixit sa pot respondre de manera diferent de l&#8217;est\u00edmul t\u00e8rmic, afavorint la microcirculaci\u00f3 i l&#8217;oxigenaci\u00f3 local, aspectes relacionats amb el benestar i la toler\u00e0ncia al tractament.<\/span><\/p>\n<p><span style=\"font-weight: 400;\">A m\u00e9s, en millorar el flux sanguini local, la hipert\u00e8rmia pot facilitar la distribuci\u00f3 de determinats tractaments m\u00e8dics a la zona tractada, motiu pel qual s&#8217;utilitza de forma complement\u00e0ria juntament amb tractaments com la quimioter\u00e0pia o la radioter\u00e0pia en alguns protocols cl\u00ednics.<\/span><\/p>\n<p><span style=\"font-weight: 400;\">\u00c9s important subratllar-ho: la Hipert\u00e8rmia Oncol\u00f2gica Capacitiva \u00e9s un tractament complementari, no alternatiu, i s&#8217;integra dins un pla m\u00e8dic supervisat. Encara que sol presentar bona toler\u00e0ncia i els efectes secundaris s\u00f3n generalment lleus, hi ha contraindicacions i criteris de seguretat que cal valorar pr\u00e8viament de manera individualitzada. <\/span><\/p>\n<p>[\/et_pb_text][\/et_pb_column][\/et_pb_row][et_pb_row _builder_version=\u00bb4.27.4&#8243; _module_preset=\u00bbdefault\u00bb custom_padding=\u00bb23px|||||\u00bb global_colors_info=\u00bb{}\u00bb][et_pb_column type=\u00bb4_4&#8243; _builder_version=\u00bb4.27.4&#8243; _module_preset=\u00bbdefault\u00bb global_colors_info=\u00bb{}\u00bb][et_pb_text _builder_version=\u00bb4.27.4&#8243; _module_preset=\u00bbdefault\u00bb global_colors_info=\u00bb{}\u00bb]<\/p>\n<h3 class=\"et_pb_module_heading\" style=\"text-align: center;\"><b>Gaireb\u00e9 20 anys acompanyant persones amb c\u00e0ncer<\/b><\/h3>\n<p style=\"text-align: center;\"><span style=\"font-weight: 400;\">A l&#8217;Institut de Salut i Medicina Integrativa Medicus Gaia no treballem \u00fanicament sobre el diagn\u00f2stic: acompanyem persones.<\/span><\/p>\n<p style=\"text-align: center;\"><span style=\"font-weight: 400;\">Combinem la medicina convencional amb ter\u00e0pies complement\u00e0ries des d&#8217;un enfocament integratiu i sempre de manera coordinada amb l&#8217;equip m\u00e8dic responsable del pacient.<\/span><\/p>\n<p style=\"text-align: center;\"><span style=\"font-weight: 400;\">Sabem que no hi ha dos processos iguals.<\/span><span style=\"font-weight: 400;\"><br \/><\/span><span style=\"font-weight: 400;\"> Per aix\u00f2, els nostres plans es dissenyen de manera individualitzada, adaptant-nos a les necessitats, moment cl\u00ednic i circumst\u00e0ncies de cada persona.<\/span><\/p>\n<p>[\/et_pb_text][et_pb_button button_url=\u00bbhttps:\/\/medicusgaia.com\/ca\/contacte\/\u00bb button_text=\u00bbSol\u00b7licitar m\u00e9s informaci\u00f3\u00bb button_alignment=\u00bbcenter\u00bb disabled_on=\u00bboff|off|off\u00bb _builder_version=\u00bb4.27.4&#8243; _module_preset=\u00bbdefault\u00bb custom_button=\u00bbon\u00bb button_text_color=\u00bb#FFFFFF\u00bb button_bg_color=\u00bb#2f8e85&#8243; button_border_width=\u00bb0px\u00bb button_use_icon=\u00bboff\u00bb background_layout=\u00bbdark\u00bb custom_margin=\u00bb21px||21px|||\u00bb global_colors_info=\u00bb{}\u00bb][\/et_pb_button][\/et_pb_column][\/et_pb_row][et_pb_row _builder_version=\u00bb4.18.0&#8243; _module_preset=\u00bbdefault\u00bb global_colors_info=\u00bb{}\u00bb][et_pb_column type=\u00bb4_4&#8243; _builder_version=\u00bb4.18.0&#8243; _module_preset=\u00bbdefault\u00bb global_colors_info=\u00bb{}\u00bb][et_pb_text _builder_version=\u00bb4.27.4&#8243; _module_preset=\u00bbdefault\u00bb header_4_line_height=\u00bb1.6em\u00bb hover_enabled=\u00bb0&#8243; global_colors_info=\u00bb{}\u00bb sticky_enabled=\u00bb0&#8243;]<\/p>\n<h4 style=\"text-align: center;\">Horaris i Atenci\u00f3<\/h4>\n<p style=\"text-align: center;\"><span style=\"font-weight: 400;\">El nostre comprom\u00eds \u00e9s oferir un servei de qualitat amb un tracte hum\u00e0 i proper. Per aix\u00f2, a l&#8217;<strong>Institut de Salut i Medicina Integrativa Medicus Gaia<\/strong>, ens adaptem a les teves necessitats. La nostra consulta \u00e9s oberta des de les 8:00 fins a les 20:00 h de dilluns a dijous i els divendres fins a les 17:00 h.  <\/span><\/p>\n<p>[\/et_pb_text][et_pb_code disabled_on=\u00bbon|on|off\u00bb _builder_version=\u00bb4.27.0&#8243; _module_preset=\u00bbdefault\u00bb global_colors_info=\u00bb{}\u00bb]<pee style=\"text-align: center;\"><strong><img decoding=\"async\" width=\"36px\" height=\"36px\" style=\"margin-right:16px;vertical-align:middle;\" src=\"\/wp-content\/uploads\/calendario.svg\" alt=\"Icona Calendari\"><span style=\"color: #43988f;\">Dilluns a dijous: 8:00 a 20:00 h. | Divendres: 8:00 a 17:00 h. <\/span><\/strong><\/pee>[\/et_pb_code][et_pb_code disabled_on=\u00bboff|off|on\u00bb _builder_version=\u00bb4.19.5&#8243; _module_preset=\u00bbdefault\u00bb global_colors_info=\u00bb{}\u00bb]<\/p>\n<div style=\"text-align: center;display:flex;alig-items:center;\"><pee><img decoding=\"async\" width=\"36px\" height=\"36px\" style=\"margin-right:16px;vertical-align:middle;\" src=\"\/wp-content\/uploads\/calendario.svg\"><\/pee><pee style=\"color: #43988f;\"><strong>Dilluns a dijous: 8:00 a 20:00 h. | Divendres: 8:00 a 17:00 h. <\/strong><\/pee><\/div>\n<p>[\/et_pb_code][\/et_pb_column][\/et_pb_row][\/et_pb_section][et_pb_section fb_built=\u00bb1&#8243; fullwidth=\u00bbon\u00bb _builder_version=\u00bb4.18.0&#8243; _module_preset=\u00bbdefault\u00bb global_module=\u00bb24625&#8243; saved_tabs=\u00bball\u00bb global_colors_info=\u00bb{}\u00bb][et_pb_fullwidth_slider show_pagination=\u00bboff\u00bb use_bg_overlay=\u00bboff\u00bb use_text_overlay=\u00bboff\u00bb _builder_version=\u00bb4.27.4&#8243; _module_preset=\u00bbdefault\u00bb background_enable_color=\u00bboff\u00bb background_image=\u00bbhttps:\/\/medicusgaia.com\/wp-content\/uploads\/2026\/04\/Reserva-tu-cita-2.png\u00bb custom_padding=\u00bb11vw||11vw||true|false\u00bb header_font_size_tablet=\u00bb47px\u00bb header_font_size_phone=\u00bb40px\u00bb header_font_size_last_edited=\u00bbon|phone\u00bb text_shadow_style=\u00bbpreset3&#8243; text_shadow_color=\u00bbRGBA(255,255,255,0)\u00bb global_colors_info=\u00bb{}\u00bb][et_pb_slide heading=\u00bbReserva la teva cita\u00bb button_text=\u00bbescriu-nos\u00bb button_link=\u00bbmailto:info@medicusgaia.com\u00bb url_new_window=\u00bbon\u00bb _builder_version=\u00bb4.27.4&#8243; _module_preset=\u00bbdefault\u00bb custom_button=\u00bbon\u00bb button_text_color=\u00bb#FFFFFF\u00bb button_bg_color=\u00bb#B365A1&#8243; button_border_width=\u00bb0px\u00bb button_letter_spacing=\u00bb2px\u00bb button_font=\u00bb|700|||||||\u00bb button_icon_color=\u00bb#FFFFFF\u00bb button_alignment=\u00bbcenter\u00bb button_text_2=\u00bbll\u00e1manos\u00bb button_link_2=\u00bbtel:+34932504555&#8243; global_colors_info=\u00bb{}\u00bb sticky_transition=\u00bbon\u00bb][\/et_pb_slide][\/et_pb_fullwidth_slider][\/et_pb_section]<\/p>\n","protected":false},"excerpt":{"rendered":"<p><div class=\"et_pb_module dsm_typing_effect dsm_typing_effect_0 et_pb_bg_layout_light \">\n\t\t\t\t\n\t\t\t\t\n\t\t\t\t\n\t\t\t\t\n\t\t\t\t\n\t\t\t\t\n\t\t\t\t<div class=\"et_pb_module_inner\">\n\t\t\t\t\t<h1 class=\"dsm-typing-effect et_pb_module_header\"><span class=\"dsm-typing-wrapper\"><span class=\"dsm-typing-strings\">C\u00e0ncer<\/span><span class=\"dsm-typing\" data-dsm-typing-cursor=\"|\" data-dsm-typing-strings=\"C\u00e0ncer\" data-dsm-typing-speed=30ms data-dsm-typing-backspeed=50ms data-dsm-typing-backdelay=700ms data-dsm-typing-loop=false data-dsm-typing-remove-cursor=off data-dsm-typing-fadeout=false data-dsm-typing-shuffle=false data-dsm-typing-delay=0ms data-dsm-typing-viewport=80% data-dsm-typing-repeat=on><\/span><\/span><\/h1>\n\t\t\t\t<\/div>\n\t\t\t<\/div>El nostre enfocament de treball La nostra feina no consisteix a tractar el c\u00e0ncer mitjan\u00e7ant ter\u00e0pies naturals ni a substituir els tractaments oncol\u00f2gics convencionals. El diagn\u00f2stic, tractament i seguiment del c\u00e0ncer han d&#8217;estar sempre dirigits per l&#8217;equip d&#8217;oncologia. No som una cl\u00ednica [&hellip;]<\/p>\n","protected":false},"author":5,"featured_media":0,"parent":0,"menu_order":0,"comment_status":"closed","ping_status":"closed","template":"","meta":{"_et_pb_use_builder":"on","_et_pb_old_content":"","_et_gb_content_width":"","footnotes":""},"class_list":["post-28882","page","type-page","status-publish","hentry"],"yoast_head":"<!-- This site is optimized with the Yoast SEO plugin v28.4 - https:\/\/yoast.com\/product\/yoast-seo-wordpress\/ -->\n<title>C\u00e0ncer i medicina integrativa | Hipert\u00e8rmia a Medicus Gaia<\/title>\n<meta name=\"description\" content=\"Acompanyem processos de c\u00e0ncer amb medicina integrativa i hipert\u00e8rmia oncol\u00f2gica profunda com a suport a tractaments convencionals.\" \/>\n<meta name=\"robots\" content=\"index, follow, max-snippet:-1, max-image-preview:large, max-video-preview:-1\" \/>\n<link rel=\"canonical\" href=\"https:\/\/medicusgaia.com\/ca\/cancer\/\" \/>\n<meta property=\"og:locale\" content=\"ca_ES\" \/>\n<meta property=\"og:type\" content=\"article\" \/>\n<meta property=\"og:title\" content=\"C\u00e0ncer i medicina integrativa | Hipert\u00e8rmia a Medicus Gaia\" \/>\n<meta property=\"og:description\" content=\"Acompanyem processos de c\u00e0ncer amb medicina integrativa i hipert\u00e8rmia oncol\u00f2gica profunda com a suport a tractaments convencionals.\" \/>\n<meta property=\"og:url\" content=\"https:\/\/medicusgaia.com\/ca\/cancer\/\" \/>\n<meta property=\"og:site_name\" content=\"Medicus Gaia\" \/>\n<meta property=\"article:publisher\" content=\"https:\/\/www.facebook.com\/profile.php?id=100083402287688\" \/>\n<meta property=\"article:modified_time\" content=\"2026-07-30T08:41:10+00:00\" \/>\n<meta name=\"twitter:card\" content=\"summary_large_image\" \/>\n<meta name=\"twitter:label1\" content=\"Temps estimat de lectura\" \/>\n\t<meta name=\"twitter:data1\" content=\"9 minuts\" \/>\n<script type=\"application\/ld+json\" class=\"yoast-schema-graph\">{\"@context\":\"https:\\\/\\\/schema.org\",\"@graph\":[{\"@type\":\"WebPage\",\"@id\":\"https:\\\/\\\/medicusgaia.com\\\/ca\\\/cancer\\\/\",\"url\":\"https:\\\/\\\/medicusgaia.com\\\/ca\\\/cancer\\\/\",\"name\":\"C\u00e0ncer i medicina integrativa | Hipert\u00e8rmia a Medicus Gaia\",\"isPartOf\":{\"@id\":\"https:\\\/\\\/medicusgaia.com\\\/ca\\\/#website\"},\"datePublished\":\"2026-03-06T10:08:21+00:00\",\"dateModified\":\"2026-07-30T08:41:10+00:00\",\"description\":\"Acompanyem processos de c\u00e0ncer amb medicina integrativa i hipert\u00e8rmia oncol\u00f2gica profunda com a suport a tractaments convencionals.\",\"inLanguage\":\"ca\",\"potentialAction\":[{\"@type\":\"ReadAction\",\"target\":[\"https:\\\/\\\/medicusgaia.com\\\/ca\\\/cancer\\\/\"]}]},{\"@type\":\"WebSite\",\"@id\":\"https:\\\/\\\/medicusgaia.com\\\/ca\\\/#website\",\"url\":\"https:\\\/\\\/medicusgaia.com\\\/ca\\\/\",\"name\":\"Medicus Gaia\",\"description\":\"Institut de Salut i Medicina Integrativa\",\"publisher\":{\"@id\":\"https:\\\/\\\/medicusgaia.com\\\/ca\\\/#organization\"},\"potentialAction\":[{\"@type\":\"SearchAction\",\"target\":{\"@type\":\"EntryPoint\",\"urlTemplate\":\"https:\\\/\\\/medicusgaia.com\\\/ca\\\/?s={search_term_string}\"},\"query-input\":{\"@type\":\"PropertyValueSpecification\",\"valueRequired\":true,\"valueName\":\"search_term_string\"}}],\"inLanguage\":\"ca\"},{\"@type\":\"Organization\",\"@id\":\"https:\\\/\\\/medicusgaia.com\\\/ca\\\/#organization\",\"name\":\"Medicus Gaia\",\"url\":\"https:\\\/\\\/medicusgaia.com\\\/ca\\\/\",\"logo\":{\"@type\":\"ImageObject\",\"inLanguage\":\"ca\",\"@id\":\"https:\\\/\\\/medicusgaia.com\\\/ca\\\/#\\\/schema\\\/logo\\\/image\\\/\",\"url\":\"https:\\\/\\\/medicusgaia.com\\\/wp-content\\\/uploads\\\/2024\\\/05\\\/medicus-gaia-institut-de-salut-i-medicina-integrativa-crisitina-pellicer-1.png\",\"contentUrl\":\"https:\\\/\\\/medicusgaia.com\\\/wp-content\\\/uploads\\\/2024\\\/05\\\/medicus-gaia-institut-de-salut-i-medicina-integrativa-crisitina-pellicer-1.png\",\"width\":900,\"height\":346,\"caption\":\"Medicus Gaia\"},\"image\":{\"@id\":\"https:\\\/\\\/medicusgaia.com\\\/ca\\\/#\\\/schema\\\/logo\\\/image\\\/\"},\"sameAs\":[\"https:\\\/\\\/www.facebook.com\\\/profile.php?id=100083402287688\",\"https:\\\/\\\/www.instagram.com\\\/ismi_medicusgaia\\\/\",\"https:\\\/\\\/www.linkedin.com\\\/company\\\/institut-de-salut-i-medicina-integrativa-medicus-gaia\\\/\"]}]}<\/script>\n<!-- \/ Yoast SEO plugin. -->","yoast_head_json":{"title":"C\u00e0ncer i medicina integrativa | Hipert\u00e8rmia a Medicus Gaia","description":"Acompanyem processos de c\u00e0ncer amb medicina integrativa i hipert\u00e8rmia oncol\u00f2gica profunda com a suport a tractaments convencionals.","robots":{"index":"index","follow":"follow","max-snippet":"max-snippet:-1","max-image-preview":"max-image-preview:large","max-video-preview":"max-video-preview:-1"},"canonical":"https:\/\/medicusgaia.com\/ca\/cancer\/","og_locale":"ca_ES","og_type":"article","og_title":"C\u00e0ncer i medicina integrativa | Hipert\u00e8rmia a Medicus Gaia","og_description":"Acompanyem processos de c\u00e0ncer amb medicina integrativa i hipert\u00e8rmia oncol\u00f2gica profunda com a suport a tractaments convencionals.","og_url":"https:\/\/medicusgaia.com\/ca\/cancer\/","og_site_name":"Medicus Gaia","article_publisher":"https:\/\/www.facebook.com\/profile.php?id=100083402287688","article_modified_time":"2026-07-30T08:41:10+00:00","twitter_card":"summary_large_image","twitter_misc":{"Temps estimat de lectura":"9 minuts"},"schema":{"@context":"https:\/\/schema.org","@graph":[{"@type":"WebPage","@id":"https:\/\/medicusgaia.com\/ca\/cancer\/","url":"https:\/\/medicusgaia.com\/ca\/cancer\/","name":"C\u00e0ncer i medicina integrativa | Hipert\u00e8rmia a Medicus Gaia","isPartOf":{"@id":"https:\/\/medicusgaia.com\/ca\/#website"},"datePublished":"2026-03-06T10:08:21+00:00","dateModified":"2026-07-30T08:41:10+00:00","description":"Acompanyem processos de c\u00e0ncer amb medicina integrativa i hipert\u00e8rmia oncol\u00f2gica profunda com a suport a tractaments convencionals.","inLanguage":"ca","potentialAction":[{"@type":"ReadAction","target":["https:\/\/medicusgaia.com\/ca\/cancer\/"]}]},{"@type":"WebSite","@id":"https:\/\/medicusgaia.com\/ca\/#website","url":"https:\/\/medicusgaia.com\/ca\/","name":"Medicus Gaia","description":"Institut de Salut i Medicina Integrativa","publisher":{"@id":"https:\/\/medicusgaia.com\/ca\/#organization"},"potentialAction":[{"@type":"SearchAction","target":{"@type":"EntryPoint","urlTemplate":"https:\/\/medicusgaia.com\/ca\/?s={search_term_string}"},"query-input":{"@type":"PropertyValueSpecification","valueRequired":true,"valueName":"search_term_string"}}],"inLanguage":"ca"},{"@type":"Organization","@id":"https:\/\/medicusgaia.com\/ca\/#organization","name":"Medicus Gaia","url":"https:\/\/medicusgaia.com\/ca\/","logo":{"@type":"ImageObject","inLanguage":"ca","@id":"https:\/\/medicusgaia.com\/ca\/#\/schema\/logo\/image\/","url":"https:\/\/medicusgaia.com\/wp-content\/uploads\/2024\/05\/medicus-gaia-institut-de-salut-i-medicina-integrativa-crisitina-pellicer-1.png","contentUrl":"https:\/\/medicusgaia.com\/wp-content\/uploads\/2024\/05\/medicus-gaia-institut-de-salut-i-medicina-integrativa-crisitina-pellicer-1.png","width":900,"height":346,"caption":"Medicus Gaia"},"image":{"@id":"https:\/\/medicusgaia.com\/ca\/#\/schema\/logo\/image\/"},"sameAs":["https:\/\/www.facebook.com\/profile.php?id=100083402287688","https:\/\/www.instagram.com\/ismi_medicusgaia\/","https:\/\/www.linkedin.com\/company\/institut-de-salut-i-medicina-integrativa-medicus-gaia\/"]}]}},"_links":{"self":[{"href":"https:\/\/medicusgaia.com\/ca\/wp-json\/wp\/v2\/pages\/28882","targetHints":{"allow":["GET"]}}],"collection":[{"href":"https:\/\/medicusgaia.com\/ca\/wp-json\/wp\/v2\/pages"}],"about":[{"href":"https:\/\/medicusgaia.com\/ca\/wp-json\/wp\/v2\/types\/page"}],"author":[{"embeddable":true,"href":"https:\/\/medicusgaia.com\/ca\/wp-json\/wp\/v2\/users\/5"}],"replies":[{"embeddable":true,"href":"https:\/\/medicusgaia.com\/ca\/wp-json\/wp\/v2\/comments?post=28882"}],"version-history":[{"count":15,"href":"https:\/\/medicusgaia.com\/ca\/wp-json\/wp\/v2\/pages\/28882\/revisions"}],"predecessor-version":[{"id":29695,"href":"https:\/\/medicusgaia.com\/ca\/wp-json\/wp\/v2\/pages\/28882\/revisions\/29695"}],"wp:attachment":[{"href":"https:\/\/medicusgaia.com\/ca\/wp-json\/wp\/v2\/media?parent=28882"}],"curies":[{"name":"wp","href":"https:\/\/api.w.org\/{rel}","templated":true}]}}