{"id":28882,"date":"2026-03-06T11:08:21","date_gmt":"2026-03-06T10:08:21","guid":{"rendered":"https:\/\/medicusgaia.com\/?page_id=28882"},"modified":"2026-04-14T11:35:12","modified_gmt":"2026-04-14T09:35:12","slug":"cancer","status":"publish","type":"page","link":"https:\/\/medicusgaia.com\/ca\/cancer\/","title":{"rendered":"C\u00e0ncer"},"content":{"rendered":"<p>[et_pb_section fb_built=&#8221;1&#8243; disabled_on=&#8221;off|off|off&#8221; admin_label=&#8221;Header&#8221; _builder_version=&#8221;4.27.4&#8243; background_image=&#8221;https:\/\/medicusgaia.com\/wp-content\/uploads\/2026\/02\/cancer.png&#8221; max_width_last_edited=&#8221;off|desktop&#8221; module_alignment=&#8221;center&#8221; custom_padding=&#8221;6vw||0||false|false&#8221; locked=&#8221;off&#8221; global_colors_info=&#8221;{}&#8221;][et_pb_row _builder_version=&#8221;4.16&#8243; global_colors_info=&#8221;{}&#8221;][et_pb_column type=&#8221;4_4&#8243; _builder_version=&#8221;4.16&#8243; custom_padding=&#8221;|||&#8221; global_colors_info=&#8221;{}&#8221; custom_padding__hover=&#8221;|||&#8221;][dsm_typing_effect typing_effect=&#8221;C\u00e0ncer&#8221; typing_loop=&#8221;off&#8221; typing_speed=&#8221;30ms&#8221; typing_cursor_color=&#8221;#CFD510&#8243; _builder_version=&#8221;4.27.4&#8243; _module_preset=&#8221;default&#8221; header_font=&#8221;|600|||||||&#8221; header_text_color=&#8221;#2B2B2B&#8221; header_font_size=&#8221;48px&#8221; header_font_size_tablet=&#8221;72px&#8221; header_font_size_phone=&#8221;45px&#8221; header_font_size_last_edited=&#8221;on|phone&#8221; global_colors_info=&#8221;{}&#8221;][\/dsm_typing_effect][\/et_pb_column][\/et_pb_row][\/et_pb_section][et_pb_section fb_built=&#8221;1&#8243; custom_padding_last_edited=&#8221;on|phone&#8221; _builder_version=&#8221;4.19.5&#8243; _module_preset=&#8221;default&#8221; background_color=&#8221;#f7faf9&#8243; min_height=&#8221;1565.2px&#8221; custom_margin=&#8221;||||false|false&#8221; custom_margin_tablet=&#8221;||||false|false&#8221; custom_margin_phone=&#8221;0px|0px|0px|0px|false|false&#8221; custom_margin_last_edited=&#8221;on|phone&#8221; custom_padding=&#8221;10px|0px|1px|0px|false|false&#8221; custom_padding_tablet=&#8221;10px|0px|50px|0px|false|false&#8221; custom_padding_phone=&#8221;||50px||false|false&#8221; global_colors_info=&#8221;{}&#8221;][et_pb_row custom_padding_last_edited=&#8221;on|phone&#8221; disabled_on=&#8221;on|on|off&#8221; _builder_version=&#8221;4.19.5&#8243; _module_preset=&#8221;default&#8221; background_color=&#8221;#f7faf9&#8243; custom_margin=&#8221;0px||||false|false&#8221; custom_padding=&#8221;50px|50px|50px|50px|true|false&#8221; custom_padding_tablet=&#8221;50px|50px|50px|50px|false|false&#8221; custom_padding_phone=&#8221;10px|10px|10px|10px|false|false&#8221; global_colors_info=&#8221;{}&#8221;][et_pb_column type=&#8221;4_4&#8243; _builder_version=&#8221;4.19.5&#8243; _module_preset=&#8221;default&#8221; global_colors_info=&#8221;{}&#8221;][et_pb_text _builder_version=&#8221;4.27.4&#8243; _module_preset=&#8221;default&#8221; global_colors_info=&#8221;{}&#8221;]<\/p>\n<h3 style=\"text-align: center;\"><b>El nostre enfocament de treball<\/b><\/h3>\n<p style=\"text-align: center;\"><span style=\"font-weight: 400;\">La nostra feina no consisteix a tractar el c\u00e0ncer mitjan\u00e7ant ter\u00e0pies naturals ni a substituir els tractaments oncol\u00f2gics convencionals. El diagn\u00f2stic, tractament i seguiment del c\u00e0ncer han d&#8217;estar sempre dirigits per l&#8217;equip d&#8217;oncologia. <\/span><\/p>\n<p style=\"text-align: center;\"><b>No som una cl\u00ednica de diagn\u00f2stic ni de seguiment oncol\u00f2gic<\/b><span style=\"font-weight: 400;\">. La nostra feina no consisteix a avaluar l&#8217;evoluci\u00f3 del tumor, modificar tractaments oncol\u00f2gics ni substituir les indicacions de l&#8217;onc\u00f2leg.<\/span><\/p>\n<p style=\"text-align: center;\"><span style=\"font-weight: 400;\">El nostre paper \u00e9s acompanyar el pacient oncol\u00f2gic de forma complement\u00e0ria i compatible amb el tractament que indiqui el vostre equip d&#8217;oncologia. \u00c9s a dir,  <\/span><b>treballem juntament amb el tractament m\u00e8dic, no en lloc d&#8217;ell.<\/b><\/p>\n<p>[\/et_pb_text][\/et_pb_column][\/et_pb_row][et_pb_row _builder_version=&#8221;4.27.4&#8243; _module_preset=&#8221;default&#8221; custom_padding=&#8221;0px||2px|||&#8221; global_colors_info=&#8221;{}&#8221;][et_pb_column type=&#8221;4_4&#8243; _builder_version=&#8221;4.19.5&#8243; _module_preset=&#8221;default&#8221; global_colors_info=&#8221;{}&#8221;][et_pb_text disabled_on=&#8221;on|on|off&#8221; _builder_version=&#8221;4.27.4&#8243; _module_preset=&#8221;default&#8221; header_4_line_height=&#8221;1.6em&#8221; global_colors_info=&#8221;{}&#8221;]<\/p>\n<h5><b>Valoraci\u00f3 i abordatge des de la medicina integrativa<\/b><\/h5>\n<p><span style=\"font-weight: 400;\">Durant la consulta fem una valoraci\u00f3 detallada del cas. Al llarg d&#8217;una hora i mitja aproximadament explorem diferents aspectes de la hist\u00f2ria cl\u00ednica, els h\u00e0bits i l&#8217;estat general amb l&#8217;objectiu d&#8217;identificar factors fisiol\u00f2gics i bioqu\u00edmics que poden influir en l&#8217;estat global de l&#8217;organisme durant el proc\u00e9s oncol\u00f2gic. <\/span><\/p>\n<p>Des de la medicina integrativa posem el focus en aspectes com ara la inflamaci\u00f3, l&#8217;estat metab\u00f2lic, la nutrici\u00f3, l&#8217;equilibri del sistema immunitari o l&#8217;impacte de l&#8217;estr\u00e8s fisiol\u00f2gic. <b>El nostre objectiu \u00e9s optimitzar el terreny biol\u00f2gic del pacient<\/b> per acompanyar millor el proc\u00e9s i afavorir una millor toler\u00e0ncia i adaptaci\u00f3 als tractaments m\u00e8dics.<\/p>\n<p>A partir d&#8217;aquesta valoraci\u00f3 podem proposar diferents intervencions, com ara ajustaments en l&#8217;estil de vida, recomanacions nutricionals, suplementaci\u00f3 espec\u00edfica o determinades ter\u00e0pies realitzades a la cl\u00ednica. <b>Totes aquestes mesures es plantegen sempre assegurant-ne la compatibilitat amb el tractament oncol\u00f2gic indicat per l&#8217;equip m\u00e8dic responsable.<\/b><\/p>\n<p><span style=\"font-weight: 400;\">A m\u00e9s, algunes ter\u00e0pies utilitzades en l&#8217;\u00e0mbit de l&#8217;oncologia integrativa poden contribuir a millorar la resposta de l&#8217;organisme als tractaments oncol\u00f2gics convencionals, sempre com a complement d&#8217;aquests. Entre elles es troben, per exemple, la  <\/span><a href=\"https:\/\/medicusgaia.com\/tratamientos\/hipertermia-oncologica-profunda\/\">Hipert\u00e8rmia Oncol\u00f2gica Capacitiva<\/a>, que s&#8217;utilitza en determinats contextos per donar suport i potenciar l&#8217;efic\u00e0cia de tractaments com la quimioter\u00e0pia o la radioter\u00e0pia.<\/p>\n<p><span style=\"font-weight: 400;\"><\/span><\/p>\n<h5><b>Acompanyament complementari al tractament oncol\u00f2gic<\/b><\/h5>\n<p><span style=\"font-weight: 400;\">Per aquest motiu, <b>si un pacient decideix no seguir el tractament oncol\u00f2gic indicat pel seu onc\u00f2leg, el nostre enfocament de treball no seria adequat<\/b>, ja que la nostra tasca est\u00e0 pensada com un acompanyament integratiu dins del proc\u00e9s oncol\u00f2gic, i no com una alternativa terap\u00e8utica al mateix<\/span><\/p>\n<p><span style=\"font-weight: 400;\"><\/span><\/p>\n<p>[\/et_pb_text][\/et_pb_column][\/et_pb_row][et_pb_row custom_padding_last_edited=&#8221;on|phone&#8221; disabled_on=&#8221;on|on|off&#8221; _builder_version=&#8221;4.19.5&#8243; _module_preset=&#8221;default&#8221; background_color=&#8221;#f7faf9&#8243; custom_margin=&#8221;0px||||false|false&#8221; custom_padding=&#8221;50px|50px|50px|50px|false|false&#8221; custom_padding_tablet=&#8221;50px|50px|50px|50px|false|false&#8221; custom_padding_phone=&#8221;10px|10px|10px|10px|false|false&#8221; global_colors_info=&#8221;{}&#8221;][et_pb_column type=&#8221;4_4&#8243; _builder_version=&#8221;4.19.5&#8243; _module_preset=&#8221;default&#8221; global_colors_info=&#8221;{}&#8221;][et_pb_text _builder_version=&#8221;4.27.4&#8243; _module_preset=&#8221;default&#8221; global_colors_info=&#8221;{}&#8221;]<\/p>\n<h3 style=\"text-align: center;\"><span style=\"font-weight: 400;\">Tens c\u00e0ncer?<\/span><\/h3>\n<p style=\"text-align: center;\"><span style=\"font-weight: 400;\">Hi ha alguna cosa important que conv\u00e9 saber: hi ha abordatges de suport que poden complementar el tractament convencional, amb l&#8217;objectiu de millorar la resposta i el benestar, sempre de manera personalitzada i valorant cada cas.<\/span><\/p>\n<p>[\/et_pb_text][\/et_pb_column][\/et_pb_row][et_pb_row column_structure=&#8221;3_5,2_5&#8243; _builder_version=&#8221;4.27.4&#8243; _module_preset=&#8221;default&#8221; custom_padding=&#8221;||2px|||&#8221; global_colors_info=&#8221;{}&#8221;][et_pb_column type=&#8221;3_5&#8243; _builder_version=&#8221;4.19.5&#8243; _module_preset=&#8221;default&#8221; global_colors_info=&#8221;{}&#8221;][et_pb_text disabled_on=&#8221;on|on|off&#8221; _builder_version=&#8221;4.27.4&#8243; _module_preset=&#8221;default&#8221; header_4_line_height=&#8221;1.6em&#8221; global_colors_info=&#8221;{}&#8221;]<\/p>\n<h3>Podem ajudar-te amb <a href=\"https:\/\/medicusgaia.com\/tratamientos\/hipertermia-oncologica-profunda\/\" title=\"Hipert\u00e8rmia Oncol\u00f2gica Profunda\"><strong>Hipert\u00e8rmia Oncol\u00f2gica Capacitiva<\/strong><\/a><\/h3>\n<p>La Hipert\u00e8rmia Oncol\u00f2gica Capacitiva \u00e9s una t\u00e8cnica indicada en tumors s\u00f2lids <b>(no s&#8217;utilitza en neopl\u00e0sies hematol\u00f2giques com leuc\u00e8mies, limfomes, mieloma m\u00faltiple, etc.)<\/b>. Consisteix a aplicar calor controlada i localitzada (al voltant de 43 \u00b0C, una temperatura clau per al seu efecte biol\u00f2gic) mitjan\u00e7ant radiofreq\u00fc\u00e8ncia i camps electromagn\u00e8tics, per tal de crear un entorn menys favorable per a les c\u00e8l\u00b7lules tumorals i m\u00e9s propici per a l&#8217;acci\u00f3 terap\u00e8utica.<\/p>\n<p>Aquest augment t\u00e8rmic sostingut dificulta el funcionament de les c\u00e8l\u00b7lules tumorals i afavoreix processos de mort cel\u00b7lular programada (apoptosi)<span style=\"font-weight: 400;\"> en una part. En altres, no necess\u00e0riament les destrueix immediatament, per\u00f2 les torna m\u00e9s vulnerables, cosa que es pot traduir en m\u00e9s sensibilitat a tractaments convencionals. <\/span><\/p>\n<p>En paral\u00b7lel, el teixit sa sol respondre de manera diferent: la calor millora la microcirculaci\u00f3, afavorir l&#8217;oxigenaci\u00f3 i donar suport a mecanismes de reparaci\u00f3 i defensa de l&#8217;organisme, cosa que contribueix a una millor toler\u00e0ncia global del proc\u00e9s terap\u00e8utic.<\/p>\n<p><span style=\"font-weight: 400;\">A m\u00e9s, la Hipert\u00e8rmia Onc\u00f2gica Capacitiva modifica l&#8217;entorn f\u00edsic del tumor i genera un microambient m\u00e9s inestable i estressant per a les c\u00e8l\u00b7lules malignes, cosa que suma dificultat a la seva superviv\u00e8ncia.<\/span><\/p>\n<p><span style=\"font-weight: 400;\">Un altre aspecte rellevant \u00e9s que, en millorar el flux sanguini local, aquest tractament potencia l&#8217;arribada i l&#8217;acci\u00f3 de tractaments com quimioter\u00e0pia, radioter\u00e0pia o immunoter\u00e0pia a la zona tractada, ajudant que actu\u00efn amb m\u00e9s precisi\u00f3.<\/span><\/p>\n<p><span style=\"font-weight: 400;\"><\/span><\/p>\n<p>[\/et_pb_text][\/et_pb_column][et_pb_column type=&#8221;2_5&#8243; _builder_version=&#8221;4.19.5&#8243; _module_preset=&#8221;default&#8221; global_colors_info=&#8221;{}&#8221;][et_pb_video src_webm=&#8221;https:\/\/medicusgaia.com\/wp-content\/uploads\/2025\/06\/Te-lo-explico-en-1-minuto.mp4&#8243; _builder_version=&#8221;4.27.4&#8243; _module_preset=&#8221;default&#8221; global_colors_info=&#8221;{}&#8221;][\/et_pb_video][\/et_pb_column][\/et_pb_row][et_pb_row _builder_version=&#8221;4.27.4&#8243; _module_preset=&#8221;default&#8221; custom_padding=&#8221;0px|||||&#8221; global_colors_info=&#8221;{}&#8221;][et_pb_column type=&#8221;4_4&#8243; _builder_version=&#8221;4.27.4&#8243; _module_preset=&#8221;default&#8221; global_colors_info=&#8221;{}&#8221;][et_pb_text _builder_version=&#8221;4.27.4&#8243; _module_preset=&#8221;default&#8221; custom_margin=&#8221;||28px|||&#8221; global_colors_info=&#8221;{}&#8221; custom_padding=&#8221;0px|||||&#8221;]<\/p>\n<p>&nbsp;<\/p>\n<p><span style=\"font-weight: 400;\">\u00c9s important subratllar-ho: la Hipert\u00e8rmia Oncol\u00f2gica Capacitiva \u00e9s un tractament complementari, no alternatiu, i s&#8217;integra dins un pla m\u00e8dic supervisat. Tot i que l&#8217;origen est\u00e0 lligat a l&#8217;\u00e0mbit de la radioter\u00e0pia, no \u00e9s radioter\u00e0pia. Acostuma a presentar bona toler\u00e0ncia, amb pocs efectes secundaris i, si apareixen, normalment s\u00f3n lleus. Tot i aix\u00ed, hi ha contraindicacions i criteris de seguretat que s&#8217;avaluen abans d&#8217;indicar el tractament.   <\/span><\/p>\n<p>[\/et_pb_text][et_pb_text _builder_version=&#8221;4.27.4&#8243; _module_preset=&#8221;default&#8221; global_colors_info=&#8221;{}&#8221;]<\/p>\n<h3 class=\"et_pb_module_heading\" style=\"text-align: center;\">Gaireb\u00e9 20 anys acompanyant persones amb c\u00e0ncer<\/h3>\n<p style=\"text-align: center;\"><span style=\"font-weight: 400;\">A l&#8217;Institut de Salut i Medicina Integrativa Medicus Gaia, no treballem nom\u00e9s sobre un diagn\u00f2stic: acompanyem persones.<\/span><\/p>\n<p style=\"text-align: center;\"><span style=\"font-weight: 400;\">Combinem la medicina convencional amb tractaments i ter\u00e0pies complement\u00e0ries amb base cient\u00edfica, sempre amb criteri cl\u00ednic i coordinaci\u00f3.<\/span><\/p>\n<p style=\"text-align: center;\"><span style=\"font-weight: 400;\">Sabem que no hi ha dos processos iguals.<\/span><\/p>\n<p style=\"text-align: center;\"><span style=\"font-weight: 400;\">Per aix\u00f2, els nostres plans es dissenyen a mida: ens adaptem a tu, i no pas al rev\u00e9s.<\/span><\/p>\n<p>[\/et_pb_text][et_pb_button button_url=&#8221;https:\/\/medicusgaia.com\/ca\/contacte\/&#8221; button_text=&#8221;Sol\u00b7licitar m\u00e9s informaci\u00f3&#8221; button_alignment=&#8221;center&#8221; disabled_on=&#8221;off|off|off&#8221; _builder_version=&#8221;4.27.4&#8243; _module_preset=&#8221;default&#8221; custom_button=&#8221;on&#8221; button_text_color=&#8221;#FFFFFF&#8221; button_bg_color=&#8221;#2f8e85&#8243; button_border_width=&#8221;0px&#8221; button_use_icon=&#8221;off&#8221; background_layout=&#8221;dark&#8221; custom_margin=&#8221;21px||21px|||&#8221; global_colors_info=&#8221;{}&#8221;][\/et_pb_button][\/et_pb_column][\/et_pb_row][et_pb_row _builder_version=&#8221;4.18.0&#8243; _module_preset=&#8221;default&#8221; global_colors_info=&#8221;{}&#8221;][et_pb_column type=&#8221;4_4&#8243; _builder_version=&#8221;4.18.0&#8243; _module_preset=&#8221;default&#8221; global_colors_info=&#8221;{}&#8221;][et_pb_text _builder_version=&#8221;4.27.0&#8243; _module_preset=&#8221;default&#8221; header_4_line_height=&#8221;1.6em&#8221; global_colors_info=&#8221;{}&#8221;]<\/p>\n<h4 style=\"text-align: center;\">Horaris i Atenci\u00f3<\/h4>\n<p style=\"text-align: center;\">El nostre comprom\u00eds \u00e9s oferir un servei de qualitat amb un tracte hum\u00e0 i proper. Per aix\u00f2, a l&#8217;<strong>Institut de Salut i Medicina Integrativa Medicus Gaia<\/strong>, ens adaptem a les teves necessitats. La nostra consulta est\u00e0 oberta des de les 8 del mat\u00ed fins a les 8 del vespre de dilluns a dijous i els divendres fins a les 17h.<\/p>\n<p>[\/et_pb_text][et_pb_code disabled_on=&#8221;on|on|off&#8221; _builder_version=&#8221;4.27.0&#8243; _module_preset=&#8221;default&#8221; global_colors_info=&#8221;{}&#8221;]<pee style=\"text-align: center;\"><strong><img decoding=\"async\" width=\"36px\" height=\"36px\" style=\"margin-right:16px;vertical-align:middle;\" src=\"\/wp-content\/uploads\/calendario.svg\" alt=\"Icona Calendari\"><span style=\"color: #43988f;\">Dilluns a dijous: 8:00 a 20:00 h. | Divendres: 8:00 a 17:00 h.<\/span><\/strong><\/pee>[\/et_pb_code][et_pb_code disabled_on=&#8221;off|off|on&#8221; _builder_version=&#8221;4.19.5&#8243; _module_preset=&#8221;default&#8221; global_colors_info=&#8221;{}&#8221;]<\/p>\n<div style=\"text-align: center;display:flex;alig-items:center;\"><pee><img decoding=\"async\" width=\"36px\" height=\"36px\" style=\"margin-right:16px;vertical-align:middle;\" src=\"\/wp-content\/uploads\/calendario.svg\"><\/pee><pee style=\"color: #43988f;\"><strong>Dilluns a dijous: 8:00 a 20:00 h. | Divendres: 8:00 a 17:00 h.<\/strong><\/pee><\/div>\n<p>[\/et_pb_code][\/et_pb_column][\/et_pb_row][\/et_pb_section][et_pb_section fb_built=&#8221;1&#8243; fullwidth=&#8221;on&#8221; _builder_version=&#8221;4.18.0&#8243; _module_preset=&#8221;default&#8221; global_module=&#8221;24625&#8243; saved_tabs=&#8221;all&#8221; global_colors_info=&#8221;{}&#8221;][et_pb_fullwidth_slider show_pagination=&#8221;off&#8221; use_bg_overlay=&#8221;off&#8221; use_text_overlay=&#8221;off&#8221; _builder_version=&#8221;4.27.4&#8243; _module_preset=&#8221;default&#8221; background_enable_color=&#8221;off&#8221; background_image=&#8221;https:\/\/medicusgaia.com\/wp-content\/uploads\/2026\/02\/Reserva-tu-cita-1.png&#8221; background_position=&#8221;center_right&#8221; custom_padding=&#8221;11vw||11vw||true|false&#8221; header_font_size_tablet=&#8221;47px&#8221; header_font_size_phone=&#8221;40px&#8221; header_font_size_last_edited=&#8221;on|phone&#8221; text_shadow_style=&#8221;preset3&#8243; text_shadow_color=&#8221;RGBA(255,255,255,0)&#8221; global_colors_info=&#8221;{}&#8221;][et_pb_slide heading=&#8221;Reserva la teva cita&#8221; button_text=&#8221;escriu-nos&#8221; button_link=&#8221;mailto:info@medicusgaia.com&#8221; url_new_window=&#8221;on&#8221; _builder_version=&#8221;4.27.4&#8243; _module_preset=&#8221;default&#8221; custom_button=&#8221;on&#8221; button_text_color=&#8221;#FFFFFF&#8221; button_bg_color=&#8221;#B365A1&#8243; button_border_width=&#8221;0px&#8221; button_letter_spacing=&#8221;2px&#8221; button_font=&#8221;|700|||||||&#8221; button_icon_color=&#8221;#FFFFFF&#8221; button_alignment=&#8221;center&#8221; button_text_2=&#8221;ll\u00e1manos&#8221; button_link_2=&#8221;tel:+34932504555&#8243; global_colors_info=&#8221;{}&#8221; sticky_transition=&#8221;on&#8221;][\/et_pb_slide][\/et_pb_fullwidth_slider][\/et_pb_section]<\/p>\n","protected":false},"excerpt":{"rendered":"<p><div class=\"et_pb_module dsm_typing_effect dsm_typing_effect_0 et_pb_bg_layout_light \">\n\t\t\t\t\n\t\t\t\t\n\t\t\t\t\n\t\t\t\t\n\t\t\t\t\n\t\t\t\t\n\t\t\t\t<div class=\"et_pb_module_inner\">\n\t\t\t\t\t<h1 class=\"dsm-typing-effect et_pb_module_header\"><span class=\"dsm-typing-wrapper\"><span class=\"dsm-typing-strings\">C\u00e0ncer<\/span><span class=\"dsm-typing\" data-dsm-typing-cursor=\"|\" data-dsm-typing-strings=\"C\u00e0ncer\" data-dsm-typing-speed=30ms data-dsm-typing-backspeed=50ms data-dsm-typing-backdelay=700ms data-dsm-typing-loop=false data-dsm-typing-remove-cursor=off data-dsm-typing-fadeout=false data-dsm-typing-shuffle=false data-dsm-typing-delay=0ms data-dsm-typing-viewport=80% data-dsm-typing-repeat=on><\/span><\/span><\/h1>\n\t\t\t\t<\/div>\n\t\t\t<\/div>El nostre enfocament de treball La nostra feina no consisteix a tractar el c\u00e0ncer mitjan\u00e7ant ter\u00e0pies naturals ni a substituir els tractaments oncol\u00f2gics convencionals. El diagn\u00f2stic, tractament i seguiment del c\u00e0ncer han d&#8217;estar sempre dirigits per l&#8217;equip d&#8217;oncologia. No som una cl\u00ednica [&hellip;]<\/p>\n","protected":false},"author":5,"featured_media":0,"parent":0,"menu_order":0,"comment_status":"closed","ping_status":"closed","template":"","meta":{"_et_pb_use_builder":"on","_et_pb_old_content":"","_et_gb_content_width":"","footnotes":""},"class_list":["post-28882","page","type-page","status-publish","hentry"],"yoast_head":"<!-- This site is optimized with the Yoast SEO plugin v27.4 - https:\/\/yoast.com\/product\/yoast-seo-wordpress\/ -->\n<title>C\u00e0ncer i medicina integrativa | Hipert\u00e8rmia a Medicus Gaia<\/title>\n<meta name=\"description\" content=\"Acompanyem processos de c\u00e0ncer amb medicina integrativa i hipert\u00e8rmia oncol\u00f2gica profunda com a suport a tractaments convencionals.\" \/>\n<meta name=\"robots\" content=\"index, follow, max-snippet:-1, max-image-preview:large, max-video-preview:-1\" \/>\n<link rel=\"canonical\" href=\"https:\/\/medicusgaia.com\/ca\/cancer\/\" \/>\n<meta property=\"og:locale\" content=\"ca_ES\" \/>\n<meta property=\"og:type\" content=\"article\" \/>\n<meta property=\"og:title\" content=\"C\u00e0ncer i medicina integrativa | Hipert\u00e8rmia a Medicus Gaia\" \/>\n<meta property=\"og:description\" content=\"Acompanyem processos de c\u00e0ncer amb medicina integrativa i hipert\u00e8rmia oncol\u00f2gica profunda com a suport a tractaments convencionals.\" \/>\n<meta property=\"og:url\" content=\"https:\/\/medicusgaia.com\/ca\/cancer\/\" \/>\n<meta property=\"og:site_name\" content=\"Medicus Gaia\" \/>\n<meta property=\"article:publisher\" content=\"https:\/\/www.facebook.com\/profile.php?id=100083402287688\" \/>\n<meta property=\"article:modified_time\" content=\"2026-04-14T09:35:12+00:00\" \/>\n<meta name=\"twitter:card\" content=\"summary_large_image\" \/>\n<meta name=\"twitter:label1\" content=\"Temps estimat de lectura\" \/>\n\t<meta name=\"twitter:data1\" content=\"9 minuts\" \/>\n<script type=\"application\/ld+json\" class=\"yoast-schema-graph\">{\"@context\":\"https:\\\/\\\/schema.org\",\"@graph\":[{\"@type\":\"WebPage\",\"@id\":\"https:\\\/\\\/medicusgaia.com\\\/ca\\\/cancer\\\/\",\"url\":\"https:\\\/\\\/medicusgaia.com\\\/ca\\\/cancer\\\/\",\"name\":\"C\u00e0ncer i medicina integrativa | Hipert\u00e8rmia a Medicus Gaia\",\"isPartOf\":{\"@id\":\"https:\\\/\\\/medicusgaia.com\\\/ca\\\/#website\"},\"datePublished\":\"2026-03-06T10:08:21+00:00\",\"dateModified\":\"2026-04-14T09:35:12+00:00\",\"description\":\"Acompanyem processos de c\u00e0ncer amb medicina integrativa i hipert\u00e8rmia oncol\u00f2gica profunda com a suport a tractaments convencionals.\",\"inLanguage\":\"ca\",\"potentialAction\":[{\"@type\":\"ReadAction\",\"target\":[\"https:\\\/\\\/medicusgaia.com\\\/ca\\\/cancer\\\/\"]}]},{\"@type\":\"WebSite\",\"@id\":\"https:\\\/\\\/medicusgaia.com\\\/ca\\\/#website\",\"url\":\"https:\\\/\\\/medicusgaia.com\\\/ca\\\/\",\"name\":\"Medicus Gaia\",\"description\":\"Institut de Salut i Medicina Integrativa\",\"publisher\":{\"@id\":\"https:\\\/\\\/medicusgaia.com\\\/ca\\\/#organization\"},\"potentialAction\":[{\"@type\":\"SearchAction\",\"target\":{\"@type\":\"EntryPoint\",\"urlTemplate\":\"https:\\\/\\\/medicusgaia.com\\\/ca\\\/?s={search_term_string}\"},\"query-input\":{\"@type\":\"PropertyValueSpecification\",\"valueRequired\":true,\"valueName\":\"search_term_string\"}}],\"inLanguage\":\"ca\"},{\"@type\":\"Organization\",\"@id\":\"https:\\\/\\\/medicusgaia.com\\\/ca\\\/#organization\",\"name\":\"Medicus Gaia\",\"url\":\"https:\\\/\\\/medicusgaia.com\\\/ca\\\/\",\"logo\":{\"@type\":\"ImageObject\",\"inLanguage\":\"ca\",\"@id\":\"https:\\\/\\\/medicusgaia.com\\\/ca\\\/#\\\/schema\\\/logo\\\/image\\\/\",\"url\":\"https:\\\/\\\/medicusgaia.com\\\/wp-content\\\/uploads\\\/2024\\\/05\\\/medicus-gaia-institut-de-salut-i-medicina-integrativa-crisitina-pellicer-1.png\",\"contentUrl\":\"https:\\\/\\\/medicusgaia.com\\\/wp-content\\\/uploads\\\/2024\\\/05\\\/medicus-gaia-institut-de-salut-i-medicina-integrativa-crisitina-pellicer-1.png\",\"width\":900,\"height\":346,\"caption\":\"Medicus Gaia\"},\"image\":{\"@id\":\"https:\\\/\\\/medicusgaia.com\\\/ca\\\/#\\\/schema\\\/logo\\\/image\\\/\"},\"sameAs\":[\"https:\\\/\\\/www.facebook.com\\\/profile.php?id=100083402287688\",\"https:\\\/\\\/www.instagram.com\\\/ismi_medicusgaia\\\/\",\"https:\\\/\\\/www.linkedin.com\\\/company\\\/institut-de-salut-i-medicina-integrativa-medicus-gaia\\\/\"]}]}<\/script>\n<!-- \/ Yoast SEO plugin. -->","yoast_head_json":{"title":"C\u00e0ncer i medicina integrativa | Hipert\u00e8rmia a Medicus Gaia","description":"Acompanyem processos de c\u00e0ncer amb medicina integrativa i hipert\u00e8rmia oncol\u00f2gica profunda com a suport a tractaments convencionals.","robots":{"index":"index","follow":"follow","max-snippet":"max-snippet:-1","max-image-preview":"max-image-preview:large","max-video-preview":"max-video-preview:-1"},"canonical":"https:\/\/medicusgaia.com\/ca\/cancer\/","og_locale":"ca_ES","og_type":"article","og_title":"C\u00e0ncer i medicina integrativa | Hipert\u00e8rmia a Medicus Gaia","og_description":"Acompanyem processos de c\u00e0ncer amb medicina integrativa i hipert\u00e8rmia oncol\u00f2gica profunda com a suport a tractaments convencionals.","og_url":"https:\/\/medicusgaia.com\/ca\/cancer\/","og_site_name":"Medicus Gaia","article_publisher":"https:\/\/www.facebook.com\/profile.php?id=100083402287688","article_modified_time":"2026-04-14T09:35:12+00:00","twitter_card":"summary_large_image","twitter_misc":{"Temps estimat de lectura":"9 minuts"},"schema":{"@context":"https:\/\/schema.org","@graph":[{"@type":"WebPage","@id":"https:\/\/medicusgaia.com\/ca\/cancer\/","url":"https:\/\/medicusgaia.com\/ca\/cancer\/","name":"C\u00e0ncer i medicina integrativa | Hipert\u00e8rmia a Medicus Gaia","isPartOf":{"@id":"https:\/\/medicusgaia.com\/ca\/#website"},"datePublished":"2026-03-06T10:08:21+00:00","dateModified":"2026-04-14T09:35:12+00:00","description":"Acompanyem processos de c\u00e0ncer amb medicina integrativa i hipert\u00e8rmia oncol\u00f2gica profunda com a suport a tractaments convencionals.","inLanguage":"ca","potentialAction":[{"@type":"ReadAction","target":["https:\/\/medicusgaia.com\/ca\/cancer\/"]}]},{"@type":"WebSite","@id":"https:\/\/medicusgaia.com\/ca\/#website","url":"https:\/\/medicusgaia.com\/ca\/","name":"Medicus Gaia","description":"Institut de Salut i Medicina Integrativa","publisher":{"@id":"https:\/\/medicusgaia.com\/ca\/#organization"},"potentialAction":[{"@type":"SearchAction","target":{"@type":"EntryPoint","urlTemplate":"https:\/\/medicusgaia.com\/ca\/?s={search_term_string}"},"query-input":{"@type":"PropertyValueSpecification","valueRequired":true,"valueName":"search_term_string"}}],"inLanguage":"ca"},{"@type":"Organization","@id":"https:\/\/medicusgaia.com\/ca\/#organization","name":"Medicus Gaia","url":"https:\/\/medicusgaia.com\/ca\/","logo":{"@type":"ImageObject","inLanguage":"ca","@id":"https:\/\/medicusgaia.com\/ca\/#\/schema\/logo\/image\/","url":"https:\/\/medicusgaia.com\/wp-content\/uploads\/2024\/05\/medicus-gaia-institut-de-salut-i-medicina-integrativa-crisitina-pellicer-1.png","contentUrl":"https:\/\/medicusgaia.com\/wp-content\/uploads\/2024\/05\/medicus-gaia-institut-de-salut-i-medicina-integrativa-crisitina-pellicer-1.png","width":900,"height":346,"caption":"Medicus Gaia"},"image":{"@id":"https:\/\/medicusgaia.com\/ca\/#\/schema\/logo\/image\/"},"sameAs":["https:\/\/www.facebook.com\/profile.php?id=100083402287688","https:\/\/www.instagram.com\/ismi_medicusgaia\/","https:\/\/www.linkedin.com\/company\/institut-de-salut-i-medicina-integrativa-medicus-gaia\/"]}]}},"_links":{"self":[{"href":"https:\/\/medicusgaia.com\/ca\/wp-json\/wp\/v2\/pages\/28882","targetHints":{"allow":["GET"]}}],"collection":[{"href":"https:\/\/medicusgaia.com\/ca\/wp-json\/wp\/v2\/pages"}],"about":[{"href":"https:\/\/medicusgaia.com\/ca\/wp-json\/wp\/v2\/types\/page"}],"author":[{"embeddable":true,"href":"https:\/\/medicusgaia.com\/ca\/wp-json\/wp\/v2\/users\/5"}],"replies":[{"embeddable":true,"href":"https:\/\/medicusgaia.com\/ca\/wp-json\/wp\/v2\/comments?post=28882"}],"version-history":[{"count":11,"href":"https:\/\/medicusgaia.com\/ca\/wp-json\/wp\/v2\/pages\/28882\/revisions"}],"predecessor-version":[{"id":29359,"href":"https:\/\/medicusgaia.com\/ca\/wp-json\/wp\/v2\/pages\/28882\/revisions\/29359"}],"wp:attachment":[{"href":"https:\/\/medicusgaia.com\/ca\/wp-json\/wp\/v2\/media?parent=28882"}],"curies":[{"name":"wp","href":"https:\/\/api.w.org\/{rel}","templated":true}]}}