{"id":26270,"date":"2024-05-22T16:41:33","date_gmt":"2024-05-22T14:41:33","guid":{"rendered":"https:\/\/medicusgaia.com\/?page_id=26270"},"modified":"2026-04-14T11:13:50","modified_gmt":"2026-04-14T09:13:50","slug":"hipertermia-oncologica-capacitiva","status":"publish","type":"page","link":"https:\/\/medicusgaia.com\/ca\/tractaments\/hipertermia-oncologica-capacitiva\/","title":{"rendered":"Hipert\u00e8rmia Oncol\u00f2gica Capacitiva: Suport Integral Contra el C\u00e0ncer"},"content":{"rendered":"<p>[et_pb_section fb_built=&#8221;1&#8243; disabled_on=&#8221;on|on|off&#8221; admin_label=&#8221;Header&#8221; _builder_version=&#8221;4.19.5&#8243; background_image=&#8221;https:\/\/medicusgaia.com\/wp-content\/uploads\/2024\/01\/desktop_ozono.webp&#8221; max_width_last_edited=&#8221;off|desktop&#8221; module_alignment=&#8221;center&#8221; custom_padding=&#8221;6vw||0||false|false&#8221; locked=&#8221;off&#8221; global_colors_info=&#8221;{}&#8221;][et_pb_row _builder_version=&#8221;4.16&#8243; global_colors_info=&#8221;{}&#8221;][et_pb_column type=&#8221;4_4&#8243; _builder_version=&#8221;4.16&#8243; custom_padding=&#8221;|||&#8221; global_colors_info=&#8221;{}&#8221; custom_padding__hover=&#8221;|||&#8221;][dsm_typing_effect typing_effect=&#8221;Hipert\u00e8rmia Oncol\u00f2gica Capacitiva: Suport Integral Contra el C\u00e0ncer&#8221; typing_loop=&#8221;off&#8221; typing_speed=&#8221;30ms&#8221; typing_cursor_color=&#8221;#CFD510&#8243; _builder_version=&#8221;4.27.4&#8243; _module_preset=&#8221;default&#8221; header_font=&#8221;|600|||||||&#8221; header_text_color=&#8221;#00756A&#8221; header_font_size=&#8221;48px&#8221; hover_enabled=&#8221;0&#8243; header_font_size_tablet=&#8221;72px&#8221; header_font_size_phone=&#8221;45px&#8221; header_font_size_last_edited=&#8221;on|phone&#8221; global_colors_info=&#8221;{}&#8221; sticky_enabled=&#8221;0&#8243;][\/dsm_typing_effect][\/et_pb_column][\/et_pb_row][\/et_pb_section][et_pb_section fb_built=&#8221;1&#8243; custom_padding_last_edited=&#8221;on|phone&#8221; _builder_version=&#8221;4.19.5&#8243; _module_preset=&#8221;default&#8221; custom_margin=&#8221;0px|0px|0px|0px|false|false&#8221; custom_padding_tablet=&#8221;&#8221; custom_padding_phone=&#8221;20px|0px|20px|0px|false|false&#8221; global_colors_info=&#8221;{}&#8221;][et_pb_row column_structure=&#8221;1_2,1_2&#8243; _builder_version=&#8221;4.25.1&#8243; _module_preset=&#8221;default&#8221; min_height=&#8221;576.8px&#8221; custom_margin=&#8221;0px||0px||false|false&#8221; custom_padding=&#8221;0px||0px||false|false&#8221; global_colors_info=&#8221;{}&#8221;][et_pb_column type=&#8221;1_2&#8243; _builder_version=&#8221;4.18.0&#8243; _module_preset=&#8221;default&#8221; global_colors_info=&#8221;{}&#8221;][et_pb_code disabled_on=&#8221;on|on|off&#8221; _builder_version=&#8221;4.27.4&#8243; _module_preset=&#8221;default&#8221; width=&#8221;100%&#8221; custom_margin=&#8221;||0px||false|false&#8221; custom_margin_tablet=&#8221;&#8221; custom_margin_phone=&#8221;50px||0px||false|false&#8221; custom_margin_last_edited=&#8221;on|phone&#8221; custom_padding=&#8221;||0px||false|false&#8221; hover_enabled=&#8221;0&#8243; global_colors_info=&#8221;{}&#8221; sticky_enabled=&#8221;0&#8243;]<\/p>\n<h2 style=\"font-size:43px\" class=\"title-h2\"><!-- [et_pb_line_break_holder] -->Qu\u00e8 \u00e9s la Hipert\u00e8rmia Oncol\u00f2gica Capacitiva?<!-- [et_pb_line_break_holder] --><\/h2>\n<p><!-- [et_pb_line_break_holder] --><\/p>\n<style><!-- [et_pb_line_break_holder] -->  h4{<!-- [et_pb_line_break_holder] -->color: #1A171B;<!-- [et_pb_line_break_holder] --><!-- [et_pb_line_break_holder] -->font-family: Libre Baskerville;<!-- [et_pb_line_break_holder] -->font-size: 43px;<!-- [et_pb_line_break_holder] -->font-style: normal;<!-- [et_pb_line_break_holder] -->font-weight: 400;<!-- [et_pb_line_break_holder] -->line-height: 60.2px; \/* 140% *\/<!-- [et_pb_line_break_holder] -->  }<!-- [et_pb_line_break_holder] -->  @media (max-width: 768px) {<!-- [et_pb_line_break_holder] -->   h2,h4{<!-- [et_pb_line_break_holder] -->font-size: 30px ;<!-- [et_pb_line_break_holder] -->line-height: normal !important;<!-- [et_pb_line_break_holder] -->    }<!-- [et_pb_line_break_holder] -->    h1{font-size: 26px !important;}<!-- [et_pb_line_break_holder] -->    .title-h2 h2{font-size:26px !important;}<!-- [et_pb_line_break_holder] -->  }<!-- [et_pb_line_break_holder] --><\/style>\n<p><!-- [et_pb_line_break_holder] --><!-- [et_pb_line_break_holder] -->[\/et_pb_code][et_pb_code disabled_on=&#8221;off|off|on&#8221; _builder_version=&#8221;4.27.4&#8243; _module_preset=&#8221;default&#8221; custom_margin_tablet=&#8221;&#8221; custom_margin_phone=&#8221;50px||0px||false|false&#8221; custom_margin_last_edited=&#8221;on|phone&#8221; custom_padding=&#8221;||0px||false|false&#8221; hover_enabled=&#8221;0&#8243; global_colors_info=&#8221;{}&#8221; sticky_enabled=&#8221;0&#8243;]<\/p>\n<h2 style=\"font-size:26px\" class=\"title-h2\"><!-- [et_pb_line_break_holder] -->Qu\u00e8 \u00e9s la Hipert\u00e8rmia Oncol\u00f2gica Capacitiva?<!-- [et_pb_line_break_holder] --><\/h2>\n<p><!-- [et_pb_line_break_holder] --><\/p>\n<style><!-- [et_pb_line_break_holder] -->  h4{<!-- [et_pb_line_break_holder] -->color: #1A171B;<!-- [et_pb_line_break_holder] --><!-- [et_pb_line_break_holder] -->font-family: Libre Baskerville;<!-- [et_pb_line_break_holder] -->font-size: 43px;<!-- [et_pb_line_break_holder] -->font-style: normal;<!-- [et_pb_line_break_holder] -->font-weight: 400;<!-- [et_pb_line_break_holder] -->line-height: 60.2px; \/* 140% *\/<!-- [et_pb_line_break_holder] -->  }<!-- [et_pb_line_break_holder] -->  @media (max-width: 768px) {<!-- [et_pb_line_break_holder] -->   h2,h4{<!-- [et_pb_line_break_holder] -->font-size: 30px ;<!-- [et_pb_line_break_holder] -->line-height: normal !important;<!-- [et_pb_line_break_holder] -->    }<!-- [et_pb_line_break_holder] -->    h1{font-size: 26px !important;}<!-- [et_pb_line_break_holder] -->    .title-h2 h2{font-size:26px !important;}<!-- [et_pb_line_break_holder] -->  }<!-- [et_pb_line_break_holder] --><\/style>\n<p><!-- [et_pb_line_break_holder] --><!-- [et_pb_line_break_holder] -->[\/et_pb_code][et_pb_code _builder_version=&#8221;4.19.5&#8243; _module_preset=&#8221;default&#8221; global_colors_info=&#8221;{}&#8221;][\/et_pb_code][et_pb_text _builder_version=&#8221;4.27.4&#8243; _module_preset=&#8221;default&#8221; width=&#8221;100%&#8221; hover_enabled=&#8221;0&#8243; global_colors_info=&#8221;{}&#8221; sticky_enabled=&#8221;0&#8243;]<\/p>\n<p>La Hipert\u00e8rmia Oncol\u00f2gica Capacitiva \u00e9s una t\u00e8cnica avan\u00e7ada que es fa servir en el tractament del c\u00e0ncer. Aquesta ter\u00e0pia consisteix a exposar el teixit del cos a temperatures elevades, arribant fins als (42 \u00b0C). El seu principal objectiu \u00e9s danyar i destruir les c\u00e8l\u00b7lules canceroses, preservant al m\u00e0xim el teixit sa circumdant. La Hipert\u00e8rmia Oncol\u00f2gica Capacitiva sempre es combina amb altres tractaments oncol\u00f2gics (quimioter\u00e0pia, radioter\u00e0pia, immunoter\u00e0pia).<\/p>\n<p>[\/et_pb_text][\/et_pb_column][et_pb_column type=&#8221;1_2&#8243; _builder_version=&#8221;4.19.5&#8243; _module_preset=&#8221;default&#8221; global_colors_info=&#8221;{}&#8221;][et_pb_image src=&#8221;https:\/\/medicusgaia.com\/wp-content\/uploads\/2025\/01\/141.jpg&#8221; alt=&#8221;Tractament d&#039;hipert\u00e8rmia oncol\u00f2gica profunda a Medicus Gaia per al suport integral en pacients amb c\u00e0ncer&#8221; title_text=&#8221;Hipert\u00e8rmia oncol\u00f2gica profunda a Medicus Gaia &#8211; Tractament innovador per a la cura oncol\u00f2gica&#8221; disabled_on=&#8221;on|on|off&#8221; _builder_version=&#8221;4.27.4&#8243; _module_preset=&#8221;default&#8221; width=&#8221;100%&#8221; module_alignment=&#8221;center&#8221; custom_margin=&#8221;|||-99px||&#8221; custom_padding=&#8221;0px|||0px|false|false&#8221; global_colors_info=&#8221;{}&#8221;][\/et_pb_image][\/et_pb_column][\/et_pb_row][et_pb_row _builder_version=&#8221;4.25.1&#8243; _module_preset=&#8221;default&#8221; min_height=&#8221;576.8px&#8221; custom_margin=&#8221;0px||0px||false|false&#8221; custom_padding=&#8221;50px||0px||false|false&#8221; global_colors_info=&#8221;{}&#8221;][et_pb_column type=&#8221;4_4&#8243; _builder_version=&#8221;4.18.0&#8243; _module_preset=&#8221;default&#8221; global_colors_info=&#8221;{}&#8221;][et_pb_code _builder_version=&#8221;4.19.5&#8243; _module_preset=&#8221;default&#8221; custom_margin=&#8221;8px||-2px|||&#8221; custom_padding=&#8221;||2px|||&#8221; global_colors_info=&#8221;{}&#8221;][\/et_pb_code][et_pb_text _builder_version=&#8221;4.27.4&#8243; _module_preset=&#8221;default&#8221; width=&#8221;100%&#8221; hover_enabled=&#8221;0&#8243; global_colors_info=&#8221;{}&#8221; sticky_enabled=&#8221;0&#8243;]<\/p>\n<h5><b>El nostre enfocament de treball<\/b><\/h5>\n<p><span style=\"font-weight: 400;\">La nostra feina no consisteix a tractar el c\u00e0ncer mitjan\u00e7ant ter\u00e0pies naturals ni a substituir els tractaments oncol\u00f2gics convencionals. El diagn\u00f2stic, tractament i seguiment del c\u00e0ncer han d&#8217;estar sempre dirigits per l&#8217;equip d&#8217;oncologia. <\/span><\/p>\n<p><b>No som una cl\u00ednica de diagn\u00f2stic ni de seguiment oncol\u00f2gic<\/b><span style=\"font-weight: 400;\">. La nostra feina no consisteix a avaluar l&#8217;evoluci\u00f3 del tumor, modificar tractaments oncol\u00f2gics ni substituir les indicacions de l&#8217;onc\u00f2leg.<\/span><\/p>\n<p><span style=\"font-weight: 400;\">El nostre paper \u00e9s acompanyar el pacient oncol\u00f2gic de forma complement\u00e0ria i compatible amb el tractament que indiqui el vostre equip d&#8217;oncologia. \u00c9s a dir, <\/span><b>treballem juntament amb el tractament m\u00e8dic, no en lloc d&#8217;ell.<\/b><\/p>\n<p>&nbsp;<\/p>\n<h5><b>Valoraci\u00f3 i abordatge des de la medicina integrativa<\/b><\/h5>\n<p><span style=\"font-weight: 400;\">Durant la consulta fem una valoraci\u00f3 detallada del cas. Al llarg d&#8217;una hora i mitja aproximadament explorem diferents aspectes de la hist\u00f2ria cl\u00ednica, els h\u00e0bits i l&#8217;estat general amb l&#8217;objectiu d&#8217;identificar factors fisiol\u00f2gics i bioqu\u00edmics que poden influir en l&#8217;estat global de l&#8217;organisme durant el proc\u00e9s oncol\u00f2gic. <\/span><\/p>\n<p>Des de la medicina integrativa posem el focus en aspectes com ara la inflamaci\u00f3, l&#8217;estat metab\u00f2lic, la nutrici\u00f3, l&#8217;equilibri del sistema immunitari o l&#8217;impacte de l&#8217;estr\u00e8s fisiol\u00f2gic. <b>El nostre objectiu \u00e9s optimitzar el terreny biol\u00f2gic del pacient<\/b> per acompanyar millor el proc\u00e9s i afavorir una millor toler\u00e0ncia i adaptaci\u00f3 als tractaments m\u00e8dics.<\/p>\n<p>A partir d&#8217;aquesta valoraci\u00f3 podem proposar diferents intervencions, com ara ajustaments en l&#8217;estil de vida, recomanacions nutricionals, suplementaci\u00f3 espec\u00edfica o determinades ter\u00e0pies realitzades a la cl\u00ednica. <b>Totes aquestes mesures es plantegen sempre assegurant-ne la compatibilitat amb el tractament oncol\u00f2gic indicat per l&#8217;equip m\u00e8dic responsable.<\/b><\/p>\n<p><span style=\"font-weight: 400;\">A m\u00e9s, algunes ter\u00e0pies utilitzades en l&#8217;\u00e0mbit de l&#8217;oncologia integrativa poden contribuir a millorar la resposta de l&#8217;organisme als tractaments oncol\u00f2gics convencionals, sempre com a complement d&#8217;aquests. Entre elles es troben, per exemple, la <\/span><a href=\"https:\/\/medicusgaia.com\/tratamientos\/hipertermia-oncologica-profunda\/\"><span style=\"font-weight: 400;\">Hipert\u00e8rmia Oncol\u00f2gica Capacitiva<\/span><\/a>, <span style=\"font-weight: 400;\">que s&#8217;utilitza en determinats contextos per donar suport i potenciar l&#8217;efic\u00e0cia de tractaments com la quimioter\u00e0pia o la radioter\u00e0pia.<\/span><\/p>\n<p>&nbsp;<\/p>\n<h5><b>Acompanyament complementari al tractament oncol\u00f2gic<\/b><\/h5>\n<p>Per aquest motiu, <b>si un pacient decideix no seguir el tractament oncol\u00f2gic indicat pel seu onc\u00f2leg, el nostre enfocament de treball no seria adequat<\/b>, ja que la nostra tasca est\u00e0 pensada com un acompanyament integratiu dins del proc\u00e9s oncol\u00f2gic, i no com una alternativa terap\u00e8utica.<\/p>\n<p>[\/et_pb_text][\/et_pb_column][\/et_pb_row][\/et_pb_section][et_pb_section fb_built=&#8221;1&#8243; custom_padding_last_edited=&#8221;on|phone&#8221; _builder_version=&#8221;4.19.5&#8243; _module_preset=&#8221;default&#8221; background_color=&#8221;#f7faf9&#8243; custom_margin=&#8221;||||false|false&#8221; custom_margin_tablet=&#8221;||||false|false&#8221; custom_margin_phone=&#8221;0px|0px|0px|0px|false|false&#8221; custom_margin_last_edited=&#8221;on|phone&#8221; custom_padding=&#8221;10px|0px|50px|0px|false|false&#8221; custom_padding_tablet=&#8221;10px|0px|50px|0px|false|false&#8221; custom_padding_phone=&#8221;||50px||false|false&#8221; global_colors_info=&#8221;{}&#8221;][et_pb_row _builder_version=&#8221;4.19.5&#8243; _module_preset=&#8221;default&#8221; global_colors_info=&#8221;{}&#8221;][et_pb_column type=&#8221;4_4&#8243; _builder_version=&#8221;4.19.5&#8243; _module_preset=&#8221;default&#8221; global_colors_info=&#8221;{}&#8221;][et_pb_text disabled_on=&#8221;on|on|off&#8221; _builder_version=&#8221;4.27.4&#8243; _module_preset=&#8221;default&#8221; header_4_line_height=&#8221;1.6em&#8221; hover_enabled=&#8221;0&#8243; global_colors_info=&#8221;{}&#8221; sticky_enabled=&#8221;0&#8243;]<\/p>\n<h2 style=\"text-align: center;\">Indicacions de la Hipert\u00e8rmia Oncol\u00f2gica Capacitiva:<\/h2>\n<p style=\"text-align: center;\">Aquest tractament est\u00e0 especialment indicat per a:<\/p>\n<p>[\/et_pb_text][et_pb_text disabled_on=&#8221;off|off|on&#8221; _builder_version=&#8221;4.27.4&#8243; _module_preset=&#8221;default&#8221; header_4_line_height=&#8221;1.6em&#8221; hover_enabled=&#8221;0&#8243; global_colors_info=&#8221;{}&#8221; sticky_enabled=&#8221;0&#8243;]<\/p>\n<h2 style=\"text-align: left;\">Indicacions de la Hipert\u00e8rmia Oncol\u00f2gica Capacitiva:<\/h2>\n<p style=\"text-align: left;\">Aquest tractament est\u00e0 especialment indicat per a:<\/p>\n<p>[\/et_pb_text][\/et_pb_column][\/et_pb_row][et_pb_row column_structure=&#8221;1_2,1_2&#8243; _builder_version=&#8221;4.19.5&#8243; custom_margin=&#8221;||0px||false|false&#8221; custom_padding=&#8221;||0px||false|false&#8221; global_colors_info=&#8221;{}&#8221;][et_pb_column type=&#8221;1_2&#8243; _builder_version=&#8221;4.16&#8243; custom_padding=&#8221;|||&#8221; global_colors_info=&#8221;{}&#8221; custom_padding__hover=&#8221;|||&#8221;][et_pb_blurb use_icon=&#8221;on&#8221; font_icon=&#8221;&#x45;||divi||400&#8243; icon_color=&#8221;#CFD510&#8243; icon_placement=&#8221;left&#8221; _builder_version=&#8221;4.19.5&#8243; header_font=&#8221;|700||on|||||&#8221; header_font_size=&#8221;12px&#8221; header_letter_spacing=&#8221;2px&#8221; header_line_height=&#8221;1.8em&#8221; body_font=&#8221;||||||||&#8221; body_line_height=&#8221;1.8em&#8221; custom_margin=&#8221;||28px|||&#8221; animation=&#8221;off&#8221; global_colors_info=&#8221;{}&#8221;]<\/p>\n<p>Tumors <strong>s\u00f2lids<\/strong>, tant benignes com malignes.<\/p>\n<p>[\/et_pb_blurb][et_pb_blurb use_icon=&#8221;on&#8221; font_icon=&#8221;&#x45;||divi||400&#8243; icon_color=&#8221;#CFD510&#8243; icon_placement=&#8221;left&#8221; _builder_version=&#8221;4.25.1&#8243; header_font=&#8221;|700||on|||||&#8221; header_font_size=&#8221;12px&#8221; header_letter_spacing=&#8221;2px&#8221; header_line_height=&#8221;1.8em&#8221; body_font=&#8221;||||||||&#8221; body_line_height=&#8221;1.8em&#8221; custom_margin=&#8221;||28px|||&#8221; animation=&#8221;off&#8221; global_colors_info=&#8221;{}&#8221;]<\/p>\n<p>C\u00e0ncers s\u00f2lids disseminats en diverses etapes evolutives.<\/p>\n<p>[\/et_pb_blurb][\/et_pb_column][et_pb_column type=&#8221;1_2&#8243; _builder_version=&#8221;4.16&#8243; custom_padding=&#8221;|||&#8221; global_colors_info=&#8221;{}&#8221; custom_padding__hover=&#8221;|||&#8221;][et_pb_blurb use_icon=&#8221;on&#8221; font_icon=&#8221;&#x45;||divi||400&#8243; icon_color=&#8221;#CFD510&#8243; icon_placement=&#8221;left&#8221; _builder_version=&#8221;4.25.1&#8243; header_font=&#8221;|700||on|||||&#8221; header_font_size=&#8221;12px&#8221; header_letter_spacing=&#8221;2px&#8221; header_line_height=&#8221;1.8em&#8221; body_font=&#8221;||||||||&#8221; body_line_height=&#8221;1.8em&#8221; custom_margin=&#8221;||28px|||&#8221; animation=&#8221;off&#8221; locked=&#8221;off&#8221; global_colors_info=&#8221;{}&#8221;]<\/p>\n<p>Malalties inflamat\u00f2ries.<\/p>\n<p>[\/et_pb_blurb][\/et_pb_column][\/et_pb_row][et_pb_row _builder_version=&#8221;4.19.5&#8243; _module_preset=&#8221;default&#8221; custom_padding=&#8221;0px||||false|false&#8221; global_colors_info=&#8221;{}&#8221;][et_pb_column type=&#8221;4_4&#8243; _builder_version=&#8221;4.19.5&#8243; _module_preset=&#8221;default&#8221; global_colors_info=&#8221;{}&#8221;][et_pb_text disabled_on=&#8221;off|off|off&#8221; _builder_version=&#8221;4.27.4&#8243; _module_preset=&#8221;default&#8221; header_4_line_height=&#8221;1.6em&#8221; custom_margin=&#8221;0px||0px||false|false&#8221; custom_padding=&#8221;0px||0px||false|false&#8221; hover_enabled=&#8221;0&#8243; global_colors_info=&#8221;{}&#8221; sticky_enabled=&#8221;0&#8243;]<\/p>\n<p style=\"text-align: left; color: #00756a; font-size: 16px;\"><strong>Si est\u00e0s interessat en la Hipert\u00e8rmia Oncol\u00f2gica Capacitiva o qualsevol altre dels nostres tractaments especialitzats, no dubtis en posar-te en contacte amb nosaltres. A l&#8217;Institut de Salut i Medicina Integrativa Medicus Gaia, la teva salut i benestar s\u00f3n la nostra m\u00e0xima prioritat.<\/strong><\/p>\n<p>[\/et_pb_text][\/et_pb_column][\/et_pb_row][et_pb_row _builder_version=&#8221;4.19.4&#8243; _module_preset=&#8221;default&#8221; custom_padding=&#8221;1vw|1vw|1vw|1vw|true|true&#8221; border_width_all=&#8221;2px&#8221; border_color_all=&#8221;#CFD510&#8243; locked=&#8221;off&#8221; global_colors_info=&#8221;{}&#8221;][et_pb_column type=&#8221;4_4&#8243; _builder_version=&#8221;4.19.4&#8243; _module_preset=&#8221;default&#8221; use_background_color_gradient=&#8221;on&#8221; background_color_gradient_stops=&#8221;#00756a 8%|rgba(0,117,106,0.77) 71%&#8221; background_enable_image=&#8221;off&#8221; parallax=&#8221;on&#8221; parallax_method=&#8221;off&#8221; custom_padding=&#8221;4vw|1vw|4vw|1vw|true|true&#8221; global_colors_info=&#8221;{}&#8221;][et_pb_text disabled_on=&#8221;on|on|off&#8221; _builder_version=&#8221;4.19.5&#8243; _module_preset=&#8221;default&#8221; header_3_font=&#8221;|600|||||||&#8221; header_3_font_size=&#8221;50px&#8221; background_layout=&#8221;dark&#8221; global_colors_info=&#8221;{}&#8221;]<\/p>\n<h3 style=\"text-align: center;\">Reserva la teva cita<\/h3>\n<p>[\/et_pb_text][et_pb_text disabled_on=&#8221;off|off|on&#8221; _builder_version=&#8221;4.19.5&#8243; _module_preset=&#8221;default&#8221; header_3_font=&#8221;|600|||||||&#8221; header_3_font_size=&#8221;50px&#8221; background_layout=&#8221;dark&#8221; global_colors_info=&#8221;{}&#8221;]<\/p>\n<h3 style=\"text-align: center;\">Reserva<br \/>\ntu Cita<\/h3>\n<p>[\/et_pb_text][dsm_button button_one_text=&#8221;escriu-nos&#8221; button_one_url=&#8221;mailto:info@medicusgaia.com&#8221; button_one_url_new_window=&#8221;on&#8221; button_two_text=&#8221;truca&#8221; button_two_url=&#8221;tel:+34932504555&#8243; button_two_url_new_window=&#8221;on&#8221; button_alignment=&#8221;center&#8221; disabled_on=&#8221;on|on|off&#8221; _builder_version=&#8221;4.19.5&#8243; _module_preset=&#8221;default&#8221; separator_text_text_align=&#8221;center&#8221; custom_button_one=&#8221;on&#8221; button_one_text_color=&#8221;#00756A&#8221; button_one_bg_color=&#8221;#CFD510&#8243; button_one_border_width=&#8221;0px&#8221; button_one_font=&#8221;|600|||||||&#8221; custom_button_two=&#8221;on&#8221; button_two_text_color=&#8221;#FFFFFF&#8221; button_two_bg_color=&#8221;#B365A1&#8243; button_two_border_width=&#8221;0px&#8221; button_two_font=&#8221;|600|||||||&#8221; global_colors_info=&#8221;{}&#8221; button_one_bg_color__hover_enabled=&#8221;on|hover&#8221; button_one_bg_color__hover=&#8221;#d2d811&#8243; button_one_bg_enable_color__hover=&#8221;on&#8221;][\/dsm_button][et_pb_button button_url=&#8221;https:\/\/mail.google.com\/mail\/u\/0\/?fs=1&amp;tf=cm&amp;source=mailto&amp;to=info@medicusgaia.com&#8221; url_new_window=&#8221;on&#8221; button_text=&#8221;escriu-nos&#8221; button_alignment=&#8221;center&#8221; disabled_on=&#8221;off|off|on&#8221; _builder_version=&#8221;4.19.5&#8243; _module_preset=&#8221;default&#8221; custom_button=&#8221;on&#8221; button_text_color=&#8221;#00756a&#8221; button_bg_color=&#8221;#cfd510&#8243; button_border_width=&#8221;0px&#8221; button_use_icon=&#8221;off&#8221; background_layout=&#8221;dark&#8221; custom_css_main_element=&#8221;font-weight: 700;&#8221; global_colors_info=&#8221;{}&#8221;][\/et_pb_button][et_pb_button button_url=&#8221;tel:+34932504555&#8243; url_new_window=&#8221;on&#8221; button_text=&#8221;truca&#8221; button_alignment=&#8221;center&#8221; disabled_on=&#8221;off|off|on&#8221; _builder_version=&#8221;4.19.5&#8243; _module_preset=&#8221;default&#8221; custom_button=&#8221;on&#8221; button_text_color=&#8221;#FFFFFF&#8221; button_bg_color=&#8221;#B365A1&#8243; button_border_width=&#8221;0px&#8221; button_use_icon=&#8221;off&#8221; background_layout=&#8221;dark&#8221; custom_margin=&#8221;||30px||false|false&#8221; custom_css_main_element=&#8221;font-weight: 700;&#8221; global_colors_info=&#8221;{}&#8221;][\/et_pb_button][\/et_pb_column][\/et_pb_row][et_pb_row custom_padding_last_edited=&#8221;on|phone&#8221; disabled_on=&#8221;off|off|on&#8221; _builder_version=&#8221;4.19.5&#8243; _module_preset=&#8221;default&#8221; background_color=&#8221;#f7faf9&#8243; custom_margin=&#8221;32px||||false|false&#8221; custom_padding=&#8221;50px|50px|50px|50px|false|false&#8221; custom_padding_tablet=&#8221;50px|50px|50px|50px|false|false&#8221; custom_padding_phone=&#8221;10px|10px|10px|10px|false|false&#8221; global_colors_info=&#8221;{}&#8221;][et_pb_column type=&#8221;4_4&#8243; _builder_version=&#8221;4.19.5&#8243; _module_preset=&#8221;default&#8221; global_colors_info=&#8221;{}&#8221;][et_pb_text _builder_version=&#8221;4.27.4&#8243; _module_preset=&#8221;default&#8221; hover_enabled=&#8221;0&#8243; global_colors_info=&#8221;{}&#8221; sticky_enabled=&#8221;0&#8243;]<\/p>\n<h2 style=\"text-align: center;\">Valor Afegit<\/h2>\n<p style=\"text-align: center;\">A l&#8217; <strong>Institut de Salut i Medicina Integrativa Medicus Gaia<\/strong> , <strong>ens sentim orgullosos d&#8217;oferir tractaments d&#8217;avantguarda amb preus competitius.<\/strong> El nostre horari flexible, des de les 8 del mat\u00ed fins a les 8 del vespre de dilluns a dijous i fins a les 17 h els divendres, s&#8217;adapta a les necessitats dels nostres pacients. A m\u00e9s, el nostre equip d&#8217;infermeria especialitzat garanteix un tracte proper i personalitzat a cada sessi\u00f3.<\/p>\n<p style=\"text-align: center;\">Si est\u00e0s interessat en la Hipert\u00e8rmia Oncol\u00f2gica Capacitiva o qualsevol altre dels nostres tractaments especialitzats, no dubtis en posar-te en contacte amb nosaltres. A l&#8217;<strong>Institut de Salut i Medicina Integrativa Medicus Gaia<\/strong>, la teva salut i benestar s\u00f3n la nostra m\u00e0xima prioritat.<\/p>\n<p>[\/et_pb_text][et_pb_button button_url=&#8221;https:\/\/medicusgaia.com\/ca\/contacte\/&#8221; button_text=&#8221;Sol\u00b7licitar m\u00e9s informaci\u00f3&#8221; button_alignment=&#8221;center&#8221; disabled_on=&#8221;on|on|off&#8221; _builder_version=&#8221;4.19.5&#8243; _module_preset=&#8221;default&#8221; custom_button=&#8221;on&#8221; button_text_color=&#8221;#FFFFFF&#8221; button_bg_color=&#8221;#2f8e85&#8243; button_border_width=&#8221;0px&#8221; button_use_icon=&#8221;off&#8221; background_layout=&#8221;dark&#8221; global_colors_info=&#8221;{}&#8221;][\/et_pb_button][et_pb_button button_url=&#8221;https:\/\/medicusgaia.com\/ca\/contacte\/&#8221; button_text=&#8221;Sol\u00b7licitar m\u00e9s informaci\u00f3&#8221; button_alignment=&#8221;center&#8221; disabled_on=&#8221;off|off|on&#8221; _builder_version=&#8221;4.19.5&#8243; _module_preset=&#8221;default&#8221; custom_button=&#8221;on&#8221; button_text_size=&#8221;15px&#8221; button_text_color=&#8221;#FFFFFF&#8221; button_bg_color=&#8221;#2f8e85&#8243; button_border_width=&#8221;0px&#8221; button_use_icon=&#8221;off&#8221; background_layout=&#8221;dark&#8221; global_colors_info=&#8221;{}&#8221;][\/et_pb_button][\/et_pb_column][\/et_pb_row][\/et_pb_section][et_pb_section fb_built=&#8221;1&#8243; custom_padding_last_edited=&#8221;on|phone&#8221; _builder_version=&#8221;4.19.5&#8243; _module_preset=&#8221;default&#8221; custom_margin=&#8221;0px||0px|0px|false|false&#8221; custom_padding_tablet=&#8221;&#8221; custom_padding_phone=&#8221;20px|0px|0px|0px|false|false&#8221; global_colors_info=&#8221;{}&#8221;][et_pb_row custom_padding_last_edited=&#8221;on|phone&#8221; disabled_on=&#8221;on|on|off&#8221; _builder_version=&#8221;4.19.5&#8243; _module_preset=&#8221;default&#8221; background_color=&#8221;#f7faf9&#8243; custom_margin=&#8221;0px||||false|false&#8221; custom_padding=&#8221;50px|50px|50px|50px|false|false&#8221; custom_padding_tablet=&#8221;50px|50px|50px|50px|false|false&#8221; custom_padding_phone=&#8221;10px|10px|10px|10px|false|false&#8221; global_colors_info=&#8221;{}&#8221;][et_pb_column type=&#8221;4_4&#8243; _builder_version=&#8221;4.19.5&#8243; _module_preset=&#8221;default&#8221; global_colors_info=&#8221;{}&#8221;][et_pb_text _builder_version=&#8221;4.27.4&#8243; _module_preset=&#8221;default&#8221; hover_enabled=&#8221;0&#8243; global_colors_info=&#8221;{}&#8221; sticky_enabled=&#8221;0&#8243;]<\/p>\n<h2 style=\"text-align: center;\">Valor Afegit<\/h2>\n<p style=\"text-align: center;\">A l&#8217; <strong>Institut de Salut i Medicina Integrativa Medicus Gaia<\/strong> , <strong>ens sentim orgullosos d&#8217;oferir tractaments d&#8217;avantguarda amb preus competitius.<\/strong> El nostre horari flexible, des de les 8 del mat\u00ed fins a les 8 del vespre de dilluns a dijous i fins a les 17 h els divendres, s&#8217;adapta a les necessitats dels nostres pacients. A m\u00e9s, el nostre equip d&#8217;infermeria especialitzat garanteix un tracte proper i personalitzat a cada sessi\u00f3.<\/p>\n<p style=\"text-align: center;\">Si est\u00e0s interessat en la Hipert\u00e8rmia Oncol\u00f2gica Capacitiva o qualsevol altre dels nostres tractaments especialitzats, no dubtis en posar-te en contacte amb nosaltres. A l&#8217;<strong>Institut de Salut i Medicina Integrativa Medicus Gaia<\/strong>, la teva salut i benestar s\u00f3n la nostra m\u00e0xima prioritat.<\/p>\n<p>[\/et_pb_text][et_pb_button button_url=&#8221;https:\/\/medicusgaia.com\/ca\/contacte\/&#8221; button_text=&#8221;Sol\u00b7licitar m\u00e9s informaci\u00f3&#8221; button_alignment=&#8221;center&#8221; disabled_on=&#8221;on|on|off&#8221; _builder_version=&#8221;4.19.5&#8243; _module_preset=&#8221;default&#8221; custom_button=&#8221;on&#8221; button_text_color=&#8221;#FFFFFF&#8221; button_bg_color=&#8221;#2f8e85&#8243; button_border_width=&#8221;0px&#8221; button_use_icon=&#8221;off&#8221; background_layout=&#8221;dark&#8221; global_colors_info=&#8221;{}&#8221;][\/et_pb_button][et_pb_button button_url=&#8221;https:\/\/medicusgaia.com\/ca\/contacte\/&#8221; button_text=&#8221;Sol\u00b7licitar m\u00e9s informaci\u00f3&#8221; button_alignment=&#8221;center&#8221; disabled_on=&#8221;off|off|on&#8221; _builder_version=&#8221;4.19.5&#8243; _module_preset=&#8221;default&#8221; custom_button=&#8221;on&#8221; button_text_size=&#8221;15px&#8221; button_text_color=&#8221;#FFFFFF&#8221; button_bg_color=&#8221;#2f8e85&#8243; button_border_width=&#8221;0px&#8221; button_use_icon=&#8221;off&#8221; background_layout=&#8221;dark&#8221; global_colors_info=&#8221;{}&#8221;][\/et_pb_button][\/et_pb_column][\/et_pb_row][et_pb_row column_structure=&#8221;3_5,2_5&#8243; _builder_version=&#8221;4.25.1&#8243; _module_preset=&#8221;default&#8221; min_height=&#8221;308.9px&#8221; custom_margin=&#8221;32px||||false|false&#8221; custom_margin_tablet=&#8221;32px||||false|false&#8221; custom_margin_phone=&#8221;auto||||false|false&#8221; custom_margin_last_edited=&#8221;on|phone&#8221; custom_padding=&#8221;||0px|||&#8221; global_colors_info=&#8221;{}&#8221;][et_pb_column type=&#8221;3_5&#8243; _builder_version=&#8221;4.18.0&#8243; _module_preset=&#8221;default&#8221; global_colors_info=&#8221;{}&#8221;][et_pb_text _builder_version=&#8221;4.27.4&#8243; _module_preset=&#8221;default&#8221; width=&#8221;100%&#8221; hover_enabled=&#8221;0&#8243; global_colors_info=&#8221;{}&#8221; sticky_enabled=&#8221;0&#8243;]<\/p>\n<h2 style=\"text-align: left;\">Procediment de la Hipert\u00e8rmia<br \/>Oncol\u00f2gica Capacitiva<\/h2>\n<p>Consisteix a aplicar unes pales (una emissora i una receptora) que emeten un camp electromagn\u00e8tic i de radiofreq\u00fc\u00e8ncia a m\u00e9s d&#8217;augmentar la temperatura local a la zona d&#8217;aplicaci\u00f3 generant el principi f\u00edsic afegit de la Hipert\u00e8rmia Oncol\u00f2gica Capacitiva (arribant fins a 42\u00baC a la zona del tumor).<\/p>\n<p>[\/et_pb_text][\/et_pb_column][et_pb_column type=&#8221;2_5&#8243; _builder_version=&#8221;4.18.0&#8243; _module_preset=&#8221;default&#8221; global_colors_info=&#8221;{}&#8221;][et_pb_image src=&#8221;https:\/\/medicusgaia.com\/wp-content\/uploads\/2024\/05\/Captura-de-pantalla-2024-05-22-121215.png&#8221; alt=&#8221;Dra. Cristina Pellicer&#8221; title_text=&#8221;Captura de pantalla 2024-05-22 121215&#8243; align=&#8221;center&#8221; disabled_on=&#8221;on|on|off&#8221; _builder_version=&#8221;4.25.1&#8243; _module_preset=&#8221;default&#8221; width=&#8221;100%&#8221; module_alignment=&#8221;center&#8221; custom_margin=&#8221;|||-99px||&#8221; custom_padding=&#8221;0px|||0px|false|false&#8221; global_colors_info=&#8221;{}&#8221;][\/et_pb_image][et_pb_image src=&#8221;https:\/\/medicusgaia.com\/wp-content\/uploads\/2024\/05\/Captura-de-pantalla-2024-05-22-121215.png&#8221; alt=&#8221;Dra. Cristina Pellicer&#8221; title_text=&#8221;Captura de pantalla 2024-05-22 121215&#8243; align=&#8221;center&#8221; disabled_on=&#8221;off|off|on&#8221; _builder_version=&#8221;4.25.1&#8243; _module_preset=&#8221;default&#8221; width=&#8221;100%&#8221; module_alignment=&#8221;center&#8221; custom_margin=&#8221;|||-99px||&#8221; custom_padding=&#8221;0px|||0px|false|false&#8221; global_colors_info=&#8221;{}&#8221;][\/et_pb_image][\/et_pb_column][\/et_pb_row][et_pb_row _builder_version=&#8221;4.25.1&#8243; _module_preset=&#8221;default&#8221; custom_padding=&#8221;0px|||||&#8221; global_colors_info=&#8221;{}&#8221;][et_pb_column type=&#8221;4_4&#8243; _builder_version=&#8221;4.25.1&#8243; _module_preset=&#8221;default&#8221; global_colors_info=&#8221;{}&#8221;][et_pb_text _builder_version=&#8221;4.27.4&#8243; _module_preset=&#8221;default&#8221; hover_enabled=&#8221;0&#8243; global_colors_info=&#8221;{}&#8221; sticky_enabled=&#8221;0&#8243;]<\/p>\n<p>D&#8217;aquesta manera, es provoca un augment de flux sanguini (vasodilataci\u00f3) en la zona tractada fent que d&#8217;aquesta manera arribi m\u00e9s sang amb les subst\u00e0ncies nutritives pr\u00f2pies del cos a m\u00e9s dels medicaments que pot haver circulat en sang, com per exemple quimioter\u00e0pia, radioter\u00e0pia, immunoter\u00e0pia, hormonoter\u00e0pia o altres tractaments naturals antiinflamatoris i amb acci\u00f3 antitumoral, a m\u00e9s de que pel propi augment de la temperatura local, augmenta l&#8217;acci\u00f3 del sistema immunitari en la zona d&#8217;aplicaci\u00f3 del tractament.<\/p>\n<p>D&#8217;altra banda, la radiofreq\u00fc\u00e8ncia i l&#8217;electromagnetisme generen un camp f\u00edsic local en el teixit que per a la c\u00e8l\u00b7lula tumoral \u00e9s molt inestable i desagradable, sent \u00f2ptim per a la c\u00e8l\u00b7lula sana i modifica les prote\u00efnes de la membrana cel\u00b7lular cancer\u00edgena el que provoca que la c\u00e8l\u00b7lula tumoral vulgui su\u00efcidar-se, estigui m\u00e9s feble i programi l&#8217;<strong>apoptosi cel\u00b7lular <\/strong>(la seva mort cel\u00b7lular programada). A m\u00e9s de la inhibici\u00f3 de les vies de reparaci\u00f3 del DNA, cosa que augmenta l&#8217;efic\u00e0cia de la quimio i la radioter\u00e0pia.<\/p>\n<p>Aquests mateixos principis, que debiliten la c\u00e8l\u00b7lula tumoral, fan m\u00e9s forta la c\u00e8l\u00b7lula sana. Aix\u00f2 \u00e9s perqu\u00e8 la c\u00e8l\u00b7lula tumoral, malgrat ser m\u00e9s agressiva, m\u00e9s invasiva i m\u00e9s r\u00e0pida en reproducci\u00f3 que la c\u00e8l\u00b7lula sana, \u00e9s molt m\u00e9s feble que aquesta; per aix\u00f2 podem rebre quimi i radioter\u00e0pia, sin\u00f3 a igualtat de condicions, moririen totes les c\u00e8l\u00b7lules de la zona tractada. D&#8217;aquesta manera, per tots aquests mecanismes la c\u00e8l\u00b7lula tumoral es fa m\u00e9s feble i amb la qual cosa \u00e9s m\u00e9s sensible als tractaments oncol\u00f2gics convencionals. Per tant, amb la Hipert\u00e8rmia Oncol\u00f2gica Capacitiva, les possibilitats d&#8217;\u00e8xit s&#8217;incrementen.<\/p>\n<p>[\/et_pb_text][\/et_pb_column][\/et_pb_row][\/et_pb_section][et_pb_section fb_built=&#8221;1&#8243; custom_padding_last_edited=&#8221;on|phone&#8221; _builder_version=&#8221;4.19.5&#8243; _module_preset=&#8221;default&#8221; background_color=&#8221;#f7faf9&#8243; custom_margin=&#8221;0px|0px|0px|0px|false|false&#8221; custom_padding_tablet=&#8221;&#8221; custom_padding_phone=&#8221;20px|0px|0px|0px|false|false&#8221; global_colors_info=&#8221;{}&#8221;][et_pb_row _builder_version=&#8221;4.18.0&#8243; _module_preset=&#8221;default&#8221; global_colors_info=&#8221;{}&#8221;][et_pb_column type=&#8221;4_4&#8243; _builder_version=&#8221;4.18.0&#8243; _module_preset=&#8221;default&#8221; global_colors_info=&#8221;{}&#8221;][et_pb_text _builder_version=&#8221;4.27.0&#8243; _module_preset=&#8221;default&#8221; header_4_line_height=&#8221;1.6em&#8221; global_colors_info=&#8221;{}&#8221;]<\/p>\n<h4 style=\"text-align: center;\">Horaris i Atenci\u00f3<\/h4>\n<p style=\"text-align: center;\">El nostre comprom\u00eds \u00e9s oferir un servei de qualitat amb un tracte hum\u00e0 i proper. Per aix\u00f2, a l&#8217;<strong>Institut de Salut i Medicina Integrativa Medicus Gaia<\/strong>, ens adaptem a les teves necessitats. La nostra consulta est\u00e0 oberta des de les 8 del mat\u00ed fins a les 8 del vespre de dilluns a dijous i els divendres fins a les 17h.<\/p>\n<p>[\/et_pb_text][et_pb_code disabled_on=&#8221;on|on|off&#8221; _builder_version=&#8221;4.27.0&#8243; _module_preset=&#8221;default&#8221; global_colors_info=&#8221;{}&#8221;]<pee style=\"text-align: center;\"><strong><img decoding=\"async\" width=\"36px\" height=\"36px\" style=\"margin-right:16px;vertical-align:middle;\" src=\"\/wp-content\/uploads\/calendario.svg\" alt=\"Icona Calendari\"><span style=\"color: #43988f;\">Dilluns a dijous: 8:00 a 20:00 h. | Divendres: 8:00 a 17:00 h.<\/span><\/strong><\/pee>[\/et_pb_code][et_pb_code disabled_on=&#8221;off|off|on&#8221; _builder_version=&#8221;4.19.5&#8243; _module_preset=&#8221;default&#8221; global_colors_info=&#8221;{}&#8221;]<\/p>\n<div style=\"text-align: center;display:flex;alig-items:center;\"><pee><img decoding=\"async\" width=\"36px\" height=\"36px\" style=\"margin-right:16px;vertical-align:middle;\" src=\"\/wp-content\/uploads\/calendario.svg\"><\/pee><pee style=\"color: #43988f;\"><strong>Dilluns a dijous: 8:00 a 20:00 h. | Divendres: 8:00 a 17:00 h.<\/strong><\/pee><\/div>\n<p>[\/et_pb_code][\/et_pb_column][\/et_pb_row][\/et_pb_section][et_pb_section fb_built=&#8221;1&#8243; fullwidth=&#8221;on&#8221; _builder_version=&#8221;4.18.0&#8243; _module_preset=&#8221;default&#8221; global_module=&#8221;24625&#8243; saved_tabs=&#8221;all&#8221; global_colors_info=&#8221;{}&#8221;][et_pb_fullwidth_slider show_pagination=&#8221;off&#8221; use_bg_overlay=&#8221;off&#8221; use_text_overlay=&#8221;off&#8221; _builder_version=&#8221;4.27.4&#8243; _module_preset=&#8221;default&#8221; background_enable_color=&#8221;off&#8221; background_image=&#8221;https:\/\/medicusgaia.com\/wp-content\/uploads\/2026\/02\/Reserva-tu-cita-1.png&#8221; background_position=&#8221;center_right&#8221; custom_padding=&#8221;11vw||11vw||true|false&#8221; header_font_size_tablet=&#8221;47px&#8221; header_font_size_phone=&#8221;40px&#8221; header_font_size_last_edited=&#8221;on|phone&#8221; text_shadow_style=&#8221;preset3&#8243; text_shadow_color=&#8221;RGBA(255,255,255,0)&#8221; global_colors_info=&#8221;{}&#8221;][et_pb_slide heading=&#8221;Reserva la teva cita&#8221; button_text=&#8221;escriu-nos&#8221; button_link=&#8221;mailto:info@medicusgaia.com&#8221; url_new_window=&#8221;on&#8221; _builder_version=&#8221;4.27.4&#8243; _module_preset=&#8221;default&#8221; custom_button=&#8221;on&#8221; button_text_color=&#8221;#FFFFFF&#8221; button_bg_color=&#8221;#B365A1&#8243; button_border_width=&#8221;0px&#8221; button_letter_spacing=&#8221;2px&#8221; button_font=&#8221;|700|||||||&#8221; button_icon_color=&#8221;#FFFFFF&#8221; button_alignment=&#8221;center&#8221; button_text_2=&#8221;ll\u00e1manos&#8221; button_link_2=&#8221;tel:+34932504555&#8243; global_colors_info=&#8221;{}&#8221; sticky_transition=&#8221;on&#8221;][\/et_pb_slide][\/et_pb_fullwidth_slider][\/et_pb_section]<\/p>\n","protected":false},"excerpt":{"rendered":"<p><div class=\"et_pb_module dsm_typing_effect dsm_typing_effect_0 et_pb_bg_layout_light \">\n\t\t\t\t\n\t\t\t\t\n\t\t\t\t\n\t\t\t\t\n\t\t\t\t\n\t\t\t\t\n\t\t\t\t<div class=\"et_pb_module_inner\">\n\t\t\t\t\t<h1 class=\"dsm-typing-effect et_pb_module_header\"><span class=\"dsm-typing-wrapper\"><span class=\"dsm-typing-strings\">Hipert\u00e8rmia Oncol\u00f2gica Capacitiva: Suport Integral Contra el C\u00e0ncer<\/span><span class=\"dsm-typing\" data-dsm-typing-cursor=\"|\" data-dsm-typing-strings=\"Hipert\u00e8rmia Oncol\u00f2gica Capacitiva: Suport Integral Contra el C\u00e0ncer\" data-dsm-typing-speed=30ms data-dsm-typing-backspeed=50ms data-dsm-typing-backdelay=700ms data-dsm-typing-loop=false data-dsm-typing-remove-cursor=off data-dsm-typing-fadeout=false data-dsm-typing-shuffle=false data-dsm-typing-delay=0ms data-dsm-typing-viewport=80% data-dsm-typing-repeat=on><\/span><\/span><\/h1>\n\t\t\t\t<\/div>\n\t\t\t<\/div>La Hipert\u00e8rmia Oncol\u00f2gica Capacitiva \u00e9s una t\u00e8cnica avan\u00e7ada que es fa servir en el tractament del c\u00e0ncer. Aquesta ter\u00e0pia consisteix a exposar el teixit del cos a temperatures elevades, arribant fins als (42 [&hellip;]<\/p>\n","protected":false},"author":5,"featured_media":0,"parent":25779,"menu_order":0,"comment_status":"closed","ping_status":"closed","template":"","meta":{"_et_pb_use_builder":"on","_et_pb_old_content":"","_et_gb_content_width":"","footnotes":""},"class_list":["post-26270","page","type-page","status-publish","hentry"],"yoast_head":"<!-- This site is optimized with the Yoast SEO plugin v27.5 - https:\/\/yoast.com\/product\/yoast-seo-wordpress\/ -->\n<title>Hipert\u00e8rmia Oncol\u00f2gica Capacitiva - Medicus Gaia<\/title>\n<meta name=\"description\" content=\"Suport integral en la lluita contra el c\u00e0ncer: la Hipert\u00e8rmia Oncol\u00f2gica Capacitiva a l&#039;Institut de Salut i Medicina Integrativa Medicus Gaia\" \/>\n<meta name=\"robots\" content=\"index, follow, max-snippet:-1, max-image-preview:large, max-video-preview:-1\" \/>\n<link rel=\"canonical\" href=\"https:\/\/medicusgaia.com\/ca\/tractaments\/hipertermia-oncologica-capacitiva\/\" \/>\n<meta property=\"og:locale\" content=\"ca_ES\" \/>\n<meta property=\"og:type\" content=\"article\" \/>\n<meta property=\"og:title\" content=\"Hipert\u00e8rmia Oncol\u00f2gica Capacitiva - Medicus Gaia\" \/>\n<meta property=\"og:description\" content=\"Suport integral en la lluita contra el c\u00e0ncer: la Hipert\u00e8rmia Oncol\u00f2gica Capacitiva a l&#039;Institut de Salut i Medicina Integrativa Medicus Gaia\" \/>\n<meta property=\"og:url\" content=\"https:\/\/medicusgaia.com\/ca\/tractaments\/hipertermia-oncologica-capacitiva\/\" \/>\n<meta property=\"og:site_name\" content=\"Medicus Gaia\" \/>\n<meta property=\"article:publisher\" content=\"https:\/\/www.facebook.com\/profile.php?id=100083402287688\" \/>\n<meta property=\"article:modified_time\" content=\"2026-04-14T09:13:50+00:00\" \/>\n<meta name=\"twitter:card\" content=\"summary_large_image\" \/>\n<meta name=\"twitter:label1\" content=\"Temps estimat de lectura\" \/>\n\t<meta name=\"twitter:data1\" content=\"8 minuts\" \/>\n<script type=\"application\/ld+json\" class=\"yoast-schema-graph\">{\"@context\":\"https:\\\/\\\/schema.org\",\"@graph\":[{\"@type\":\"WebPage\",\"@id\":\"https:\\\/\\\/medicusgaia.com\\\/ca\\\/tractaments\\\/hipertermia-oncologica-capacitiva\\\/\",\"url\":\"https:\\\/\\\/medicusgaia.com\\\/ca\\\/tractaments\\\/hipertermia-oncologica-capacitiva\\\/\",\"name\":\"Hipert\u00e8rmia Oncol\u00f2gica Capacitiva - Medicus Gaia\",\"isPartOf\":{\"@id\":\"https:\\\/\\\/medicusgaia.com\\\/ca\\\/#website\"},\"datePublished\":\"2024-05-22T14:41:33+00:00\",\"dateModified\":\"2026-04-14T09:13:50+00:00\",\"description\":\"Suport integral en la lluita contra el c\u00e0ncer: la Hipert\u00e8rmia Oncol\u00f2gica Capacitiva a l'Institut de Salut i Medicina Integrativa Medicus Gaia\",\"breadcrumb\":{\"@id\":\"https:\\\/\\\/medicusgaia.com\\\/ca\\\/tractaments\\\/hipertermia-oncologica-capacitiva\\\/#breadcrumb\"},\"inLanguage\":\"ca\",\"potentialAction\":[{\"@type\":\"ReadAction\",\"target\":[\"https:\\\/\\\/medicusgaia.com\\\/ca\\\/tractaments\\\/hipertermia-oncologica-capacitiva\\\/\"]}]},{\"@type\":\"BreadcrumbList\",\"@id\":\"https:\\\/\\\/medicusgaia.com\\\/ca\\\/tractaments\\\/hipertermia-oncologica-capacitiva\\\/#breadcrumb\",\"itemListElement\":[{\"@type\":\"ListItem\",\"position\":1,\"name\":\"Tractaments Medicina Integrativa PNI\",\"item\":\"https:\\\/\\\/medicusgaia.com\\\/ca\\\/tractaments\\\/\"},{\"@type\":\"ListItem\",\"position\":2,\"name\":\"Hipert\u00e8rmia Oncol\u00f2gica Capacitiva: Suport Integral Contra el C\u00e0ncer\"}]},{\"@type\":\"WebSite\",\"@id\":\"https:\\\/\\\/medicusgaia.com\\\/ca\\\/#website\",\"url\":\"https:\\\/\\\/medicusgaia.com\\\/ca\\\/\",\"name\":\"Medicus Gaia\",\"description\":\"Institut de Salut i Medicina Integrativa\",\"publisher\":{\"@id\":\"https:\\\/\\\/medicusgaia.com\\\/ca\\\/#organization\"},\"potentialAction\":[{\"@type\":\"SearchAction\",\"target\":{\"@type\":\"EntryPoint\",\"urlTemplate\":\"https:\\\/\\\/medicusgaia.com\\\/ca\\\/?s={search_term_string}\"},\"query-input\":{\"@type\":\"PropertyValueSpecification\",\"valueRequired\":true,\"valueName\":\"search_term_string\"}}],\"inLanguage\":\"ca\"},{\"@type\":\"Organization\",\"@id\":\"https:\\\/\\\/medicusgaia.com\\\/ca\\\/#organization\",\"name\":\"Medicus Gaia\",\"url\":\"https:\\\/\\\/medicusgaia.com\\\/ca\\\/\",\"logo\":{\"@type\":\"ImageObject\",\"inLanguage\":\"ca\",\"@id\":\"https:\\\/\\\/medicusgaia.com\\\/ca\\\/#\\\/schema\\\/logo\\\/image\\\/\",\"url\":\"https:\\\/\\\/medicusgaia.com\\\/wp-content\\\/uploads\\\/2024\\\/05\\\/medicus-gaia-institut-de-salut-i-medicina-integrativa-crisitina-pellicer-1.png\",\"contentUrl\":\"https:\\\/\\\/medicusgaia.com\\\/wp-content\\\/uploads\\\/2024\\\/05\\\/medicus-gaia-institut-de-salut-i-medicina-integrativa-crisitina-pellicer-1.png\",\"width\":900,\"height\":346,\"caption\":\"Medicus Gaia\"},\"image\":{\"@id\":\"https:\\\/\\\/medicusgaia.com\\\/ca\\\/#\\\/schema\\\/logo\\\/image\\\/\"},\"sameAs\":[\"https:\\\/\\\/www.facebook.com\\\/profile.php?id=100083402287688\",\"https:\\\/\\\/www.instagram.com\\\/ismi_medicusgaia\\\/\",\"https:\\\/\\\/www.linkedin.com\\\/company\\\/institut-de-salut-i-medicina-integrativa-medicus-gaia\\\/\"]}]}<\/script>\n<!-- \/ Yoast SEO plugin. -->","yoast_head_json":{"title":"Hipert\u00e8rmia Oncol\u00f2gica Capacitiva - Medicus Gaia","description":"Suport integral en la lluita contra el c\u00e0ncer: la Hipert\u00e8rmia Oncol\u00f2gica Capacitiva a l'Institut de Salut i Medicina Integrativa Medicus Gaia","robots":{"index":"index","follow":"follow","max-snippet":"max-snippet:-1","max-image-preview":"max-image-preview:large","max-video-preview":"max-video-preview:-1"},"canonical":"https:\/\/medicusgaia.com\/ca\/tractaments\/hipertermia-oncologica-capacitiva\/","og_locale":"ca_ES","og_type":"article","og_title":"Hipert\u00e8rmia Oncol\u00f2gica Capacitiva - Medicus Gaia","og_description":"Suport integral en la lluita contra el c\u00e0ncer: la Hipert\u00e8rmia Oncol\u00f2gica Capacitiva a l'Institut de Salut i Medicina Integrativa Medicus Gaia","og_url":"https:\/\/medicusgaia.com\/ca\/tractaments\/hipertermia-oncologica-capacitiva\/","og_site_name":"Medicus Gaia","article_publisher":"https:\/\/www.facebook.com\/profile.php?id=100083402287688","article_modified_time":"2026-04-14T09:13:50+00:00","twitter_card":"summary_large_image","twitter_misc":{"Temps estimat de lectura":"8 minuts"},"schema":{"@context":"https:\/\/schema.org","@graph":[{"@type":"WebPage","@id":"https:\/\/medicusgaia.com\/ca\/tractaments\/hipertermia-oncologica-capacitiva\/","url":"https:\/\/medicusgaia.com\/ca\/tractaments\/hipertermia-oncologica-capacitiva\/","name":"Hipert\u00e8rmia Oncol\u00f2gica Capacitiva - Medicus Gaia","isPartOf":{"@id":"https:\/\/medicusgaia.com\/ca\/#website"},"datePublished":"2024-05-22T14:41:33+00:00","dateModified":"2026-04-14T09:13:50+00:00","description":"Suport integral en la lluita contra el c\u00e0ncer: la Hipert\u00e8rmia Oncol\u00f2gica Capacitiva a l'Institut de Salut i Medicina Integrativa Medicus Gaia","breadcrumb":{"@id":"https:\/\/medicusgaia.com\/ca\/tractaments\/hipertermia-oncologica-capacitiva\/#breadcrumb"},"inLanguage":"ca","potentialAction":[{"@type":"ReadAction","target":["https:\/\/medicusgaia.com\/ca\/tractaments\/hipertermia-oncologica-capacitiva\/"]}]},{"@type":"BreadcrumbList","@id":"https:\/\/medicusgaia.com\/ca\/tractaments\/hipertermia-oncologica-capacitiva\/#breadcrumb","itemListElement":[{"@type":"ListItem","position":1,"name":"Tractaments Medicina Integrativa PNI","item":"https:\/\/medicusgaia.com\/ca\/tractaments\/"},{"@type":"ListItem","position":2,"name":"Hipert\u00e8rmia Oncol\u00f2gica Capacitiva: Suport Integral Contra el C\u00e0ncer"}]},{"@type":"WebSite","@id":"https:\/\/medicusgaia.com\/ca\/#website","url":"https:\/\/medicusgaia.com\/ca\/","name":"Medicus Gaia","description":"Institut de Salut i Medicina Integrativa","publisher":{"@id":"https:\/\/medicusgaia.com\/ca\/#organization"},"potentialAction":[{"@type":"SearchAction","target":{"@type":"EntryPoint","urlTemplate":"https:\/\/medicusgaia.com\/ca\/?s={search_term_string}"},"query-input":{"@type":"PropertyValueSpecification","valueRequired":true,"valueName":"search_term_string"}}],"inLanguage":"ca"},{"@type":"Organization","@id":"https:\/\/medicusgaia.com\/ca\/#organization","name":"Medicus Gaia","url":"https:\/\/medicusgaia.com\/ca\/","logo":{"@type":"ImageObject","inLanguage":"ca","@id":"https:\/\/medicusgaia.com\/ca\/#\/schema\/logo\/image\/","url":"https:\/\/medicusgaia.com\/wp-content\/uploads\/2024\/05\/medicus-gaia-institut-de-salut-i-medicina-integrativa-crisitina-pellicer-1.png","contentUrl":"https:\/\/medicusgaia.com\/wp-content\/uploads\/2024\/05\/medicus-gaia-institut-de-salut-i-medicina-integrativa-crisitina-pellicer-1.png","width":900,"height":346,"caption":"Medicus Gaia"},"image":{"@id":"https:\/\/medicusgaia.com\/ca\/#\/schema\/logo\/image\/"},"sameAs":["https:\/\/www.facebook.com\/profile.php?id=100083402287688","https:\/\/www.instagram.com\/ismi_medicusgaia\/","https:\/\/www.linkedin.com\/company\/institut-de-salut-i-medicina-integrativa-medicus-gaia\/"]}]}},"_links":{"self":[{"href":"https:\/\/medicusgaia.com\/ca\/wp-json\/wp\/v2\/pages\/26270","targetHints":{"allow":["GET"]}}],"collection":[{"href":"https:\/\/medicusgaia.com\/ca\/wp-json\/wp\/v2\/pages"}],"about":[{"href":"https:\/\/medicusgaia.com\/ca\/wp-json\/wp\/v2\/types\/page"}],"author":[{"embeddable":true,"href":"https:\/\/medicusgaia.com\/ca\/wp-json\/wp\/v2\/users\/5"}],"replies":[{"embeddable":true,"href":"https:\/\/medicusgaia.com\/ca\/wp-json\/wp\/v2\/comments?post=26270"}],"version-history":[{"count":30,"href":"https:\/\/medicusgaia.com\/ca\/wp-json\/wp\/v2\/pages\/26270\/revisions"}],"predecessor-version":[{"id":29355,"href":"https:\/\/medicusgaia.com\/ca\/wp-json\/wp\/v2\/pages\/26270\/revisions\/29355"}],"up":[{"embeddable":true,"href":"https:\/\/medicusgaia.com\/ca\/wp-json\/wp\/v2\/pages\/25779"}],"wp:attachment":[{"href":"https:\/\/medicusgaia.com\/ca\/wp-json\/wp\/v2\/media?parent=26270"}],"curies":[{"name":"wp","href":"https:\/\/api.w.org\/{rel}","templated":true}]}}