{"id":25823,"date":"2024-04-19T17:54:30","date_gmt":"2024-04-19T15:54:30","guid":{"rendered":"https:\/\/medicusgaia.com\/tractaments-pni\/vitamina-c-endovenosa\/"},"modified":"2024-05-16T11:57:18","modified_gmt":"2024-05-16T09:57:18","slug":"vitamina-c-endovenosa","status":"publish","type":"page","link":"https:\/\/medicusgaia.com\/ca\/tractaments\/vitamina-c-endovenosa\/","title":{"rendered":"Vitamina C Endovenosa"},"content":{"rendered":"<p>[et_pb_section fb_built=&#8221;1&#8243; disabled_on=&#8221;on|on|off&#8221; admin_label=&#8221;Header&#8221; _builder_version=&#8221;4.19.5&#8243; background_image=&#8221;https:\/\/medicusgaia.com\/wp-content\/uploads\/2024\/01\/desktop_vitaminac.webp&#8221; max_width_last_edited=&#8221;off|desktop&#8221; module_alignment=&#8221;center&#8221; custom_padding=&#8221;6vw||0||false|false&#8221; locked=&#8221;off&#8221; global_colors_info=&#8221;{}&#8221;][et_pb_row _builder_version=&#8221;4.16&#8243; global_colors_info=&#8221;{}&#8221;][et_pb_column type=&#8221;4_4&#8243; _builder_version=&#8221;4.16&#8243; custom_padding=&#8221;|||&#8221; global_colors_info=&#8221;{}&#8221; custom_padding__hover=&#8221;|||&#8221;][dsm_typing_effect typing_effect=&#8221;Vitamina C Endovenosa&#8221; typing_loop=&#8221;off&#8221; typing_speed=&#8221;30ms&#8221; typing_cursor_color=&#8221;#CFD510&#8243; _builder_version=&#8221;4.19.5&#8243; _module_preset=&#8221;default&#8221; header_font=&#8221;|600|||||||&#8221; header_text_color=&#8221;#00756A&#8221; header_font_size=&#8221;48px&#8221; header_font_size_tablet=&#8221;72px&#8221; header_font_size_phone=&#8221;45px&#8221; header_font_size_last_edited=&#8221;on|phone&#8221; global_colors_info=&#8221;{}&#8221;][\/dsm_typing_effect][\/et_pb_column][\/et_pb_row][\/et_pb_section][et_pb_section fb_built=&#8221;1&#8243; disabled_on=&#8221;off|off|on&#8221; admin_label=&#8221;Header&#8221; _builder_version=&#8221;4.19.5&#8243; background_image=&#8221;https:\/\/medicusgaia.com\/wp-content\/uploads\/2024\/01\/Mobile_vitaminac.webp&#8221; max_width_last_edited=&#8221;off|desktop&#8221; module_alignment=&#8221;center&#8221; custom_padding=&#8221;6vw||0||false|false&#8221; locked=&#8221;off&#8221; global_colors_info=&#8221;{}&#8221;][et_pb_row _builder_version=&#8221;4.16&#8243; global_colors_info=&#8221;{}&#8221;][et_pb_column type=&#8221;4_4&#8243; _builder_version=&#8221;4.16&#8243; custom_padding=&#8221;|||&#8221; global_colors_info=&#8221;{}&#8221; custom_padding__hover=&#8221;|||&#8221;][dsm_typing_effect typing_effect=&#8221;Vitamina C Endovenosa&#8221; typing_loop=&#8221;off&#8221; typing_speed=&#8221;30ms&#8221; typing_cursor_color=&#8221;#CFD510&#8243; _builder_version=&#8221;4.19.5&#8243; _module_preset=&#8221;default&#8221; header_font=&#8221;|600|||||||&#8221; header_text_color=&#8221;#00756A&#8221; header_font_size=&#8221;20px&#8221; width=&#8221;100%&#8221; header_font_size_tablet=&#8221;72px&#8221; header_font_size_phone=&#8221;45px&#8221; header_font_size_last_edited=&#8221;on|phone&#8221; global_colors_info=&#8221;{}&#8221;][\/dsm_typing_effect][\/et_pb_column][\/et_pb_row][\/et_pb_section][et_pb_section fb_built=&#8221;1&#8243; custom_padding_last_edited=&#8221;on|phone&#8221; _builder_version=&#8221;4.19.5&#8243; _module_preset=&#8221;default&#8221; custom_margin=&#8221;0px|0px|0px|0px|false|false&#8221; custom_padding_tablet=&#8221;&#8221; custom_padding_phone=&#8221;20px|0px|20px|0px|false|false&#8221; global_colors_info=&#8221;{}&#8221;][et_pb_row column_structure=&#8221;3_5,2_5&#8243; _builder_version=&#8221;4.19.5&#8243; _module_preset=&#8221;default&#8221; custom_margin=&#8221;0px||0px||false|false&#8221; custom_padding=&#8221;0px||0px||false|false&#8221; global_colors_info=&#8221;{}&#8221;][et_pb_column type=&#8221;3_5&#8243; _builder_version=&#8221;4.18.0&#8243; _module_preset=&#8221;default&#8221; global_colors_info=&#8221;{}&#8221;][et_pb_code disabled_on=&#8221;on|on|off&#8221; _builder_version=&#8221;4.19.5&#8243; _module_preset=&#8221;default&#8221; custom_margin_tablet=&#8221;&#8221; custom_margin_phone=&#8221;50px||0px||false|false&#8221; custom_margin_last_edited=&#8221;on|phone&#8221; custom_padding=&#8221;||0px||false|false&#8221; global_colors_info=&#8221;{}&#8221;]<\/p>\n<h2 style=\"font-size:43px\" class=\"title-h2\"><!-- [et_pb_line_break_holder] -->Qu\u00e8 \u00e9s la Vitamina C endovenosa?<!-- [et_pb_line_break_holder] --><\/h2>\n<p><!-- [et_pb_line_break_holder] --><\/p>\n<style><!-- [et_pb_line_break_holder] -->  h4{<!-- [et_pb_line_break_holder] -->color: #1A171B;<!-- [et_pb_line_break_holder] --><!-- [et_pb_line_break_holder] -->font-family: Libre Baskerville;<!-- [et_pb_line_break_holder] -->font-size: 43px;<!-- [et_pb_line_break_holder] -->font-style: normal;<!-- [et_pb_line_break_holder] -->font-weight: 400;<!-- [et_pb_line_break_holder] -->line-height: 60.2px; \/* 140% *\/<!-- [et_pb_line_break_holder] -->  }<!-- [et_pb_line_break_holder] -->  @media (max-width: 768px) {<!-- [et_pb_line_break_holder] -->   h2,h4{<!-- [et_pb_line_break_holder] -->font-size: 30px ;<!-- [et_pb_line_break_holder] -->line-height: normal !important;<!-- [et_pb_line_break_holder] -->    }<!-- [et_pb_line_break_holder] -->    h1{font-size: 26px !important;}<!-- [et_pb_line_break_holder] -->    .title-h2 h2{font-size:26px !important;}<!-- [et_pb_line_break_holder] -->  }<!-- [et_pb_line_break_holder] --><\/style>\n<p><!-- [et_pb_line_break_holder] --><!-- [et_pb_line_break_holder] -->[\/et_pb_code][et_pb_code disabled_on=&#8221;off|off|on&#8221; _builder_version=&#8221;4.19.5&#8243; _module_preset=&#8221;default&#8221; custom_margin_tablet=&#8221;&#8221; custom_margin_phone=&#8221;50px||0px||false|false&#8221; custom_margin_last_edited=&#8221;on|phone&#8221; custom_padding=&#8221;||0px||false|false&#8221; global_colors_info=&#8221;{}&#8221;]<\/p>\n<h2 style=\"font-size:26px\" class=\"title-h2\"><!-- [et_pb_line_break_holder] -->Qu\u00e8 \u00e9s la Vitamina C endovenosa? <!-- [et_pb_line_break_holder] --><\/h2>\n<p><!-- [et_pb_line_break_holder] --><\/p>\n<style><!-- [et_pb_line_break_holder] -->  h4{<!-- [et_pb_line_break_holder] -->color: #1A171B;<!-- [et_pb_line_break_holder] --><!-- [et_pb_line_break_holder] -->font-family: Libre Baskerville;<!-- [et_pb_line_break_holder] -->font-size: 43px;<!-- [et_pb_line_break_holder] -->font-style: normal;<!-- [et_pb_line_break_holder] -->font-weight: 400;<!-- [et_pb_line_break_holder] -->line-height: 60.2px; \/* 140% *\/<!-- [et_pb_line_break_holder] -->  }<!-- [et_pb_line_break_holder] -->  @media (max-width: 768px) {<!-- [et_pb_line_break_holder] -->   h2,h4{<!-- [et_pb_line_break_holder] -->font-size: 30px ;<!-- [et_pb_line_break_holder] -->line-height: normal !important;<!-- [et_pb_line_break_holder] -->    }<!-- [et_pb_line_break_holder] -->    h1{font-size: 26px !important;}<!-- [et_pb_line_break_holder] -->    .title-h2 h2{font-size:26px !important;}<!-- [et_pb_line_break_holder] -->  }<!-- [et_pb_line_break_holder] --><\/style>\n<p><!-- [et_pb_line_break_holder] --><!-- [et_pb_line_break_holder] -->[\/et_pb_code][et_pb_code _builder_version=&#8221;4.19.5&#8243; _module_preset=&#8221;default&#8221; global_colors_info=&#8221;{}&#8221;][\/et_pb_code][et_pb_text _builder_version=&#8221;4.19.5&#8243; _module_preset=&#8221;default&#8221; width=&#8221;100%&#8221; global_colors_info=&#8221;{}&#8221;]<\/p>\n<p>La vitamina C endovenosa \u00e9s un tractament de suport per al c\u00e0ncer i altres malalties cr\u00f2niques i agudes. Es va comen\u00e7ar a utilitzar a partir del 1950.<\/p>\n<p>Inicialment, es va postular que, en pacients amb c\u00e0ncer, a causa del seu paper en la s\u00edntesi del col\u00b7lagen, protegia els teixits sans de la invasi\u00f3 tumoral.<\/p>\n<p>Posteriorment, <strong>altres estudis van demostrar que pacients afectes de c\u00e0ncer en estadi terminal, si rebien altes dosis de vitamina C endovenosa i suplements orals de vitamina C, tenien una superviv\u00e8ncia 4 vegades m\u00e9s gran, comparada amb la de pacients que no van rebre aquest tractament. <\/strong><\/p>\n<p>Estudis m\u00e9s recents demostren efectivament que la vitamina C, quan es troba en quantitats suficients als teixits, \u00e9s capa\u00e7 d&#8217;inhibir el creixement de les c\u00e8l\u00b7lules tumorals per prooxidaci\u00f3 i danyar-les, induint un fenomen biol\u00f2gic de mort cel\u00b7lular programada. <\/p>\n<p>[\/et_pb_text][\/et_pb_column][et_pb_column type=&#8221;2_5&#8243; _builder_version=&#8221;4.19.5&#8243; _module_preset=&#8221;default&#8221; global_colors_info=&#8221;{}&#8221;][et_pb_image src=&#8221;https:\/\/medicusgaia.com\/wp-content\/uploads\/2024\/01\/medicus-gaia-institut-de-salut-i-medicina-integrativa-crisitina-pellicer-holistica-tradicional-china-mtc-pni-38.jpg-10.webp&#8221; alt=&#8221;Dra. Cristina Pellicer Sabad\u00ed&#8221; title_text=&#8221;medicus-gaia-institut-de-salut-i-medicina-integrativa-crisitina-pellicer-holistica-tradicional-china-mtc-pni-38.jpg&#8221; disabled_on=&#8221;on|on|off&#8221; _builder_version=&#8221;4.19.5&#8243; _module_preset=&#8221;default&#8221; width=&#8221;100%&#8221; module_alignment=&#8221;center&#8221; custom_margin=&#8221;|||-99px||&#8221; custom_padding=&#8221;0px|||0px|false|false&#8221; global_colors_info=&#8221;{}&#8221;][\/et_pb_image][et_pb_image src=&#8221;https:\/\/medicusgaia.com\/wp-content\/uploads\/2024\/01\/medicus-gaia-institut-de-salut-i-medicina-integrativa-crisitina-pellicer-holistica-tradicional-china-mtc-pni-38.jpg-1-1.webp&#8221; alt=&#8221;Dra. Cristina Pellicer&#8221; title_text=&#8221;medicus-gaia-institut-de-salut-i-medicina-integrativa-crisitina-pellicer-holistica-tradicional-china-mtc-pni-38.jpg (1)&#8221; disabled_on=&#8221;off|off|on&#8221; _builder_version=&#8221;4.19.5&#8243; _module_preset=&#8221;default&#8221; width=&#8221;100%&#8221; module_alignment=&#8221;center&#8221; custom_margin=&#8221;|||-99px||&#8221; custom_padding=&#8221;0px|||0px|false|false&#8221; global_colors_info=&#8221;{}&#8221;][\/et_pb_image][\/et_pb_column][\/et_pb_row][et_pb_row _builder_version=&#8221;4.25.1&#8243; _module_preset=&#8221;default&#8221;][et_pb_column _builder_version=&#8221;4.25.1&#8243; _module_preset=&#8221;default&#8221; type=&#8221;4_4&#8243;][et_pb_text _builder_version=&#8221;4.25.1&#8243; _module_preset=&#8221;default&#8221; hover_enabled=&#8221;0&#8243; sticky_enabled=&#8221;0&#8243;]<\/p>\n<p>Aquestes concentracions necess\u00e0ries de vitamina C, estan al voltant dels 75 grams\/dia (d&#8217;1 a 1,5 grams per quilogram del pacient o b\u00e9 quan s&#8217;aconsegueixen difer\u00e8ncies en sang de m\u00e9s de 400 mg\/dl de glucosa mesurada amb gluc\u00f2metre-indicador de l&#8217;activitat de la Glucosa-6-fosfat deshidrogenasa, enzim que metabolitza la vitamina C o \u00e0cid asc\u00f2rbic).<\/p>\n<p>Aquestes concentracions es poden assolir, de manera segura, mitjan\u00e7ant l&#8217;administraci\u00f3 per via endovenosa de vitamina C. No es pot aconseguir el mateix efecte per via oral, ja que la capacitat d&#8217;absorci\u00f3 de la vitamina C per via oral se satura aviat i apareixen diarrees amb dosis al voltant dels 20 grams al dia, a m\u00e9s de tenir un efecte antioxidant a baixes dosis, contrari al que busquem amb les altes dosis.<\/p>\n<p>Els procediments d&#8217;injecci\u00f3 endovenosa que utilitzem a l&#8217;Institut de Salut i Medicina Integrativa Medicus Gaia estan contrastats i ens permeten afirmar la seguretat del tractament.<\/p>\n<p>[\/et_pb_text][\/et_pb_column][\/et_pb_row][\/et_pb_section][et_pb_section fb_built=&#8221;1&#8243; custom_padding_last_edited=&#8221;on|phone&#8221; _builder_version=&#8221;4.19.5&#8243; _module_preset=&#8221;default&#8221; background_color=&#8221;#f7faf9&#8243; custom_margin=&#8221;||||false|false&#8221; custom_margin_tablet=&#8221;||||false|false&#8221; custom_margin_phone=&#8221;0px|0px|0px|0px|false|false&#8221; custom_margin_last_edited=&#8221;on|phone&#8221; custom_padding=&#8221;10px|0px|50px|0px|false|false&#8221; custom_padding_tablet=&#8221;10px|0px|50px|0px|false|false&#8221; custom_padding_phone=&#8221;||50px||false|false&#8221; global_colors_info=&#8221;{}&#8221;][et_pb_row _builder_version=&#8221;4.19.5&#8243; _module_preset=&#8221;default&#8221; global_colors_info=&#8221;{}&#8221;][et_pb_column type=&#8221;4_4&#8243; _builder_version=&#8221;4.19.5&#8243; _module_preset=&#8221;default&#8221; global_colors_info=&#8221;{}&#8221;][et_pb_text disabled_on=&#8221;on|on|off&#8221; _builder_version=&#8221;4.19.5&#8243; _module_preset=&#8221;default&#8221; header_4_line_height=&#8221;1.6em&#8221; global_colors_info=&#8221;{}&#8221;]<\/p>\n<h2 style=\"text-align: center;\">Valor Afegit<\/h2>\n<p style=\"text-align: center;\">A l&#8217;Institut de Salut i Medicina Integrativa Medicus Gaia, no nom\u00e9s ens sentim orgullosos d&#8217;oferir tractaments d&#8217;avantguarda, sin\u00f3 que tamb\u00e9 garantim preus competitius en comparaci\u00f3 amb altres cl\u00edniques. El nostre horari flexible, des de les 8 del mat\u00ed fins a les 8 del vespre de dilluns a dijous i fins a les 17h els divendres, s&#8217;adapta a les necessitats dels nostres pacients. A m\u00e9s, <strong>el nostre equip es destaca per la proximitat i el comprom\u00eds, assegurant que cada pacient rebi un tracte hum\u00e0 i personalitzat.<\/strong> Aquest tractament \u00e9s realitzat pel departament d&#8217;infermeria i prescrit i supervisat pels metges de l&#8217;equip.<\/p>\n<p style=\"text-align: center;\">Si est\u00e0s interessat en la vitamina C o qualsevol altre dels nostres tractaments especialitzats, no dubtis en posar-te en contacte amb nosaltres. A l&#8217;Institut de Salut i Medicina Integrativa Medicus Gaia, la teva salut i benestar s\u00f3n la nostra m\u00e0xima prioritat.<\/p>\n<p>[\/et_pb_text][et_pb_text disabled_on=&#8221;off|off|on&#8221; _builder_version=&#8221;4.19.5&#8243; _module_preset=&#8221;default&#8221; header_4_line_height=&#8221;1.6em&#8221; global_colors_info=&#8221;{}&#8221;]<\/p>\n<h2 style=\"text-align: left;\">Valor Afegit<\/h2>\n<p style=\"text-align: left;\">A l&#8217;Institut de Salut i Medicina Integrativa Medicus Gaia, no nom\u00e9s ens sentim orgullosos d&#8217;oferir tractaments d&#8217;avantguarda, sin\u00f3 que tamb\u00e9 garantim preus competitius en comparaci\u00f3 amb altres cl\u00edniques. El nostre horari flexible, des de les 8 del mat\u00ed fins a les 8 del vespre de dilluns a dijous i fins a les 17h els divendres, s&#8217;adapta a les necessitats dels nostres pacients. A m\u00e9s, <strong>el nostre equip es destaca per la proximitat i el comprom\u00eds, assegurant que cada pacient rebi un tracte hum\u00e0 i personalitzat.<\/strong> Aquest tractament \u00e9s realitzat pel departament d&#8217;infermeria i prescrit i supervisat pels metges de l&#8217;equip.<\/p>\n<p style=\"text-align: left;\">Si est\u00e0s interessat en la vitamina C o qualsevol altre dels nostres tractaments especialitzats, no dubtis en posar-te en contacte amb nosaltres. A l&#8217;Institut de Salut i Medicina Integrativa Medicus Gaia, la teva salut i benestar s\u00f3n la nostra m\u00e0xima prioritat.<\/p>\n<p>[\/et_pb_text][\/et_pb_column][\/et_pb_row][et_pb_row _builder_version=&#8221;4.19.4&#8243; _module_preset=&#8221;default&#8221; custom_padding=&#8221;1vw|1vw|1vw|1vw|true|true&#8221; border_width_all=&#8221;2px&#8221; border_color_all=&#8221;#CFD510&#8243; locked=&#8221;off&#8221; global_colors_info=&#8221;{}&#8221;][et_pb_column type=&#8221;4_4&#8243; _builder_version=&#8221;4.19.4&#8243; _module_preset=&#8221;default&#8221; use_background_color_gradient=&#8221;on&#8221; background_color_gradient_stops=&#8221;#00756a 8%|rgba(0,117,106,0.77) 71%&#8221; background_enable_image=&#8221;off&#8221; parallax=&#8221;on&#8221; parallax_method=&#8221;off&#8221; custom_padding=&#8221;4vw|1vw|4vw|1vw|true|true&#8221; global_colors_info=&#8221;{}&#8221;][et_pb_text disabled_on=&#8221;on|on|off&#8221; _builder_version=&#8221;4.19.5&#8243; _module_preset=&#8221;default&#8221; header_3_font=&#8221;|600|||||||&#8221; header_3_font_size=&#8221;50px&#8221; background_layout=&#8221;dark&#8221; global_colors_info=&#8221;{}&#8221;]<\/p>\n<h3 style=\"text-align: center;\">Reserva la teva cita<\/h3>\n<p>[\/et_pb_text][et_pb_text disabled_on=&#8221;off|off|on&#8221; _builder_version=&#8221;4.19.5&#8243; _module_preset=&#8221;default&#8221; header_3_font=&#8221;|600|||||||&#8221; header_3_font_size=&#8221;50px&#8221; background_layout=&#8221;dark&#8221; global_colors_info=&#8221;{}&#8221;]<\/p>\n<h3 style=\"text-align: center;\">Reserva<br \/>\n la teva Cita<\/h3>\n<p>[\/et_pb_text][dsm_button button_one_text=&#8221;escr\u00edbenos&#8221; button_one_url=&#8221;mailto:info@medicusgaia.com&#8221; button_one_url_new_window=&#8221;on&#8221; button_two_text=&#8221;ll\u00e1manos&#8221; button_two_url=&#8221;tel:+34932504555&#8243; button_two_url_new_window=&#8221;on&#8221; button_alignment=&#8221;center&#8221; disabled_on=&#8221;on|on|off&#8221; _builder_version=&#8221;4.19.5&#8243; _module_preset=&#8221;default&#8221; separator_text_text_align=&#8221;center&#8221; custom_button_one=&#8221;on&#8221; button_one_text_color=&#8221;#00756A&#8221; button_one_bg_color=&#8221;#CFD510&#8243; button_one_border_width=&#8221;0px&#8221; button_one_font=&#8221;|600|||||||&#8221; custom_button_two=&#8221;on&#8221; button_two_text_color=&#8221;#FFFFFF&#8221; button_two_bg_color=&#8221;#B365A1&#8243; button_two_border_width=&#8221;0px&#8221; button_two_font=&#8221;|600|||||||&#8221; global_colors_info=&#8221;{}&#8221; button_one_bg_color__hover_enabled=&#8221;on|hover&#8221; button_one_bg_color__hover=&#8221;#d2d811&#8243; button_one_bg_enable_color__hover=&#8221;on&#8221;][\/dsm_button][et_pb_button button_url=&#8221;https:\/\/mail.google.com\/mail\/u\/0\/?fs=1&amp;tf=cm&amp;source=mailto&amp;to=info@medicusgaia.com&#8221; url_new_window=&#8221;on&#8221; button_text=&#8221;escriu-nos&#8221; button_alignment=&#8221;center&#8221; disabled_on=&#8221;off|off|on&#8221; _builder_version=&#8221;4.19.5&#8243; _module_preset=&#8221;default&#8221; custom_button=&#8221;on&#8221; button_text_color=&#8221;#00756a&#8221; button_bg_color=&#8221;#cfd510&#8243; button_border_width=&#8221;0px&#8221; button_use_icon=&#8221;off&#8221; background_layout=&#8221;dark&#8221; custom_css_main_element=&#8221;font-weight: 700;&#8221; global_colors_info=&#8221;{}&#8221;][\/et_pb_button][et_pb_button button_url=&#8221;tel:+34932504555&#8243; url_new_window=&#8221;on&#8221; button_text=&#8221;truca&apos;ns&#8221; button_alignment=&#8221;center&#8221; disabled_on=&#8221;off|off|on&#8221; _builder_version=&#8221;4.19.5&#8243; _module_preset=&#8221;default&#8221; custom_button=&#8221;on&#8221; button_text_color=&#8221;#FFFFFF&#8221; button_bg_color=&#8221;#B365A1&#8243; button_border_width=&#8221;0px&#8221; button_use_icon=&#8221;off&#8221; background_layout=&#8221;dark&#8221; custom_margin=&#8221;||30px||false|false&#8221; custom_css_main_element=&#8221;font-weight: 700;&#8221; global_colors_info=&#8221;{}&#8221;][\/et_pb_button][\/et_pb_column][\/et_pb_row][\/et_pb_section][et_pb_section fb_built=&#8221;1&#8243; custom_padding_last_edited=&#8221;on|phone&#8221; _builder_version=&#8221;4.19.5&#8243; _module_preset=&#8221;default&#8221; custom_margin=&#8221;0px||0px|0px|false|false&#8221; custom_padding_tablet=&#8221;&#8221; custom_padding_phone=&#8221;20px|0px|0px|0px|false|false&#8221; global_colors_info=&#8221;{}&#8221;][et_pb_row column_structure=&#8221;1_2,1_2&#8243; _builder_version=&#8221;4.18.0&#8243; _module_preset=&#8221;default&#8221; global_colors_info=&#8221;{}&#8221;][et_pb_column type=&#8221;1_2&#8243; _builder_version=&#8221;4.18.0&#8243; _module_preset=&#8221;default&#8221; global_colors_info=&#8221;{}&#8221;][et_pb_text _builder_version=&#8221;4.19.5&#8243; _module_preset=&#8221;default&#8221; width=&#8221;100%&#8221; global_colors_info=&#8221;{}&#8221;]<\/p>\n<h2 style=\"text-align: left;\">La Vitamina C endovenosa al C\u00e0ncer<\/h2>\n<p>Com ja hem dit, dosis elevades de vitamina C al territori d&#8217;un tumor fan malb\u00e9 de forma irreversible les c\u00e8l\u00b7lules tumorals. Aix\u00f2 \u00e9s aix\u00ed perqu\u00e8 les c\u00e8l\u00b7lules normals disposen de mecanismes enzim\u00e0tics que neutralitzen efica\u00e7ment l&#8217;efecte oxidant que t\u00e9 l&#8217;exc\u00e9s de vitamina C.<\/p>\n<p>Les c\u00e8l\u00b7lules canceroses, totes elles, no tenen aquests mecanismes i s\u00f3n danyades per la vitamina C a dosis altes. Tamb\u00e9 hi ha estudis que demostren que les c\u00e8l\u00b7lules canceroses esdevenen m\u00e9s sensibles a la radioter\u00e0pia ia la quimioter\u00e0pia quan s&#8217;administren dosis altes de vitamina C endovenosa. \u00c9s aconsellable administrar suplementaci\u00f3 oral de vitamina C durant el tractament amb vitamina C endovenosa, per mantenir nivells m\u00e9s constants de vitamina C i aix\u00ed mantenir saturades les c\u00e8l\u00b7lules sanes.<\/p>\n<p>[\/et_pb_text][\/et_pb_column][et_pb_column type=&#8221;1_2&#8243; _builder_version=&#8221;4.18.0&#8243; _module_preset=&#8221;default&#8221; global_colors_info=&#8221;{}&#8221;][et_pb_image src=&#8221;https:\/\/medicusgaia.com\/wp-content\/uploads\/2024\/01\/medicus-gaia-institut-de-salut-i-medicina-integrativa-crisitina-pellicer-holistica-tradicional-china-mtc-pni-38.jpg-2-1.webp&#8221; alt=&#8221;Dra. Cristina Pellicer&#8221; title_text=&#8221;medicus-gaia-institut-de-salut-i-medicina-integrativa-crisitina-pellicer-holistica-tradicional-china-mtc-pni-38.jpg (2)&#8221; align=&#8221;center&#8221; disabled_on=&#8221;on|on|off&#8221; _builder_version=&#8221;4.19.5&#8243; _module_preset=&#8221;default&#8221; width=&#8221;100%&#8221; module_alignment=&#8221;center&#8221; custom_margin=&#8221;|||-99px||&#8221; custom_padding=&#8221;0px|||0px|false|false&#8221; global_colors_info=&#8221;{}&#8221;][\/et_pb_image][et_pb_image src=&#8221;https:\/\/medicusgaia.com\/wp-content\/uploads\/2024\/01\/medicus-gaia-institut-de-salut-i-medicina-integrativa-crisitina-pellicer-holistica-tradicional-china-mtc-pni-38.jpg-3-1.webp&#8221; alt=&#8221;Dra. Cristina Pellicer&#8221; title_text=&#8221;medicus-gaia-institut-de-salut-i-medicina-integrativa-crisitina-pellicer-holistica-tradicional-china-mtc-pni-38.jpg (3)&#8221; align=&#8221;center&#8221; disabled_on=&#8221;off|off|on&#8221; _builder_version=&#8221;4.19.5&#8243; _module_preset=&#8221;default&#8221; width=&#8221;100%&#8221; module_alignment=&#8221;center&#8221; custom_margin=&#8221;|||-99px||&#8221; custom_padding=&#8221;0px|||0px|false|false&#8221; global_colors_info=&#8221;{}&#8221;][\/et_pb_image][\/et_pb_column][\/et_pb_row][et_pb_row column_structure=&#8221;1_2,1_2&#8243; _builder_version=&#8221;4.18.0&#8243; _module_preset=&#8221;default&#8221; global_colors_info=&#8221;{}&#8221; custom_padding=&#8221;||0px|||&#8221;][et_pb_column type=&#8221;1_2&#8243; _builder_version=&#8221;4.18.0&#8243; _module_preset=&#8221;default&#8221; global_colors_info=&#8221;{}&#8221;][et_pb_text disabled_on=&#8221;off|off|on&#8221; _builder_version=&#8221;4.19.5&#8243; _module_preset=&#8221;default&#8221; width=&#8221;100%&#8221; global_colors_info=&#8221;{}&#8221;]<\/p>\n<h2 style=\"text-align: left;\">Contraindicacions<\/h2>\n<p>Les persones que pateixen un d\u00e8ficit enzim\u00e0tic relativament com\u00fa (d\u00e8ficit de Glucosa-6-Fosfat Deshidrogenasa) malaltia coneguda comunament com a favisme no s&#8217;han de sotmetre a tractament endoven\u00f3s amb altes dosis de vitamina C. Aquesta anomalia \u00e9s f\u00e0cilment detectable mitjan\u00e7ant una determinaci\u00f3 anal\u00edtica que ser\u00e0 realitzada abans de comen\u00e7ar el tractament. Per aquest motiu a l&#8217;Institut de Salut i Medicina Integrativa Medicus Gaia sempre realitzem primer la comprovaci\u00f3 anal\u00edtica que aquest enzim funciona b\u00e9 abans de fer en tractament en megadosi endovenosa amb vitamina C per primera vegada en qualsevol persona.[\/et_pb_text][et_pb_image src=&#8221;https:\/\/medicusgaia.com\/wp-content\/uploads\/2024\/01\/medicus-gaia-institut-de-salut-i-medicina-integrativa-crisitina-pellicer-holistica-tradicional-china-mtc-pni-38.jpg-4-2.webp&#8221; alt=&#8221;Dra. Cristina Pellicer&#8221; title_text=&#8221;medicus-gaia-institut-de-salut-i-medicina-integrativa-crisitina-pellicer-holistica-tradicional-china-mtc-pni-38.jpg (4)&#8221; align=&#8221;center&#8221; disabled_on=&#8221;on|on|off&#8221; _builder_version=&#8221;4.19.5&#8243; _module_preset=&#8221;default&#8221; width=&#8221;100%&#8221; module_alignment=&#8221;center&#8221; custom_margin=&#8221;|||-99px||&#8221; custom_padding=&#8221;0px|||0px|false|false&#8221; global_colors_info=&#8221;{}&#8221;][\/et_pb_image][et_pb_image src=&#8221;https:\/\/medicusgaia.com\/wp-content\/uploads\/2024\/01\/medicus-gaia-institut-de-salut-i-medicina-integrativa-crisitina-pellicer-holistica-tradicional-china-mtc-pni-38.jpg-5-2.webp&#8221; alt=&#8221;Dra. Cristina Pellicer&#8221; title_text=&#8221;medicus-gaia-institut-de-salut-i-medicina-integrativa-crisitina-pellicer-holistica-tradicional-china-mtc-pni-38.jpg (5)&#8221; align=&#8221;center&#8221; disabled_on=&#8221;off|off|on&#8221; _builder_version=&#8221;4.19.5&#8243; _module_preset=&#8221;default&#8221; width=&#8221;100%&#8221; module_alignment=&#8221;center&#8221; custom_margin=&#8221;|||-99px||&#8221; custom_padding=&#8221;0px|||0px|false|false&#8221; global_colors_info=&#8221;{}&#8221;][\/et_pb_image][\/et_pb_column][et_pb_column type=&#8221;1_2&#8243; _builder_version=&#8221;4.18.0&#8243; _module_preset=&#8221;default&#8221; global_colors_info=&#8221;{}&#8221;][et_pb_text disabled_on=&#8221;on|on|off&#8221; _builder_version=&#8221;4.19.5&#8243; _module_preset=&#8221;default&#8221; width=&#8221;100%&#8221; hover_enabled=&#8221;0&#8243; global_colors_info=&#8221;{}&#8221; sticky_enabled=&#8221;0&#8243;]<\/p>\n<h2 style=\"text-align: left;\">Contraindicacions<\/h2>\n<p>Les persones que pateixen un d\u00e8ficit enzim\u00e0tic relativament com\u00fa (d\u00e8ficit de Glucosa-6- Fosfat Deshidrogenasa) malaltia coneguda comunament com a favisme no s&#8217;han de sotmetre a tractament endoven\u00f3s amb altes dosis de vitamina C. Es pot produir hem\u00f2lisi i coagulaci\u00f3 intravascular disseminada. Aquesta anomalia \u00e9s f\u00e0cilment detectable mitjan\u00e7ant una determinaci\u00f3 anal\u00edtica que es far\u00e0 abans de comen\u00e7ar el tractament. Per aquest motiu, a l&#8217;Institut de Salut i Medicina Integrativa Medicus Gaia sempre realitzem primer la comprovaci\u00f3 anal\u00edtica que aquest enzim funciona b\u00e9 abans de realitzar en tractament en megadosi endovenosa amb vitamina C per primera vegada en qualsevol persona.<\/p>\n<p>Formes inusuals d&#8217;alteracions de captaci\u00f3 del ferro: hemof\u00edlia, talass\u00e8mia major&#8230;<\/p>\n<p>&nbsp;<\/p>\n<p>[\/et_pb_text][\/et_pb_column][\/et_pb_row][et_pb_row _builder_version=&#8221;4.25.1&#8243; _module_preset=&#8221;default&#8221; custom_padding=&#8221;0px|||||&#8221;][et_pb_column _builder_version=&#8221;4.25.1&#8243; _module_preset=&#8221;default&#8221; type=&#8221;4_4&#8243;][et_pb_text _builder_version=&#8221;4.25.1&#8243; _module_preset=&#8221;default&#8221;]<\/p>\n<p>Insufici\u00e8ncia renal coneguda, pel risc de dip\u00f2sits d&#8217;oxalat c\u00e0lcic (si no \u00e9s molt greu, es podria comen\u00e7ar amb dosis baixes i suplementar amb 300 mg de magnesi \u00f2xid i 10 mg de vitamina B6 al dia per prevenir-ne la formaci\u00f3 i controlar). \u00c9s una contraindicaci\u00f3 relativa. L&#8217;excreci\u00f3 renal d&#8217;oxalat c\u00e0lcic \u00e9s menor en pacients oncol\u00f2gics respecte dels sans. En tumors metast\u00e0tics molt avan\u00e7ats, evitar dosis elevades dentrada, ja que hi ha risc de sagnat tumoral. Per aquest motiu, a l&#8217;Institut de Salut i Medicina Integrativa Medicus Gaia sempre comencem amb dosis m\u00e9s baixes i l&#8217;anem augmentant segons la toler\u00e0ncia de cada persona.<\/p>\n<p>En persones amb insufici\u00e8ncia card\u00edaca congestiva, ascitis, edema i hipertensi\u00f3 arterial es controlar\u00e0 especialment el volum i la velocitat de perfusi\u00f3 per evitar complicacions per sobrec\u00e0rrega del volum sanguini.<\/p>\n<p>A causa de l&#8217;efecte quelant de l&#8217;\u00e0cid asc\u00f2rbic, algunes persones poden experimentar tremolors, debilitat i mareigs passatgers, aix\u00ed com set, en part per la hipocalc\u00e8mia produ\u00efda les primeres hores de posttractament.<\/p>\n<p>[\/et_pb_text][\/et_pb_column][\/et_pb_row][\/et_pb_section][et_pb_section fb_built=&#8221;1&#8243; custom_padding_last_edited=&#8221;on|phone&#8221; _builder_version=&#8221;4.19.5&#8243; _module_preset=&#8221;default&#8221; background_color=&#8221;#f7faf9&#8243; custom_margin=&#8221;0px|0px|0px|0px|false|false&#8221; custom_padding_tablet=&#8221;&#8221; custom_padding_phone=&#8221;20px|0px|0px|0px|false|false&#8221; global_colors_info=&#8221;{}&#8221;][et_pb_row _builder_version=&#8221;4.18.0&#8243; _module_preset=&#8221;default&#8221; global_colors_info=&#8221;{}&#8221;][et_pb_column type=&#8221;4_4&#8243; _builder_version=&#8221;4.18.0&#8243; _module_preset=&#8221;default&#8221; global_colors_info=&#8221;{}&#8221;][et_pb_text _builder_version=&#8221;4.19.5&#8243; _module_preset=&#8221;default&#8221; header_4_line_height=&#8221;1.6em&#8221; global_colors_info=&#8221;{}&#8221;]<\/p>\n<h4 style=\"text-align: center;\">Horaris i Atenci\u00f3<\/h4>\n<p style=\"text-align: center;\">El nostre comprom\u00eds \u00e9s oferir un servei de qualitat amb un tracte hum\u00e0 i proper. Per aix\u00f2, a l&#8217;Institut de Salut i Medicina Integrativa Medicus Gaia, ens adaptem a les vostres necessitats. La nostra consulta est\u00e0 oberta des de les 8 del mat\u00ed fins a les 8 del vespre de dilluns a dijous i els divendres fins a les 17h.<\/p>\n<p>[\/et_pb_text][et_pb_code disabled_on=&#8221;on|on|off&#8221; _builder_version=&#8221;4.19.5&#8243; _module_preset=&#8221;default&#8221; global_colors_info=&#8221;{}&#8221;]<pee style=\"text-align: center;\"><strong><img decoding=\"async\" width=\"36px\" height=\"36px\" style=\"margin-right:16px;vertical-align:middle;\" src=\"\/wp-content\/uploads\/calendario.svg\"><span style=\"color: #43988f;\">Dilluns a dijous: 8:00 a 20:00 h. | Divendres: 8:00 a 17:00 h.<\/span><\/strong><\/pee>[\/et_pb_code][et_pb_code disabled_on=&#8221;off|off|on&#8221; _builder_version=&#8221;4.19.5&#8243; _module_preset=&#8221;default&#8221; global_colors_info=&#8221;{}&#8221;]<\/p>\n<div style=\"text-align: center;display:flex;alig-items:center;\"><pee><img decoding=\"async\" width=\"36px\" height=\"36px\" style=\"margin-right:16px;vertical-align:middle;\" src=\"\/wp-content\/uploads\/calendario.svg\"><\/pee><pee style=\"color: #43988f;\"><strong>Dilluns a dijous: 8:00 a 20:00 h. | Divendres: 8:00 a 17:00 h.<\/strong><\/pee><\/div>\n<p>[\/et_pb_code][\/et_pb_column][\/et_pb_row][\/et_pb_section][et_pb_section fb_built=&#8221;1&#8243; fullwidth=&#8221;on&#8221; _builder_version=&#8221;4.18.0&#8243; _module_preset=&#8221;default&#8221; global_module=&#8221;24625&#8243; saved_tabs=&#8221;all&#8221; global_colors_info=&#8221;{}&#8221;][et_pb_fullwidth_slider show_pagination=&#8221;off&#8221; use_bg_overlay=&#8221;off&#8221; use_text_overlay=&#8221;off&#8221; _builder_version=&#8221;4.19.5&#8243; _module_preset=&#8221;default&#8221; background_enable_color=&#8221;off&#8221; background_image=&#8221;https:\/\/medicusgaia.com\/wp-content\/uploads\/2023\/11\/Desktop_banner_cita.webp&#8221; parallax=&#8221;on&#8221; parallax_method=&#8221;on&#8221; custom_padding=&#8221;11vw||11vw||true|false&#8221; header_font_size_tablet=&#8221;47px&#8221; header_font_size_phone=&#8221;40px&#8221; header_font_size_last_edited=&#8221;on|phone&#8221; text_shadow_style=&#8221;preset3&#8243; text_shadow_color=&#8221;RGBA(255,255,255,0)&#8221; global_colors_info=&#8221;{}&#8221;][et_pb_slide heading=&#8221;Reserva la teva cita&#8221; button_text=&#8221;escriu-nos&#8221; button_text_2=&#8221;ll\u00e1manos&#8221; button_link=&#8221;mailto:info@medicusgaia.com&#8221; button_link_2=&#8221;tel:+34932504555&#8243; url_new_window=&#8221;on&#8221; _builder_version=&#8221;4.19.5&#8243; _module_preset=&#8221;default&#8221; custom_button=&#8221;on&#8221; button_text_color=&#8221;#FFFFFF&#8221; button_bg_color=&#8221;#B365A1&#8243; button_border_width=&#8221;0px&#8221; button_letter_spacing=&#8221;2px&#8221; button_font=&#8221;|700|||||||&#8221; button_icon_color=&#8221;#FFFFFF&#8221; button_alignment=&#8221;center&#8221; global_colors_info=&#8221;{}&#8221; sticky_transition=&#8221;on&#8221;][\/et_pb_slide][\/et_pb_fullwidth_slider][\/et_pb_section]<\/p>\n","protected":false},"excerpt":{"rendered":"<p><div class=\"et_pb_module dsm_typing_effect dsm_typing_effect_0 et_pb_bg_layout_light \">\n\t\t\t\t\n\t\t\t\t\n\t\t\t\t\n\t\t\t\t\n\t\t\t\t\n\t\t\t\t\n\t\t\t\t<div class=\"et_pb_module_inner\">\n\t\t\t\t\t<h1 class=\"dsm-typing-effect et_pb_module_header\"><span class=\"dsm-typing-wrapper\"><span class=\"dsm-typing-strings\">Vitamina C Endovenosa<\/span><span class=\"dsm-typing\" data-dsm-typing-cursor=\"|\" data-dsm-typing-strings=\"Vitamina C Endovenosa\" data-dsm-typing-speed=30ms data-dsm-typing-backspeed=50ms data-dsm-typing-backdelay=700ms data-dsm-typing-loop=false data-dsm-typing-remove-cursor=off data-dsm-typing-fadeout=false data-dsm-typing-shuffle=false data-dsm-typing-delay=0ms data-dsm-typing-viewport=80% data-dsm-typing-repeat=on><\/span><\/span><\/h1>\n\t\t\t\t<\/div>\n\t\t\t<\/div><div class=\"et_pb_module dsm_typing_effect dsm_typing_effect_1 et_pb_bg_layout_light \">\n\t\t\t\t\n\t\t\t\t\n\t\t\t\t\n\t\t\t\t\n\t\t\t\t\n\t\t\t\t\n\t\t\t\t<div class=\"et_pb_module_inner\">\n\t\t\t\t\t<h1 class=\"dsm-typing-effect et_pb_module_header\"><span class=\"dsm-typing-wrapper\"><span class=\"dsm-typing-strings\">Vitamina C Endovenosa<\/span><span class=\"dsm-typing\" data-dsm-typing-cursor=\"|\" data-dsm-typing-strings=\"Vitamina C Endovenosa\" data-dsm-typing-speed=30ms data-dsm-typing-backspeed=50ms data-dsm-typing-backdelay=700ms data-dsm-typing-loop=false data-dsm-typing-remove-cursor=off data-dsm-typing-fadeout=false data-dsm-typing-shuffle=false data-dsm-typing-delay=0ms data-dsm-typing-viewport=80% data-dsm-typing-repeat=on><\/span><\/span><\/h1>\n\t\t\t\t<\/div>\n\t\t\t<\/div>La vitamina C endovenosa \u00e9s un tractament de suport per al c\u00e0ncer i altres malalties cr\u00f2niques i agudes. Es va comen\u00e7ar a utilitzar a [&hellip;]<\/p>\n","protected":false},"author":5,"featured_media":0,"parent":25779,"menu_order":0,"comment_status":"closed","ping_status":"closed","template":"","meta":{"_et_pb_use_builder":"on","_et_pb_old_content":"","_et_gb_content_width":"","footnotes":""},"class_list":["post-25823","page","type-page","status-publish","hentry"],"yoast_head":"<!-- This site is optimized with the Yoast SEO plugin v27.5 - https:\/\/yoast.com\/product\/yoast-seo-wordpress\/ -->\n<title>Vitamina C Endovenosa a Medicus Gaia Barcelona<\/title>\n<meta name=\"description\" content=\"Descobreix el tractament de la Vitamina C endovenosa de Medicus Gaia, Barcelona. Millora en el c\u00e0ncer i malalties cr\u00f2niques amb t\u00e8cniques avan\u00e7ades i segures.\" \/>\n<meta name=\"robots\" content=\"index, follow, max-snippet:-1, max-image-preview:large, max-video-preview:-1\" \/>\n<link rel=\"canonical\" href=\"https:\/\/medicusgaia.com\/ca\/tractaments\/vitamina-c-endovenosa\/\" \/>\n<meta property=\"og:locale\" content=\"ca_ES\" \/>\n<meta property=\"og:type\" content=\"article\" \/>\n<meta property=\"og:title\" content=\"Vitamina C Endovenosa a Medicus Gaia Barcelona\" \/>\n<meta property=\"og:description\" content=\"Descobreix el tractament de la Vitamina C endovenosa de Medicus Gaia, Barcelona. Millora en el c\u00e0ncer i malalties cr\u00f2niques amb t\u00e8cniques avan\u00e7ades i segures.\" \/>\n<meta property=\"og:url\" content=\"https:\/\/medicusgaia.com\/ca\/tractaments\/vitamina-c-endovenosa\/\" \/>\n<meta property=\"og:site_name\" content=\"Medicus Gaia\" \/>\n<meta property=\"article:publisher\" content=\"https:\/\/www.facebook.com\/profile.php?id=100083402287688\" \/>\n<meta property=\"article:modified_time\" content=\"2024-05-16T09:57:18+00:00\" \/>\n<meta name=\"twitter:card\" content=\"summary_large_image\" \/>\n<meta name=\"twitter:label1\" content=\"Temps estimat de lectura\" \/>\n\t<meta name=\"twitter:data1\" content=\"16 minuts\" \/>\n<script type=\"application\/ld+json\" class=\"yoast-schema-graph\">{\"@context\":\"https:\\\/\\\/schema.org\",\"@graph\":[{\"@type\":\"WebPage\",\"@id\":\"https:\\\/\\\/medicusgaia.com\\\/ca\\\/tractaments\\\/vitamina-c-endovenosa\\\/\",\"url\":\"https:\\\/\\\/medicusgaia.com\\\/ca\\\/tractaments\\\/vitamina-c-endovenosa\\\/\",\"name\":\"Vitamina C Endovenosa a Medicus Gaia Barcelona\",\"isPartOf\":{\"@id\":\"https:\\\/\\\/medicusgaia.com\\\/ca\\\/#website\"},\"datePublished\":\"2024-04-19T15:54:30+00:00\",\"dateModified\":\"2024-05-16T09:57:18+00:00\",\"description\":\"Descobreix el tractament de la Vitamina C endovenosa de Medicus Gaia, Barcelona. Millora en el c\u00e0ncer i malalties cr\u00f2niques amb t\u00e8cniques avan\u00e7ades i segures.\",\"breadcrumb\":{\"@id\":\"https:\\\/\\\/medicusgaia.com\\\/ca\\\/tractaments\\\/vitamina-c-endovenosa\\\/#breadcrumb\"},\"inLanguage\":\"ca\",\"potentialAction\":[{\"@type\":\"ReadAction\",\"target\":[\"https:\\\/\\\/medicusgaia.com\\\/ca\\\/tractaments\\\/vitamina-c-endovenosa\\\/\"]}]},{\"@type\":\"BreadcrumbList\",\"@id\":\"https:\\\/\\\/medicusgaia.com\\\/ca\\\/tractaments\\\/vitamina-c-endovenosa\\\/#breadcrumb\",\"itemListElement\":[{\"@type\":\"ListItem\",\"position\":1,\"name\":\"Tractaments Medicina Integrativa PNI\",\"item\":\"https:\\\/\\\/medicusgaia.com\\\/ca\\\/tractaments\\\/\"},{\"@type\":\"ListItem\",\"position\":2,\"name\":\"Vitamina C Endovenosa\"}]},{\"@type\":\"WebSite\",\"@id\":\"https:\\\/\\\/medicusgaia.com\\\/ca\\\/#website\",\"url\":\"https:\\\/\\\/medicusgaia.com\\\/ca\\\/\",\"name\":\"Medicus Gaia\",\"description\":\"Institut de Salut i Medicina Integrativa\",\"publisher\":{\"@id\":\"https:\\\/\\\/medicusgaia.com\\\/ca\\\/#organization\"},\"potentialAction\":[{\"@type\":\"SearchAction\",\"target\":{\"@type\":\"EntryPoint\",\"urlTemplate\":\"https:\\\/\\\/medicusgaia.com\\\/ca\\\/?s={search_term_string}\"},\"query-input\":{\"@type\":\"PropertyValueSpecification\",\"valueRequired\":true,\"valueName\":\"search_term_string\"}}],\"inLanguage\":\"ca\"},{\"@type\":\"Organization\",\"@id\":\"https:\\\/\\\/medicusgaia.com\\\/ca\\\/#organization\",\"name\":\"Medicus Gaia\",\"url\":\"https:\\\/\\\/medicusgaia.com\\\/ca\\\/\",\"logo\":{\"@type\":\"ImageObject\",\"inLanguage\":\"ca\",\"@id\":\"https:\\\/\\\/medicusgaia.com\\\/ca\\\/#\\\/schema\\\/logo\\\/image\\\/\",\"url\":\"https:\\\/\\\/medicusgaia.com\\\/wp-content\\\/uploads\\\/2024\\\/05\\\/medicus-gaia-institut-de-salut-i-medicina-integrativa-crisitina-pellicer-1.png\",\"contentUrl\":\"https:\\\/\\\/medicusgaia.com\\\/wp-content\\\/uploads\\\/2024\\\/05\\\/medicus-gaia-institut-de-salut-i-medicina-integrativa-crisitina-pellicer-1.png\",\"width\":900,\"height\":346,\"caption\":\"Medicus Gaia\"},\"image\":{\"@id\":\"https:\\\/\\\/medicusgaia.com\\\/ca\\\/#\\\/schema\\\/logo\\\/image\\\/\"},\"sameAs\":[\"https:\\\/\\\/www.facebook.com\\\/profile.php?id=100083402287688\",\"https:\\\/\\\/www.instagram.com\\\/ismi_medicusgaia\\\/\",\"https:\\\/\\\/www.linkedin.com\\\/company\\\/institut-de-salut-i-medicina-integrativa-medicus-gaia\\\/\"]}]}<\/script>\n<!-- \/ Yoast SEO plugin. -->","yoast_head_json":{"title":"Vitamina C Endovenosa a Medicus Gaia Barcelona","description":"Descobreix el tractament de la Vitamina C endovenosa de Medicus Gaia, Barcelona. Millora en el c\u00e0ncer i malalties cr\u00f2niques amb t\u00e8cniques avan\u00e7ades i segures.","robots":{"index":"index","follow":"follow","max-snippet":"max-snippet:-1","max-image-preview":"max-image-preview:large","max-video-preview":"max-video-preview:-1"},"canonical":"https:\/\/medicusgaia.com\/ca\/tractaments\/vitamina-c-endovenosa\/","og_locale":"ca_ES","og_type":"article","og_title":"Vitamina C Endovenosa a Medicus Gaia Barcelona","og_description":"Descobreix el tractament de la Vitamina C endovenosa de Medicus Gaia, Barcelona. Millora en el c\u00e0ncer i malalties cr\u00f2niques amb t\u00e8cniques avan\u00e7ades i segures.","og_url":"https:\/\/medicusgaia.com\/ca\/tractaments\/vitamina-c-endovenosa\/","og_site_name":"Medicus Gaia","article_publisher":"https:\/\/www.facebook.com\/profile.php?id=100083402287688","article_modified_time":"2024-05-16T09:57:18+00:00","twitter_card":"summary_large_image","twitter_misc":{"Temps estimat de lectura":"16 minuts"},"schema":{"@context":"https:\/\/schema.org","@graph":[{"@type":"WebPage","@id":"https:\/\/medicusgaia.com\/ca\/tractaments\/vitamina-c-endovenosa\/","url":"https:\/\/medicusgaia.com\/ca\/tractaments\/vitamina-c-endovenosa\/","name":"Vitamina C Endovenosa a Medicus Gaia Barcelona","isPartOf":{"@id":"https:\/\/medicusgaia.com\/ca\/#website"},"datePublished":"2024-04-19T15:54:30+00:00","dateModified":"2024-05-16T09:57:18+00:00","description":"Descobreix el tractament de la Vitamina C endovenosa de Medicus Gaia, Barcelona. Millora en el c\u00e0ncer i malalties cr\u00f2niques amb t\u00e8cniques avan\u00e7ades i segures.","breadcrumb":{"@id":"https:\/\/medicusgaia.com\/ca\/tractaments\/vitamina-c-endovenosa\/#breadcrumb"},"inLanguage":"ca","potentialAction":[{"@type":"ReadAction","target":["https:\/\/medicusgaia.com\/ca\/tractaments\/vitamina-c-endovenosa\/"]}]},{"@type":"BreadcrumbList","@id":"https:\/\/medicusgaia.com\/ca\/tractaments\/vitamina-c-endovenosa\/#breadcrumb","itemListElement":[{"@type":"ListItem","position":1,"name":"Tractaments Medicina Integrativa PNI","item":"https:\/\/medicusgaia.com\/ca\/tractaments\/"},{"@type":"ListItem","position":2,"name":"Vitamina C Endovenosa"}]},{"@type":"WebSite","@id":"https:\/\/medicusgaia.com\/ca\/#website","url":"https:\/\/medicusgaia.com\/ca\/","name":"Medicus Gaia","description":"Institut de Salut i Medicina Integrativa","publisher":{"@id":"https:\/\/medicusgaia.com\/ca\/#organization"},"potentialAction":[{"@type":"SearchAction","target":{"@type":"EntryPoint","urlTemplate":"https:\/\/medicusgaia.com\/ca\/?s={search_term_string}"},"query-input":{"@type":"PropertyValueSpecification","valueRequired":true,"valueName":"search_term_string"}}],"inLanguage":"ca"},{"@type":"Organization","@id":"https:\/\/medicusgaia.com\/ca\/#organization","name":"Medicus Gaia","url":"https:\/\/medicusgaia.com\/ca\/","logo":{"@type":"ImageObject","inLanguage":"ca","@id":"https:\/\/medicusgaia.com\/ca\/#\/schema\/logo\/image\/","url":"https:\/\/medicusgaia.com\/wp-content\/uploads\/2024\/05\/medicus-gaia-institut-de-salut-i-medicina-integrativa-crisitina-pellicer-1.png","contentUrl":"https:\/\/medicusgaia.com\/wp-content\/uploads\/2024\/05\/medicus-gaia-institut-de-salut-i-medicina-integrativa-crisitina-pellicer-1.png","width":900,"height":346,"caption":"Medicus Gaia"},"image":{"@id":"https:\/\/medicusgaia.com\/ca\/#\/schema\/logo\/image\/"},"sameAs":["https:\/\/www.facebook.com\/profile.php?id=100083402287688","https:\/\/www.instagram.com\/ismi_medicusgaia\/","https:\/\/www.linkedin.com\/company\/institut-de-salut-i-medicina-integrativa-medicus-gaia\/"]}]}},"_links":{"self":[{"href":"https:\/\/medicusgaia.com\/ca\/wp-json\/wp\/v2\/pages\/25823","targetHints":{"allow":["GET"]}}],"collection":[{"href":"https:\/\/medicusgaia.com\/ca\/wp-json\/wp\/v2\/pages"}],"about":[{"href":"https:\/\/medicusgaia.com\/ca\/wp-json\/wp\/v2\/types\/page"}],"author":[{"embeddable":true,"href":"https:\/\/medicusgaia.com\/ca\/wp-json\/wp\/v2\/users\/5"}],"replies":[{"embeddable":true,"href":"https:\/\/medicusgaia.com\/ca\/wp-json\/wp\/v2\/comments?post=25823"}],"version-history":[{"count":2,"href":"https:\/\/medicusgaia.com\/ca\/wp-json\/wp\/v2\/pages\/25823\/revisions"}],"predecessor-version":[{"id":26196,"href":"https:\/\/medicusgaia.com\/ca\/wp-json\/wp\/v2\/pages\/25823\/revisions\/26196"}],"up":[{"embeddable":true,"href":"https:\/\/medicusgaia.com\/ca\/wp-json\/wp\/v2\/pages\/25779"}],"wp:attachment":[{"href":"https:\/\/medicusgaia.com\/ca\/wp-json\/wp\/v2\/media?parent=25823"}],"curies":[{"name":"wp","href":"https:\/\/api.w.org\/{rel}","templated":true}]}}